{"id":13958,"date":"2019-04-18T13:27:49","date_gmt":"2019-04-18T13:27:49","guid":{"rendered":"https:\/\/medianeeds.es\/?post_type=project&#038;p=13958"},"modified":"2019-04-18T13:30:48","modified_gmt":"2019-04-18T13:30:48","slug":"jornades-codinucat-2018","status":"publish","type":"project","link":"https:\/\/medianeeds.es\/es\/project\/jornades-codinucat-2018\/","title":{"rendered":"Jornades Codinucat 2018"},"content":{"rendered":"[et_pb_section fb_built=\u00bb1&#8243; custom_padding_last_edited=\u00bboff|phone\u00bb _builder_version=\u00bb3.16.1&#8243; background_color=\u00bb#500b67&#8243; bottom_divider_style=\u00bbasymmetric4&#8243; bottom_divider_color=\u00bb#ffffff\u00bb][et_pb_row custom_padding=\u00bb0|0px|0|0px|false|false\u00bb _builder_version=\u00bb3.16&#8243;][et_pb_column type=\u00bb4_4&#8243; _builder_version=\u00bb3.0.47&#8243;][et_pb_text _builder_version=\u00bb3.21.1&#8243; text_text_color=\u00bb#ffffff\u00bb text_letter_spacing=\u00bb21px\u00bb text_orientation=\u00bbcenter\u00bb z_index_tablet=\u00bb500&#8243;]\n<h2><span style=\"color: #ffffff;\">JORNADES CODINUCAT 2018<\/span><\/h2>\n[\/et_pb_text][\/et_pb_column][\/et_pb_row][et_pb_row custom_padding=\u00bb12px|0px|60px|0px|false|false\u00bb _builder_version=\u00bb3.8.1&#8243;][et_pb_column type=\u00bb4_4&#8243; _builder_version=\u00bb3.0.47&#8243;][et_pb_text _builder_version=\u00bb3.21.1&#8243; text_letter_spacing=\u00bb5px\u00bb z_index_tablet=\u00bb500&#8243;]\n<p style=\"text-align: center;\"><span style=\"color: #ffffff;\"><strong>DISE\u00d1O GR\u00c1FICO -CARTELER\u00cdA &#8211; AUDIOVISUALES<\/strong><\/span><\/p>\n[\/et_pb_text][\/et_pb_column][\/et_pb_row][\/et_pb_section][et_pb_section fb_built=\u00bb1&#8243; _builder_version=\u00bb3.8.1&#8243; custom_padding=\u00bb18px|0px|0|57px|false|false\u00bb][et_pb_row custom_padding=\u00bb29px|0|0|0|false|false\u00bb _builder_version=\u00bb3.8.1&#8243;][et_pb_column type=\u00bb4_4&#8243; _builder_version=\u00bb3.0.47&#8243;][et_pb_blurb url=\u00bbhttp:\/\/jornades.codinucat.cat\u00bb url_new_window=\u00bbon\u00bb use_icon=\u00bbon\u00bb font_icon=\u00bb%%322%%\u00bb use_icon_font_size=\u00bbon\u00bb icon_font_size=\u00bb70px\u00bb _builder_version=\u00bb3.21.1&#8243; z_index_tablet=\u00bb500&#8243;][\/et_pb_blurb][\/et_pb_column][\/et_pb_row][\/et_pb_section][et_pb_section fb_built=\u00bb1&#8243; _builder_version=\u00bb3.8.1&#8243; custom_padding=\u00bb0|0px|59px|0px|false|false\u00bb top_divider_color=\u00bb#ffffff\u00bb][et_pb_row custom_padding=\u00bb0|0px|29px|0px|false|false\u00bb _builder_version=\u00bb3.0.48&#8243; background_size=\u00bbinitial\u00bb background_position=\u00bbtop_left\u00bb background_repeat=\u00bbrepeat\u00bb][et_pb_column type=\u00bb4_4&#8243; _builder_version=\u00bb3.0.47&#8243;][et_pb_gallery gallery_ids=\u00bb13791&#8243; fullwidth=\u00bbon\u00bb hover_icon=\u00bb%%20%%\u00bb _builder_version=\u00bb3.21.1&#8243; max_width=\u00bb55%\u00bb module_alignment=\u00bbcenter\u00bb z_index_tablet=\u00bb500&#8243;]&nbsp;<br \/>\n[\/et_pb_gallery][\/et_pb_column][\/et_pb_row][et_pb_row custom_padding=\u00bb29px|0px|0|0px|false|false\u00bb _builder_version=\u00bb3.0.48&#8243; background_size=\u00bbinitial\u00bb background_position=\u00bbtop_left\u00bb background_repeat=\u00bbrepeat\u00bb][et_pb_column type=\u00bb4_4&#8243; _builder_version=\u00bb3.0.47&#8243;][et_pb_text _builder_version=\u00bb3.21.1&#8243; z_index_tablet=\u00bb500&#8243;]\n<p><b>Les Jornades del Codinucat<\/b>\u00a0se celebraron el 10 de noviembre en Barcelona para tratar los factores de riesgo de desnutrici\u00f3n, los requerimientos nutricionales de la tercera edad, la sarcopenia, el soporte nutricional en el paciente geri\u00e1trico y la necesidad de practicar ejercicio f\u00edsico.<\/p>\n[\/et_pb_text][\/et_pb_column][\/et_pb_row][et_pb_row custom_padding=\u00bb29px|0px|0|0px|false|false\u00bb _builder_version=\u00bb3.0.48&#8243; background_size=\u00bbinitial\u00bb background_position=\u00bbtop_left\u00bb background_repeat=\u00bbrepeat\u00bb][et_pb_column type=\u00bb1_2&#8243; _builder_version=\u00bb3.0.47&#8243;][et_pb_text _builder_version=\u00bb3.21.1&#8243; z_index_tablet=\u00bb500&#8243;]\n<p>Los servicios que les ofrecimos son los siguientes:<\/p>\n<ul>\n<li><strong>Disseny gr\u00e0fic i cartelleria<\/strong><\/li>\n<li><strong>Audiovisuals<\/strong><\/li>\n<\/ul>\n<p><span style=\"color: #232323;\"><em>A\u00f1o de servicio: 2018<\/em><\/span><\/p>\n[\/et_pb_text][\/et_pb_column][et_pb_column type=\u00bb1_2&#8243; _builder_version=\u00bb3.0.47&#8243;][et_pb_gallery gallery_ids=\u00bb13793&#8243; fullwidth=\u00bbon\u00bb hover_icon=\u00bb%%20%%\u00bb _builder_version=\u00bb3.21.1&#8243; max_width=\u00bb75%\u00bb module_alignment=\u00bbcenter\u00bb custom_margin=\u00bb-25px|||\u00bb z_index_tablet=\u00bb500&#8243;]&nbsp;<br \/>\n[\/et_pb_gallery][\/et_pb_column][\/et_pb_row][\/et_pb_section][et_pb_section fb_built=\u00bb1&#8243; prev_background_color=\u00bb#ffffff\u00bb _builder_version=\u00bb3.8.1&#8243; background_color=\u00bb#500b67&#8243; custom_padding=\u00bb53px|0px|59px|0px|false|false\u00bb top_divider_style=\u00bbasymmetric2&#8243;][et_pb_row custom_padding=\u00bb29px|0px|0|0px|false|false\u00bb _builder_version=\u00bb3.8.1&#8243;][et_pb_column type=\u00bb4_4&#8243; _builder_version=\u00bb3.0.47&#8243;][et_pb_text _builder_version=\u00bb3.8.1&#8243; header_font=\u00bb||||||||\u00bb header_2_font=\u00bb|600|||||||\u00bb header_2_text_align=\u00bbleft\u00bb header_2_text_color=\u00bb#00aaa2&#8243; header_2_font_size=\u00bb36px\u00bb header_2_font_size_phone=\u00bb30px\u00bb header_2_font_size_last_edited=\u00bbon|phone\u00bb header_2_letter_spacing=\u00bb8px\u00bb custom_margin=\u00bb||25px|\u00bb inline_fonts=\u00bbPT Sans Narrow\u00bb]\n<h2><span style=\"color: #ffffff;\">Escriu-nos<\/span><\/h2>\n<p><span style=\"color: #ffffff;\">Estarem encantats de parlar amb tu!<\/span><br \/>\n[\/et_pb_text][\/et_pb_column][\/et_pb_row][et_pb_row custom_padding=\u00bb0|0px|29px|0px|false|false\u00bb _builder_version=\u00bb3.8.1&#8243;][et_pb_column type=\u00bb4_4&#8243; _builder_version=\u00bb3.0.47&#8243;][et_pb_code]<div class=\"frm_forms  with_frm_style frm_style_formidable-style\" id=\"frm_form_3_container\" >\n<form enctype=\"multipart\/form-data\" method=\"post\" class=\"frm-show-form \" id=\"form_7skl5\" >\n<div class=\"frm_form_fields \">\n<fieldset>\n<legend class=\"frm_screen_reader\">Contacte catal\u00e0<\/legend>\r\n\r\n<div class=\"frm_fields_container\">\n<input type=\"hidden\" name=\"frm_action\" value=\"create\" \/>\n<input type=\"hidden\" name=\"form_id\" value=\"3\" \/>\n<input type=\"hidden\" name=\"frm_hide_fields_3\" id=\"frm_hide_fields_3\" value=\"\" \/>\n<input type=\"hidden\" name=\"form_key\" value=\"7skl5\" \/>\n<input type=\"hidden\" name=\"item_meta[0]\" value=\"\" \/>\n<input type=\"hidden\" id=\"frm_submit_entry_3\" name=\"frm_submit_entry_3\" value=\"195e265182\" \/><input type=\"hidden\" name=\"_wp_http_referer\" value=\"\/es\/wp-json\/wp\/v2\/project\/13958\" \/><div id=\"frm_field_11_container\" class=\"frm_form_field form-field  frm_required_field frm_top_container\">\r\n    <label for=\"field_5xm72\" class=\"frm_primary_label\">Nom i cognom\r\n        <span class=\"frm_required\">*<\/span>\r\n    <\/label>\r\n    <input type=\"text\" id=\"field_5xm72\" name=\"item_meta[11]\" value=\"\"  data-reqmsg=\"Nom i cognom cannot be blank.\" aria-required=\"true\" data-invmsg=\"Text is invalid\" aria-invalid=\"false\"  \/>\r\n    \r\n    \r\n<\/div>\n<div id=\"frm_field_12_container\" class=\"frm_form_field form-field  frm_required_field frm_top_container\">\r\n    <label for=\"field_3u70f\" class=\"frm_primary_label\">Email\r\n        <span class=\"frm_required\">*<\/span>\r\n    <\/label>\r\n    <input type=\"email\" id=\"field_3u70f\" name=\"item_meta[12]\" value=\"\"  data-reqmsg=\"Email cannot be blank.\" aria-required=\"true\" data-invmsg=\"Email is invalid\" aria-invalid=\"false\"  \/>\r\n    \r\n    \r\n<\/div>\n<div id=\"frm_field_13_container\" class=\"frm_form_field form-field  frm_required_field frm_top_container\">\r\n    <label for=\"field_euy8z\" class=\"frm_primary_label\">Missatge\r\n        <span class=\"frm_required\">*<\/span>\r\n    <\/label>\r\n    <input type=\"text\" id=\"field_euy8z\" name=\"item_meta[13]\" value=\"\"  data-reqmsg=\"Missatge cannot be blank.\" aria-required=\"true\" data-invmsg=\"Text is invalid\" aria-invalid=\"false\"  \/>\r\n    \r\n    \r\n<\/div>\n<div id=\"frm_field_14_container\" class=\"frm_form_field form-field  frm_required_field frm_top_container vertical_radio\">\r\n    <label for=\"field_e7aaf\" class=\"frm_primary_label\">Protecci\u00f3 de dades\r\n        <span class=\"frm_required\">*<\/span>\r\n    <\/label>\r\n    <div class=\"frm_opt_container\">\t\t<div class=\"frm_checkbox\" id=\"frm_checkbox_14-0\">\t\t\t<label  for=\"field_e7aaf-0\">\n\t\t\t<input type=\"checkbox\" name=\"item_meta[14][]\" id=\"field_e7aaf-0\" value=\"&lt;a href=&quot;http:\/\/medianeeds.es\/docu\/catala\/contactecat.pdf&quot; target=&quot;_blank&quot;&gt; &lt;span style=&quot;color: #ffffff&quot;&gt; He llegit i accepto la &lt;\/span&gt; &lt;span style=&quot;color: #97969c&quot;&gt;cl\u00e0usula d&#039;informaci\u00f3 sobre la protecci\u00f3 de dades &lt;\/span&gt;&lt;\/a&gt;\"  data-reqmsg=\"Protecci\u00f3 de dades cannot be blank.\" data-invmsg=\"Protecci\u00f3 de dades no es v\u00e1lido\"   aria-required=\"true\"  \/> <a href=\"http:\/\/medianeeds.es\/docu\/catala\/contactecat.pdf\" target=\"_blank\"> <span style=\"color: #ffffff\"> He llegit i accepto la <\/span> <span style=\"color: #97969c\">cl\u00e0usula d'informaci\u00f3 sobre la protecci\u00f3 de dades <\/span><\/a><\/label><\/div>\n\t\t<div class=\"frm_checkbox\" id=\"frm_checkbox_14-1\">\t\t\t<label  for=\"field_e7aaf-1\">\n\t\t\t<input type=\"checkbox\" name=\"item_meta[14][]\" id=\"field_e7aaf-1\" value=\"Autoritzo al tractament de les meves dades per poder rebre informaci\u00f3 per mitjans electr\u00f2nics \"  data-reqmsg=\"Protecci\u00f3 de dades cannot be blank.\" data-invmsg=\"Protecci\u00f3 de dades no es v\u00e1lido\"   \/> Autoritzo al tractament de les meves dades per poder rebre informaci\u00f3 per mitjans electr\u00f2nics <\/label><\/div>\n<\/div>\r\n    \r\n    \r\n<\/div>\n\t<input type=\"hidden\" name=\"item_key\" value=\"\" \/>\n\t\t\t<div id=\"frm_field_20_container\">\n\t\t\t<label for=\"field_gdeei\" >\n\t\t\t\tSi eres humano, deja este campo en blanco.\t\t\t<\/label>\n\t\t\t<input  id=\"field_gdeei\" type=\"text\" class=\"frm_form_field form-field frm_verify\" name=\"item_meta[20]\" value=\"\"  \/>\n\t\t<\/div>\n\t\t<input name=\"frm_state\" type=\"hidden\" value=\"j5tJRg2zZtvaIFbUL0tMoN4oaVjv2c8TBwX1agDom50=\" \/><div class=\"frm_submit\">\r\n\r\n<button class=\"frm_button_submit\" type=\"submit\"  >Enviar<\/button>\r\n\r\n<\/div><\/div>\n<\/fieldset>\n<\/div>\n\n<p style=\"display: none !important;\" class=\"akismet-fields-container\" data-prefix=\"ak_\"><label>&#916;<textarea name=\"ak_hp_textarea\" cols=\"45\" rows=\"8\" maxlength=\"100\"><\/textarea><\/label><input type=\"hidden\" id=\"ak_js_1\" name=\"ak_js\" value=\"179\"\/><script type=\"text\/javascript\">\n\/* <![CDATA[ *\/\ndocument.getElementById( \"ak_js_1\" ).setAttribute( \"value\", ( new Date() ).getTime() );\n\/* ]]> *\/\n<\/script>\n<\/p><\/form>\n<\/div>\n[\/et_pb_code][\/et_pb_column][\/et_pb_row][\/et_pb_section]\n","protected":false},"excerpt":{"rendered":"<p>JORNADES CODINUCAT 2018 DISE\u00d1O GR\u00c1FICO -CARTELER\u00cdA &#8211; AUDIOVISUALES&nbsp; Les Jornades del Codinucat\u00a0se celebraron el 10 de noviembre en Barcelona para tratar los factores de riesgo de desnutrici\u00f3n, los requerimientos nutricionales de la tercera edad, la sarcopenia, el soporte nutricional en el paciente geri\u00e1trico y la necesidad de practicar ejercicio f\u00edsico.Los servicios que les ofrecimos son [&hellip;]<\/p>\n","protected":false},"author":1,"featured_media":13796,"comment_status":"closed","ping_status":"closed","template":"","meta":{"_et_pb_use_builder":"on","_et_pb_old_content":"","_et_gb_content_width":"","footnotes":""},"project_category":[277,275],"project_tag":[],"class_list":["post-13958","project","type-project","status-publish","has-post-thumbnail","hentry","project_category-diseno-grafico","project_category-marketing"],"yoast_head":"<!-- This site is optimized with the Yoast SEO plugin v27.5 - https:\/\/yoast.com\/product\/yoast-seo-wordpress\/ -->\n<title>Jornades Codinucat 2018 - M\u00e0rketing Reus | Media Needs Reus | Ag\u00e8ncia de publicitat Reus<\/title>\n<meta name=\"robots\" content=\"index, follow, max-snippet:-1, max-image-preview:large, max-video-preview:-1\" \/>\n<link rel=\"canonical\" href=\"https:\/\/medianeeds.es\/es\/project\/jornades-codinucat-2018\/\" \/>\n<meta property=\"og:locale\" content=\"es_ES\" \/>\n<meta property=\"og:type\" content=\"article\" \/>\n<meta property=\"og:title\" content=\"Jornades Codinucat 2018 - M\u00e0rketing Reus | Media Needs Reus | Ag\u00e8ncia de publicitat Reus\" \/>\n<meta property=\"og:description\" content=\"JORNADES CODINUCAT 2018 DISE\u00d1O GR\u00c1FICO -CARTELER\u00cdA - AUDIOVISUALES&nbsp; Les Jornades del Codinucat\u00a0se celebraron el 10 de noviembre en Barcelona para tratar los factores de riesgo de desnutrici\u00f3n, los requerimientos nutricionales de la tercera edad, la sarcopenia, el soporte nutricional en el paciente geri\u00e1trico y la necesidad de practicar ejercicio f\u00edsico.Los servicios que les ofrecimos son [&hellip;]\" \/>\n<meta property=\"og:url\" content=\"https:\/\/medianeeds.es\/es\/project\/jornades-codinucat-2018\/\" \/>\n<meta property=\"og:site_name\" content=\"M\u00e0rketing Reus | Media Needs Reus | Ag\u00e8ncia de publicitat Reus\" \/>\n<meta property=\"article:publisher\" content=\"https:\/\/www.facebook.com\/medianeeds.es\/\" \/>\n<meta property=\"article:modified_time\" content=\"2019-04-18T13:30:48+00:00\" \/>\n<meta property=\"og:image\" content=\"https:\/\/medianeeds.es\/wp-content\/uploads\/2019\/04\/jornades-codinucat.jpg\" \/>\n\t<meta property=\"og:image:width\" content=\"300\" \/>\n\t<meta property=\"og:image:height\" content=\"284\" \/>\n\t<meta property=\"og:image:type\" content=\"image\/jpeg\" \/>\n<meta name=\"twitter:label1\" content=\"Tiempo de lectura\" \/>\n\t<meta name=\"twitter:data1\" content=\"3 minutos\" \/>\n<script type=\"application\/ld+json\" class=\"yoast-schema-graph\">{\"@context\":\"https:\\\/\\\/schema.org\",\"@graph\":[{\"@type\":\"WebPage\",\"@id\":\"https:\\\/\\\/medianeeds.es\\\/es\\\/project\\\/jornades-codinucat-2018\\\/\",\"url\":\"https:\\\/\\\/medianeeds.es\\\/es\\\/project\\\/jornades-codinucat-2018\\\/\",\"name\":\"Jornades Codinucat 2018 - M\u00e0rketing Reus | Media Needs Reus | Ag\u00e8ncia de publicitat Reus\",\"isPartOf\":{\"@id\":\"https:\\\/\\\/medianeeds.es\\\/#website\"},\"primaryImageOfPage\":{\"@id\":\"https:\\\/\\\/medianeeds.es\\\/es\\\/project\\\/jornades-codinucat-2018\\\/#primaryimage\"},\"image\":{\"@id\":\"https:\\\/\\\/medianeeds.es\\\/es\\\/project\\\/jornades-codinucat-2018\\\/#primaryimage\"},\"thumbnailUrl\":\"https:\\\/\\\/medianeeds.es\\\/wp-content\\\/uploads\\\/2019\\\/04\\\/jornades-codinucat.jpg\",\"datePublished\":\"2019-04-18T13:27:49+00:00\",\"dateModified\":\"2019-04-18T13:30:48+00:00\",\"breadcrumb\":{\"@id\":\"https:\\\/\\\/medianeeds.es\\\/es\\\/project\\\/jornades-codinucat-2018\\\/#breadcrumb\"},\"inLanguage\":\"es\",\"potentialAction\":[{\"@type\":\"ReadAction\",\"target\":[\"https:\\\/\\\/medianeeds.es\\\/es\\\/project\\\/jornades-codinucat-2018\\\/\"]}]},{\"@type\":\"ImageObject\",\"inLanguage\":\"es\",\"@id\":\"https:\\\/\\\/medianeeds.es\\\/es\\\/project\\\/jornades-codinucat-2018\\\/#primaryimage\",\"url\":\"https:\\\/\\\/medianeeds.es\\\/wp-content\\\/uploads\\\/2019\\\/04\\\/jornades-codinucat.jpg\",\"contentUrl\":\"https:\\\/\\\/medianeeds.es\\\/wp-content\\\/uploads\\\/2019\\\/04\\\/jornades-codinucat.jpg\",\"width\":300,\"height\":284},{\"@type\":\"BreadcrumbList\",\"@id\":\"https:\\\/\\\/medianeeds.es\\\/es\\\/project\\\/jornades-codinucat-2018\\\/#breadcrumb\",\"itemListElement\":[{\"@type\":\"ListItem\",\"position\":1,\"name\":\"Portada\",\"item\":\"https:\\\/\\\/medianeeds.es\\\/\"},{\"@type\":\"ListItem\",\"position\":2,\"name\":\"Projects\",\"item\":\"https:\\\/\\\/medianeeds.es\\\/project\\\/\"},{\"@type\":\"ListItem\",\"position\":3,\"name\":\"Jornades Codinucat 2018\"}]},{\"@type\":\"WebSite\",\"@id\":\"https:\\\/\\\/medianeeds.es\\\/#website\",\"url\":\"https:\\\/\\\/medianeeds.es\\\/\",\"name\":\"M\u00e0rketing Reus | Media Needs Reus | Ag\u00e8ncia de publicitat Reus\",\"description\":\"MediaNeeds \u00e9s una empresa especialitzada en serveis integrals de publicitat, m\u00e0rqueting on-line i community manager a Reus, Tarragona\",\"publisher\":{\"@id\":\"https:\\\/\\\/medianeeds.es\\\/#organization\"},\"alternateName\":\"Media Needs\",\"potentialAction\":[{\"@type\":\"SearchAction\",\"target\":{\"@type\":\"EntryPoint\",\"urlTemplate\":\"https:\\\/\\\/medianeeds.es\\\/?s={search_term_string}\"},\"query-input\":{\"@type\":\"PropertyValueSpecification\",\"valueRequired\":true,\"valueName\":\"search_term_string\"}}],\"inLanguage\":\"es\"},{\"@type\":\"Organization\",\"@id\":\"https:\\\/\\\/medianeeds.es\\\/#organization\",\"name\":\"M\u00e0rketing Reus | Media Needs Reus | Ag\u00e8ncia de publicitat Reus\",\"alternateName\":\"Media Needs\",\"url\":\"https:\\\/\\\/medianeeds.es\\\/\",\"logo\":{\"@type\":\"ImageObject\",\"inLanguage\":\"es\",\"@id\":\"https:\\\/\\\/medianeeds.es\\\/#\\\/schema\\\/logo\\\/image\\\/\",\"url\":\"https:\\\/\\\/medianeeds.es\\\/wp-content\\\/uploads\\\/2024\\\/06\\\/COLOR_Mesa-de-trabajo-1-copia.png\",\"contentUrl\":\"https:\\\/\\\/medianeeds.es\\\/wp-content\\\/uploads\\\/2024\\\/06\\\/COLOR_Mesa-de-trabajo-1-copia.png\",\"width\":470,\"height\":226,\"caption\":\"M\u00e0rketing Reus | Media Needs Reus | Ag\u00e8ncia de publicitat Reus\"},\"image\":{\"@id\":\"https:\\\/\\\/medianeeds.es\\\/#\\\/schema\\\/logo\\\/image\\\/\"},\"sameAs\":[\"https:\\\/\\\/www.facebook.com\\\/medianeeds.es\\\/\",\"https:\\\/\\\/x.com\\\/media_needs\",\"https:\\\/\\\/www.instagram.com\\\/medianeeds\\\/?hl=es\"]}]}<\/script>\n<!-- \/ Yoast SEO plugin. -->","yoast_head_json":{"title":"Jornades Codinucat 2018 - M\u00e0rketing Reus | Media Needs Reus | Ag\u00e8ncia de publicitat Reus","robots":{"index":"index","follow":"follow","max-snippet":"max-snippet:-1","max-image-preview":"max-image-preview:large","max-video-preview":"max-video-preview:-1"},"canonical":"https:\/\/medianeeds.es\/es\/project\/jornades-codinucat-2018\/","og_locale":"es_ES","og_type":"article","og_title":"Jornades Codinucat 2018 - M\u00e0rketing Reus | Media Needs Reus | Ag\u00e8ncia de publicitat Reus","og_description":"JORNADES CODINUCAT 2018 DISE\u00d1O GR\u00c1FICO -CARTELER\u00cdA - AUDIOVISUALES&nbsp; Les Jornades del Codinucat\u00a0se celebraron el 10 de noviembre en Barcelona para tratar los factores de riesgo de desnutrici\u00f3n, los requerimientos nutricionales de la tercera edad, la sarcopenia, el soporte nutricional en el paciente geri\u00e1trico y la necesidad de practicar ejercicio f\u00edsico.Los servicios que les ofrecimos son [&hellip;]","og_url":"https:\/\/medianeeds.es\/es\/project\/jornades-codinucat-2018\/","og_site_name":"M\u00e0rketing Reus | Media Needs Reus | Ag\u00e8ncia de publicitat Reus","article_publisher":"https:\/\/www.facebook.com\/medianeeds.es\/","article_modified_time":"2019-04-18T13:30:48+00:00","og_image":[{"width":300,"height":284,"url":"https:\/\/medianeeds.es\/wp-content\/uploads\/2019\/04\/jornades-codinucat.jpg","type":"image\/jpeg"}],"twitter_misc":{"Tiempo de lectura":"3 minutos"},"schema":{"@context":"https:\/\/schema.org","@graph":[{"@type":"WebPage","@id":"https:\/\/medianeeds.es\/es\/project\/jornades-codinucat-2018\/","url":"https:\/\/medianeeds.es\/es\/project\/jornades-codinucat-2018\/","name":"Jornades Codinucat 2018 - M\u00e0rketing Reus | Media Needs Reus | Ag\u00e8ncia de publicitat Reus","isPartOf":{"@id":"https:\/\/medianeeds.es\/#website"},"primaryImageOfPage":{"@id":"https:\/\/medianeeds.es\/es\/project\/jornades-codinucat-2018\/#primaryimage"},"image":{"@id":"https:\/\/medianeeds.es\/es\/project\/jornades-codinucat-2018\/#primaryimage"},"thumbnailUrl":"https:\/\/medianeeds.es\/wp-content\/uploads\/2019\/04\/jornades-codinucat.jpg","datePublished":"2019-04-18T13:27:49+00:00","dateModified":"2019-04-18T13:30:48+00:00","breadcrumb":{"@id":"https:\/\/medianeeds.es\/es\/project\/jornades-codinucat-2018\/#breadcrumb"},"inLanguage":"es","potentialAction":[{"@type":"ReadAction","target":["https:\/\/medianeeds.es\/es\/project\/jornades-codinucat-2018\/"]}]},{"@type":"ImageObject","inLanguage":"es","@id":"https:\/\/medianeeds.es\/es\/project\/jornades-codinucat-2018\/#primaryimage","url":"https:\/\/medianeeds.es\/wp-content\/uploads\/2019\/04\/jornades-codinucat.jpg","contentUrl":"https:\/\/medianeeds.es\/wp-content\/uploads\/2019\/04\/jornades-codinucat.jpg","width":300,"height":284},{"@type":"BreadcrumbList","@id":"https:\/\/medianeeds.es\/es\/project\/jornades-codinucat-2018\/#breadcrumb","itemListElement":[{"@type":"ListItem","position":1,"name":"Portada","item":"https:\/\/medianeeds.es\/"},{"@type":"ListItem","position":2,"name":"Projects","item":"https:\/\/medianeeds.es\/project\/"},{"@type":"ListItem","position":3,"name":"Jornades Codinucat 2018"}]},{"@type":"WebSite","@id":"https:\/\/medianeeds.es\/#website","url":"https:\/\/medianeeds.es\/","name":"M\u00e0rketing Reus | Media Needs Reus | Ag\u00e8ncia de publicitat Reus","description":"MediaNeeds \u00e9s una empresa especialitzada en serveis integrals de publicitat, m\u00e0rqueting on-line i community manager a Reus, Tarragona","publisher":{"@id":"https:\/\/medianeeds.es\/#organization"},"alternateName":"Media Needs","potentialAction":[{"@type":"SearchAction","target":{"@type":"EntryPoint","urlTemplate":"https:\/\/medianeeds.es\/?s={search_term_string}"},"query-input":{"@type":"PropertyValueSpecification","valueRequired":true,"valueName":"search_term_string"}}],"inLanguage":"es"},{"@type":"Organization","@id":"https:\/\/medianeeds.es\/#organization","name":"M\u00e0rketing Reus | Media Needs Reus | Ag\u00e8ncia de publicitat Reus","alternateName":"Media Needs","url":"https:\/\/medianeeds.es\/","logo":{"@type":"ImageObject","inLanguage":"es","@id":"https:\/\/medianeeds.es\/#\/schema\/logo\/image\/","url":"https:\/\/medianeeds.es\/wp-content\/uploads\/2024\/06\/COLOR_Mesa-de-trabajo-1-copia.png","contentUrl":"https:\/\/medianeeds.es\/wp-content\/uploads\/2024\/06\/COLOR_Mesa-de-trabajo-1-copia.png","width":470,"height":226,"caption":"M\u00e0rketing Reus | Media Needs Reus | Ag\u00e8ncia de publicitat Reus"},"image":{"@id":"https:\/\/medianeeds.es\/#\/schema\/logo\/image\/"},"sameAs":["https:\/\/www.facebook.com\/medianeeds.es\/","https:\/\/x.com\/media_needs","https:\/\/www.instagram.com\/medianeeds\/?hl=es"]}]}},"_links":{"self":[{"href":"https:\/\/medianeeds.es\/es\/wp-json\/wp\/v2\/project\/13958","targetHints":{"allow":["GET"]}}],"collection":[{"href":"https:\/\/medianeeds.es\/es\/wp-json\/wp\/v2\/project"}],"about":[{"href":"https:\/\/medianeeds.es\/es\/wp-json\/wp\/v2\/types\/project"}],"author":[{"embeddable":true,"href":"https:\/\/medianeeds.es\/es\/wp-json\/wp\/v2\/users\/1"}],"replies":[{"embeddable":true,"href":"https:\/\/medianeeds.es\/es\/wp-json\/wp\/v2\/comments?post=13958"}],"version-history":[{"count":3,"href":"https:\/\/medianeeds.es\/es\/wp-json\/wp\/v2\/project\/13958\/revisions"}],"predecessor-version":[{"id":13962,"href":"https:\/\/medianeeds.es\/es\/wp-json\/wp\/v2\/project\/13958\/revisions\/13962"}],"wp:featuredmedia":[{"embeddable":true,"href":"https:\/\/medianeeds.es\/es\/wp-json\/wp\/v2\/media\/13796"}],"wp:attachment":[{"href":"https:\/\/medianeeds.es\/es\/wp-json\/wp\/v2\/media?parent=13958"}],"wp:term":[{"taxonomy":"project_category","embeddable":true,"href":"https:\/\/medianeeds.es\/es\/wp-json\/wp\/v2\/project_category?post=13958"},{"taxonomy":"project_tag","embeddable":true,"href":"https:\/\/medianeeds.es\/es\/wp-json\/wp\/v2\/project_tag?post=13958"}],"curies":[{"name":"wp","href":"https:\/\/api.w.org\/{rel}","templated":true}]}}