{"id":11852,"date":"2018-08-14T15:46:36","date_gmt":"2018-08-14T15:46:36","guid":{"rendered":"https:\/\/medianeeds.es\/\/project\/parc-de-nadal-reus\/"},"modified":"2018-10-03T11:11:55","modified_gmt":"2018-10-03T11:11:55","slug":"parc-de-nadal-reus","status":"publish","type":"project","link":"https:\/\/medianeeds.es\/es\/project\/parc-de-nadal-reus\/","title":{"rendered":"Parc de Nadal Reus 2017"},"content":{"rendered":"[et_pb_section fb_built=\u00bb1&#8243; _builder_version=\u00bb3.8.1&#8243; background_color=\u00bb#500b67&#8243; bottom_divider_style=\u00bbasymmetric4&#8243; bottom_divider_color=\u00bb#ffffff\u00bb][et_pb_row custom_padding=\u00bb0|0px|0|0px|false|false\u00bb _builder_version=\u00bb3.8.1&#8243;][et_pb_column type=\u00bb4_4&#8243; _builder_version=\u00bb3.0.47&#8243; parallax=\u00bboff\u00bb parallax_method=\u00bbon\u00bb][et_pb_text _builder_version=\u00bb3.8.1&#8243; text_text_color=\u00bb#ffffff\u00bb text_letter_spacing=\u00bb21px\u00bb text_orientation=\u00bbcenter\u00bb]\n<h2><span style=\"color: #ffffff;\">parc de nadal<\/span><\/h2>\n[\/et_pb_text][\/et_pb_column][\/et_pb_row][et_pb_row custom_padding=\u00bb12px|0px|60px|0px|false|false\u00bb _builder_version=\u00bb3.8.1&#8243;][et_pb_column type=\u00bb4_4&#8243; _builder_version=\u00bb3.0.47&#8243; parallax=\u00bboff\u00bb parallax_method=\u00bbon\u00bb][et_pb_text _builder_version=\u00bb3.8.1&#8243; text_font=\u00bb||||||||\u00bb text_letter_spacing=\u00bb5px\u00bb]\n<p style=\"text-align: center;\"><span color=\"#ffffff\" style=\"color: #ffffff;\"><b>REDES SOCIALES<\/b><\/span><\/p>\n[\/et_pb_text][\/et_pb_column][\/et_pb_row][\/et_pb_section][et_pb_section fb_built=\u00bb1&#8243; _builder_version=\u00bb3.8.1&#8243; custom_padding=\u00bb18px|0px|0|0px|false|false\u00bb][et_pb_row custom_padding=\u00bb0|0px|0|0px|false|false\u00bb _builder_version=\u00bb3.0.48&#8243; background_size=\u00bbinitial\u00bb background_position=\u00bbtop_left\u00bb background_repeat=\u00bbrepeat\u00bb][et_pb_column type=\u00bb4_4&#8243; _builder_version=\u00bb3.0.47&#8243; parallax=\u00bboff\u00bb parallax_method=\u00bbon\u00bb][et_pb_gallery gallery_ids=\u00bb11334&#8243; fullwidth=\u00bbon\u00bb hover_icon=\u00bb%%20%%\u00bb _builder_version=\u00bb3.8.1&#8243; max_width=\u00bb28%\u00bb module_alignment=\u00bbcenter\u00bb custom_margin=\u00bb-55px|||\u00bb][\/et_pb_gallery][\/et_pb_column][\/et_pb_row][et_pb_row custom_padding=\u00bb29px|444px|0|444px|false|false\u00bb _builder_version=\u00bb3.8.1&#8243;][et_pb_column type=\u00bb4_4&#8243; _builder_version=\u00bb3.0.47&#8243; parallax=\u00bboff\u00bb parallax_method=\u00bbon\u00bb][et_pb_blurb url=\u00bbhttps:\/\/www.facebook.com\/ParcNadal\/\u00bb url_new_window=\u00bbon\u00bb use_icon=\u00bbon\u00bb font_icon=\u00bb%%314%%\u00bb use_icon_font_size=\u00bbon\u00bb icon_font_size=\u00bb70px\u00bb _builder_version=\u00bb3.8.1&#8243;][\/et_pb_blurb][\/et_pb_column][\/et_pb_row][\/et_pb_section][et_pb_section fb_built=\u00bb1&#8243; _builder_version=\u00bb3.8.1&#8243; custom_padding=\u00bb0|0px|59px|0px|false|false\u00bb top_divider_color=\u00bb#ffffff\u00bb][et_pb_row custom_padding=\u00bb0|0px|29px|0px|false|false\u00bb _builder_version=\u00bb3.0.48&#8243; background_size=\u00bbinitial\u00bb background_position=\u00bbtop_left\u00bb background_repeat=\u00bbrepeat\u00bb][et_pb_column type=\u00bb4_4&#8243; _builder_version=\u00bb3.0.47&#8243; parallax=\u00bboff\u00bb parallax_method=\u00bbon\u00bb][et_pb_text _builder_version=\u00bb3.8.1&#8243;]\n<div class=\"kl-title-block clearfix tbk--text- tbk--center text-center tbk-symbol--line_border tbk-icon-pos--after-title eluid2dd7b1c5 \">\n<div class=\"tbk__text\">\n<div class=\"portfolio-item-desc-inner portfolio-item-desc-inner-compacted\" data-collapse-at=\"150\">\n<p>El a\u00f1o 2017 nuestra ciudad ha tenido, entre otros, un protagonismo especial con la nominaci\u00f3n del cortometraje \u00abTimecode\u00bb a los Premios Oscar de Hollywood, cortometraje producido por la Escuela de Cine de Reus, que tambi\u00e9n ha logrado un gran n\u00famero de premios como La Palma de Oro al mejor cortometraje en el prestigioso Festival de Cannes. Reus es una ciudad deportiva, cultural y tambi\u00e9n de cine! Y el Parque de Navidad Reus no pod\u00eda ser menos incluyendo todos estos elementos y haciendo del cine su hilo conductor para que los ni\u00f1os y ni\u00f1as disfrutaran como nunca!<\/p>\n<p>Los diferentes servicios que les ofrecimos son los siguientes:<\/p>\n<ul>\n<li><strong>Creaci\u00f3n y gesti\u00f3n de redes sociales<\/strong><\/li>\n<li><strong>Gesti\u00f3n de la comunicaci\u00f3n con los medios de comunicaci\u00f3n<\/strong><\/li>\n<\/ul>\n<\/div>\n<\/div>\n<\/div>\n<p><em>A\u00f1o ed servicios: 2017\u00a0<\/em><\/p>\n[\/et_pb_text][\/et_pb_column][\/et_pb_row][\/et_pb_section][et_pb_section fb_built=\u00bb1&#8243; prev_background_color=\u00bb#ffffff\u00bb _builder_version=\u00bb3.8.1&#8243; background_color=\u00bb#500b67&#8243; custom_padding=\u00bb53px|0px|59px|0px|false|false\u00bb top_divider_style=\u00bbasymmetric2&#8243;][et_pb_row custom_padding=\u00bb29px|0px|0|0px|false|false\u00bb _builder_version=\u00bb3.8.1&#8243;][et_pb_column type=\u00bb4_4&#8243; _builder_version=\u00bb3.0.47&#8243; parallax=\u00bboff\u00bb parallax_method=\u00bbon\u00bb][et_pb_text _builder_version=\u00bb3.0.106&#8243; header_font=\u00bb||||||||\u00bb header_2_font=\u00bb|600|||||||\u00bb header_2_text_align=\u00bbleft\u00bb header_2_text_color=\u00bb#00aaa2&#8243; header_2_font_size=\u00bb36px\u00bb header_2_font_size_phone=\u00bb30px\u00bb header_2_font_size_last_edited=\u00bbon|phone\u00bb header_2_letter_spacing=\u00bb8px\u00bb custom_margin=\u00bb||25px|\u00bb inline_fonts=\u00bbPT Sans Narrow\u00bb]\n<h2 style=\"text-align: left;\"><span style=\"color: #ffffff;\">ESCR\u00cdBENOS<\/span><\/h2>\n<p><span style=\"color: #ffffff;\">\u00a1Estaremos encantados de hablar contigo!\u00a0<\/span><\/p>\n<p style=\"text-align: center;\">\n[\/et_pb_text][\/et_pb_column][\/et_pb_row][et_pb_row custom_padding=\u00bb0|0px|29px|0px|false|false\u00bb _builder_version=\u00bb3.8.1&#8243;][et_pb_column type=\u00bb4_4&#8243; _builder_version=\u00bb3.0.47&#8243; parallax=\u00bboff\u00bb parallax_method=\u00bbon\u00bb][et_pb_text _builder_version=\u00bb3.8.1&#8243;]<div class=\"frm_forms  with_frm_style frm_style_formidable-style\" id=\"frm_form_4_container\" >\n<form enctype=\"multipart\/form-data\" method=\"post\" class=\"frm-show-form \" id=\"form_7skl52\" >\n<div class=\"frm_form_fields \">\n<fieldset>\n<legend class=\"frm_screen_reader\">Contacte castell\u00e0<\/legend>\r\n\r\n<div class=\"frm_fields_container\">\n<input type=\"hidden\" name=\"frm_action\" value=\"create\" \/>\n<input type=\"hidden\" name=\"form_id\" value=\"4\" \/>\n<input type=\"hidden\" name=\"frm_hide_fields_4\" id=\"frm_hide_fields_4\" value=\"\" \/>\n<input type=\"hidden\" name=\"form_key\" value=\"7skl52\" \/>\n<input type=\"hidden\" name=\"item_meta[0]\" value=\"\" \/>\n<input type=\"hidden\" id=\"frm_submit_entry_4\" name=\"frm_submit_entry_4\" value=\"66215abec7\" \/><input type=\"hidden\" name=\"_wp_http_referer\" value=\"\/es\/wp-json\/wp\/v2\/project\/11852\" \/><div id=\"frm_field_15_container\" class=\"frm_form_field form-field  frm_required_field frm_top_container\">\r\n    <label for=\"field_5xm7\" class=\"frm_primary_label\">Nombre y apellido\r\n        <span class=\"frm_required\">*<\/span>\r\n    <\/label>\r\n    <input type=\"text\" id=\"field_5xm7\" name=\"item_meta[15]\" value=\"\"  data-reqmsg=\"Nombre y apellido cannot be blank.\" aria-required=\"true\" data-invmsg=\"Text is invalid\" aria-invalid=\"false\"  \/>\r\n    \r\n    \r\n<\/div>\n<div id=\"frm_field_16_container\" class=\"frm_form_field form-field  frm_required_field frm_top_container\">\r\n    <label for=\"field_3u70f2\" class=\"frm_primary_label\">Email\r\n        <span class=\"frm_required\">*<\/span>\r\n    <\/label>\r\n    <input type=\"email\" id=\"field_3u70f2\" name=\"item_meta[16]\" value=\"\"  data-reqmsg=\"Email cannot be blank.\" aria-required=\"true\" data-invmsg=\"Email is invalid\" aria-invalid=\"false\"  \/>\r\n    \r\n    \r\n<\/div>\n<div id=\"frm_field_17_container\" class=\"frm_form_field form-field  frm_required_field frm_top_container\">\r\n    <label for=\"field_euy8z2\" class=\"frm_primary_label\">Mensaje\r\n        <span class=\"frm_required\">*<\/span>\r\n    <\/label>\r\n    <input type=\"text\" id=\"field_euy8z2\" name=\"item_meta[17]\" value=\"\"  data-reqmsg=\"Mensaje cannot be blank.\" aria-required=\"true\" data-invmsg=\"Text is invalid\" aria-invalid=\"false\"  \/>\r\n    \r\n    \r\n<\/div>\n<div id=\"frm_field_18_container\" class=\"frm_form_field form-field  frm_required_field frm_top_container vertical_radio\">\r\n    <label for=\"field_e7aaf2\" class=\"frm_primary_label\">Protecci\u00f3n de datos\r\n        <span class=\"frm_required\">*<\/span>\r\n    <\/label>\r\n    <div class=\"frm_opt_container\">\t\t<div class=\"frm_checkbox\" id=\"frm_checkbox_18-0\">\t\t\t<label  for=\"field_e7aaf2-0\">\n\t\t\t<input type=\"checkbox\" name=\"item_meta[18][]\" id=\"field_e7aaf2-0\" value=\"&lt;a href=&quot;http:\/\/medianeeds.es\/docu\/contactocast.pdf&quot; target=&quot;_blank&quot;&gt; &lt;span style=&quot;color: #ffffff&quot;&gt; He le\u00eddo y acepto&lt;\/span&gt; &lt;span style=&quot;color: #97969c&quot;&gt;cl\u00e1usula de informaci\u00f3n sobre la Protecci\u00f3n de Datos&lt;\/span&gt;&lt;\/a&gt;\"  data-reqmsg=\"Protecci\u00f3n de datos cannot be blank.\" data-invmsg=\"Protecci\u00f3n de datos no es v\u00e1lido\"   aria-required=\"true\"  \/> <a href=\"http:\/\/medianeeds.es\/docu\/contactocast.pdf\" target=\"_blank\"> <span style=\"color: #ffffff\"> He le\u00eddo y acepto<\/span> <span style=\"color: #97969c\">cl\u00e1usula de informaci\u00f3n sobre la Protecci\u00f3n de Datos<\/span><\/a><\/label><\/div>\n\t\t<div class=\"frm_checkbox\" id=\"frm_checkbox_18-1\">\t\t\t<label  for=\"field_e7aaf2-1\">\n\t\t\t<input type=\"checkbox\" name=\"item_meta[18][]\" id=\"field_e7aaf2-1\" value=\"Autorizo el tratamiento de mis datos para poder recibir informaci\u00f3n a trav\u00e9s de los medios electr\u00f3nicos\"  data-reqmsg=\"Protecci\u00f3n de datos cannot be blank.\" data-invmsg=\"Protecci\u00f3n de datos no es v\u00e1lido\"   \/> Autorizo el tratamiento de mis datos para poder recibir informaci\u00f3n a trav\u00e9s de los medios electr\u00f3nicos<\/label><\/div>\n<\/div>\r\n    \r\n    \r\n<\/div>\n<div id=\"frm_field_19_container\" class=\"frm_form_field form-field \">\n\t<div class=\"frm_submit\">\r\n\r\n<button class=\"frm_button_submit\" type=\"submit\"  >Enviar<\/button>\r\n\r\n<\/div>\n<\/div>\n\t<input type=\"hidden\" name=\"item_key\" value=\"\" \/>\n\t\t\t<div id=\"frm_field_20_container\">\n\t\t\t<label for=\"field_ksd2j\" >\n\t\t\t\tSi eres humano, deja este campo en blanco.\t\t\t<\/label>\n\t\t\t<input  id=\"field_ksd2j\" type=\"text\" class=\"frm_form_field form-field frm_verify\" name=\"item_meta[20]\" value=\"\"  \/>\n\t\t<\/div>\n\t\t<input name=\"frm_state\" type=\"hidden\" value=\"j5tJRg2zZtvaIFbUL0tMoN4oaVjv2c8TBwX1agDom50=\" \/><\/div>\n<\/fieldset>\n<\/div>\n\n<p style=\"display: none !important;\" class=\"akismet-fields-container\" data-prefix=\"ak_\"><label>&#916;<textarea name=\"ak_hp_textarea\" cols=\"45\" rows=\"8\" maxlength=\"100\"><\/textarea><\/label><input type=\"hidden\" id=\"ak_js_1\" name=\"ak_js\" value=\"106\"\/><script type=\"text\/javascript\">\n\/* <![CDATA[ *\/\ndocument.getElementById( \"ak_js_1\" ).setAttribute( \"value\", ( new Date() ).getTime() );\n\/* ]]> *\/\n<\/script>\n<\/p><\/form>\n<\/div>\n\n[\/et_pb_text][\/et_pb_column][\/et_pb_row][\/et_pb_section]\n","protected":false},"excerpt":{"rendered":"<p>parc de nadal REDES SOCIALES El a\u00f1o 2017 nuestra ciudad ha tenido, entre otros, un protagonismo especial con la nominaci\u00f3n del cortometraje \u00abTimecode\u00bb a los Premios Oscar de Hollywood, cortometraje producido por la Escuela de Cine de Reus, que tambi\u00e9n ha logrado un gran n\u00famero de premios como La Palma de Oro al mejor cortometraje [&hellip;]<\/p>\n","protected":false},"author":1,"featured_media":11335,"comment_status":"closed","ping_status":"closed","template":"","meta":{"_et_pb_use_builder":"on","_et_pb_old_content":"","_et_gb_content_width":"","footnotes":""},"project_category":[274],"project_tag":[],"class_list":["post-11852","project","type-project","status-publish","has-post-thumbnail","hentry","project_category-redes-sociales"],"yoast_head":"<!-- This site is optimized with the Yoast SEO plugin v27.5 - https:\/\/yoast.com\/product\/yoast-seo-wordpress\/ -->\n<title>Parc de Nadal Reus 2017 Marketing Reus | Media Needs | Agencia Publicidad Reus<\/title>\n<meta name=\"description\" content=\"En la edici\u00f3n del Parque de Nadal Reus de 2017 desde Media Needs nos encargamos de crear y gestionar las redes sociales.\" \/>\n<meta name=\"robots\" content=\"index, follow, max-snippet:-1, max-image-preview:large, max-video-preview:-1\" \/>\n<link rel=\"canonical\" href=\"https:\/\/medianeeds.es\/es\/project\/parc-de-nadal-reus\/\" \/>\n<meta property=\"og:locale\" content=\"es_ES\" \/>\n<meta property=\"og:type\" content=\"article\" \/>\n<meta property=\"og:title\" content=\"Parc de Nadal Reus 2017 Marketing Reus | Media Needs | Agencia Publicidad Reus\" \/>\n<meta property=\"og:description\" content=\"En la edici\u00f3n del Parque de Nadal Reus de 2017 desde Media Needs nos encargamos de crear y gestionar las redes sociales.\" \/>\n<meta property=\"og:url\" content=\"https:\/\/medianeeds.es\/es\/project\/parc-de-nadal-reus\/\" \/>\n<meta property=\"og:site_name\" content=\"M\u00e0rketing Reus | Media Needs Reus | Ag\u00e8ncia de publicitat Reus\" \/>\n<meta property=\"article:publisher\" content=\"https:\/\/www.facebook.com\/medianeeds.es\/\" \/>\n<meta property=\"article:modified_time\" content=\"2018-10-03T11:11:55+00:00\" \/>\n<meta property=\"og:image\" content=\"https:\/\/medianeeds.es\/wp-content\/uploads\/2018\/08\/parc-nadal-bo.png\" \/>\n\t<meta property=\"og:image:width\" content=\"300\" \/>\n\t<meta property=\"og:image:height\" content=\"300\" \/>\n\t<meta property=\"og:image:type\" content=\"image\/png\" \/>\n<meta name=\"twitter:label1\" content=\"Tiempo de lectura\" \/>\n\t<meta name=\"twitter:data1\" content=\"3 minutos\" \/>\n<script type=\"application\/ld+json\" class=\"yoast-schema-graph\">{\"@context\":\"https:\\\/\\\/schema.org\",\"@graph\":[{\"@type\":\"WebPage\",\"@id\":\"https:\\\/\\\/medianeeds.es\\\/es\\\/project\\\/parc-de-nadal-reus\\\/\",\"url\":\"https:\\\/\\\/medianeeds.es\\\/es\\\/project\\\/parc-de-nadal-reus\\\/\",\"name\":\"Parc de Nadal Reus 2017 Marketing Reus | Media Needs | Agencia Publicidad Reus\",\"isPartOf\":{\"@id\":\"https:\\\/\\\/medianeeds.es\\\/#website\"},\"primaryImageOfPage\":{\"@id\":\"https:\\\/\\\/medianeeds.es\\\/es\\\/project\\\/parc-de-nadal-reus\\\/#primaryimage\"},\"image\":{\"@id\":\"https:\\\/\\\/medianeeds.es\\\/es\\\/project\\\/parc-de-nadal-reus\\\/#primaryimage\"},\"thumbnailUrl\":\"https:\\\/\\\/medianeeds.es\\\/wp-content\\\/uploads\\\/2018\\\/08\\\/parc-nadal-bo.png\",\"datePublished\":\"2018-08-14T15:46:36+00:00\",\"dateModified\":\"2018-10-03T11:11:55+00:00\",\"description\":\"En la edici\u00f3n del Parque de Nadal Reus de 2017 desde Media Needs nos encargamos de crear y gestionar las redes sociales.\",\"breadcrumb\":{\"@id\":\"https:\\\/\\\/medianeeds.es\\\/es\\\/project\\\/parc-de-nadal-reus\\\/#breadcrumb\"},\"inLanguage\":\"es\",\"potentialAction\":[{\"@type\":\"ReadAction\",\"target\":[\"https:\\\/\\\/medianeeds.es\\\/es\\\/project\\\/parc-de-nadal-reus\\\/\"]}]},{\"@type\":\"ImageObject\",\"inLanguage\":\"es\",\"@id\":\"https:\\\/\\\/medianeeds.es\\\/es\\\/project\\\/parc-de-nadal-reus\\\/#primaryimage\",\"url\":\"https:\\\/\\\/medianeeds.es\\\/wp-content\\\/uploads\\\/2018\\\/08\\\/parc-nadal-bo.png\",\"contentUrl\":\"https:\\\/\\\/medianeeds.es\\\/wp-content\\\/uploads\\\/2018\\\/08\\\/parc-nadal-bo.png\",\"width\":300,\"height\":300},{\"@type\":\"BreadcrumbList\",\"@id\":\"https:\\\/\\\/medianeeds.es\\\/es\\\/project\\\/parc-de-nadal-reus\\\/#breadcrumb\",\"itemListElement\":[{\"@type\":\"ListItem\",\"position\":1,\"name\":\"Portada\",\"item\":\"https:\\\/\\\/medianeeds.es\\\/\"},{\"@type\":\"ListItem\",\"position\":2,\"name\":\"Projects\",\"item\":\"https:\\\/\\\/medianeeds.es\\\/project\\\/\"},{\"@type\":\"ListItem\",\"position\":3,\"name\":\"Parc de Nadal Reus 2017\"}]},{\"@type\":\"WebSite\",\"@id\":\"https:\\\/\\\/medianeeds.es\\\/#website\",\"url\":\"https:\\\/\\\/medianeeds.es\\\/\",\"name\":\"M\u00e0rketing Reus | Media Needs Reus | Ag\u00e8ncia de publicitat Reus\",\"description\":\"MediaNeeds \u00e9s una empresa especialitzada en serveis integrals de publicitat, m\u00e0rqueting on-line i community manager a Reus, Tarragona\",\"publisher\":{\"@id\":\"https:\\\/\\\/medianeeds.es\\\/#organization\"},\"alternateName\":\"Media Needs\",\"potentialAction\":[{\"@type\":\"SearchAction\",\"target\":{\"@type\":\"EntryPoint\",\"urlTemplate\":\"https:\\\/\\\/medianeeds.es\\\/?s={search_term_string}\"},\"query-input\":{\"@type\":\"PropertyValueSpecification\",\"valueRequired\":true,\"valueName\":\"search_term_string\"}}],\"inLanguage\":\"es\"},{\"@type\":\"Organization\",\"@id\":\"https:\\\/\\\/medianeeds.es\\\/#organization\",\"name\":\"M\u00e0rketing Reus | Media Needs Reus | Ag\u00e8ncia de publicitat Reus\",\"alternateName\":\"Media Needs\",\"url\":\"https:\\\/\\\/medianeeds.es\\\/\",\"logo\":{\"@type\":\"ImageObject\",\"inLanguage\":\"es\",\"@id\":\"https:\\\/\\\/medianeeds.es\\\/#\\\/schema\\\/logo\\\/image\\\/\",\"url\":\"https:\\\/\\\/medianeeds.es\\\/wp-content\\\/uploads\\\/2024\\\/06\\\/COLOR_Mesa-de-trabajo-1-copia.png\",\"contentUrl\":\"https:\\\/\\\/medianeeds.es\\\/wp-content\\\/uploads\\\/2024\\\/06\\\/COLOR_Mesa-de-trabajo-1-copia.png\",\"width\":470,\"height\":226,\"caption\":\"M\u00e0rketing Reus | Media Needs Reus | Ag\u00e8ncia de publicitat Reus\"},\"image\":{\"@id\":\"https:\\\/\\\/medianeeds.es\\\/#\\\/schema\\\/logo\\\/image\\\/\"},\"sameAs\":[\"https:\\\/\\\/www.facebook.com\\\/medianeeds.es\\\/\",\"https:\\\/\\\/x.com\\\/media_needs\",\"https:\\\/\\\/www.instagram.com\\\/medianeeds\\\/?hl=es\"]}]}<\/script>\n<!-- \/ Yoast SEO plugin. -->","yoast_head_json":{"title":"Parc de Nadal Reus 2017 Marketing Reus | Media Needs | Agencia Publicidad Reus","description":"En la edici\u00f3n del Parque de Nadal Reus de 2017 desde Media Needs nos encargamos de crear y gestionar las redes sociales.","robots":{"index":"index","follow":"follow","max-snippet":"max-snippet:-1","max-image-preview":"max-image-preview:large","max-video-preview":"max-video-preview:-1"},"canonical":"https:\/\/medianeeds.es\/es\/project\/parc-de-nadal-reus\/","og_locale":"es_ES","og_type":"article","og_title":"Parc de Nadal Reus 2017 Marketing Reus | Media Needs | Agencia Publicidad Reus","og_description":"En la edici\u00f3n del Parque de Nadal Reus de 2017 desde Media Needs nos encargamos de crear y gestionar las redes sociales.","og_url":"https:\/\/medianeeds.es\/es\/project\/parc-de-nadal-reus\/","og_site_name":"M\u00e0rketing Reus | Media Needs Reus | Ag\u00e8ncia de publicitat Reus","article_publisher":"https:\/\/www.facebook.com\/medianeeds.es\/","article_modified_time":"2018-10-03T11:11:55+00:00","og_image":[{"width":300,"height":300,"url":"https:\/\/medianeeds.es\/wp-content\/uploads\/2018\/08\/parc-nadal-bo.png","type":"image\/png"}],"twitter_misc":{"Tiempo de lectura":"3 minutos"},"schema":{"@context":"https:\/\/schema.org","@graph":[{"@type":"WebPage","@id":"https:\/\/medianeeds.es\/es\/project\/parc-de-nadal-reus\/","url":"https:\/\/medianeeds.es\/es\/project\/parc-de-nadal-reus\/","name":"Parc de Nadal Reus 2017 Marketing Reus | Media Needs | Agencia Publicidad Reus","isPartOf":{"@id":"https:\/\/medianeeds.es\/#website"},"primaryImageOfPage":{"@id":"https:\/\/medianeeds.es\/es\/project\/parc-de-nadal-reus\/#primaryimage"},"image":{"@id":"https:\/\/medianeeds.es\/es\/project\/parc-de-nadal-reus\/#primaryimage"},"thumbnailUrl":"https:\/\/medianeeds.es\/wp-content\/uploads\/2018\/08\/parc-nadal-bo.png","datePublished":"2018-08-14T15:46:36+00:00","dateModified":"2018-10-03T11:11:55+00:00","description":"En la edici\u00f3n del Parque de Nadal Reus de 2017 desde Media Needs nos encargamos de crear y gestionar las redes sociales.","breadcrumb":{"@id":"https:\/\/medianeeds.es\/es\/project\/parc-de-nadal-reus\/#breadcrumb"},"inLanguage":"es","potentialAction":[{"@type":"ReadAction","target":["https:\/\/medianeeds.es\/es\/project\/parc-de-nadal-reus\/"]}]},{"@type":"ImageObject","inLanguage":"es","@id":"https:\/\/medianeeds.es\/es\/project\/parc-de-nadal-reus\/#primaryimage","url":"https:\/\/medianeeds.es\/wp-content\/uploads\/2018\/08\/parc-nadal-bo.png","contentUrl":"https:\/\/medianeeds.es\/wp-content\/uploads\/2018\/08\/parc-nadal-bo.png","width":300,"height":300},{"@type":"BreadcrumbList","@id":"https:\/\/medianeeds.es\/es\/project\/parc-de-nadal-reus\/#breadcrumb","itemListElement":[{"@type":"ListItem","position":1,"name":"Portada","item":"https:\/\/medianeeds.es\/"},{"@type":"ListItem","position":2,"name":"Projects","item":"https:\/\/medianeeds.es\/project\/"},{"@type":"ListItem","position":3,"name":"Parc de Nadal Reus 2017"}]},{"@type":"WebSite","@id":"https:\/\/medianeeds.es\/#website","url":"https:\/\/medianeeds.es\/","name":"M\u00e0rketing Reus | Media Needs Reus | Ag\u00e8ncia de publicitat Reus","description":"MediaNeeds \u00e9s una empresa especialitzada en serveis integrals de publicitat, m\u00e0rqueting on-line i community manager a Reus, Tarragona","publisher":{"@id":"https:\/\/medianeeds.es\/#organization"},"alternateName":"Media Needs","potentialAction":[{"@type":"SearchAction","target":{"@type":"EntryPoint","urlTemplate":"https:\/\/medianeeds.es\/?s={search_term_string}"},"query-input":{"@type":"PropertyValueSpecification","valueRequired":true,"valueName":"search_term_string"}}],"inLanguage":"es"},{"@type":"Organization","@id":"https:\/\/medianeeds.es\/#organization","name":"M\u00e0rketing Reus | Media Needs Reus | Ag\u00e8ncia de publicitat Reus","alternateName":"Media Needs","url":"https:\/\/medianeeds.es\/","logo":{"@type":"ImageObject","inLanguage":"es","@id":"https:\/\/medianeeds.es\/#\/schema\/logo\/image\/","url":"https:\/\/medianeeds.es\/wp-content\/uploads\/2024\/06\/COLOR_Mesa-de-trabajo-1-copia.png","contentUrl":"https:\/\/medianeeds.es\/wp-content\/uploads\/2024\/06\/COLOR_Mesa-de-trabajo-1-copia.png","width":470,"height":226,"caption":"M\u00e0rketing Reus | Media Needs Reus | Ag\u00e8ncia de publicitat Reus"},"image":{"@id":"https:\/\/medianeeds.es\/#\/schema\/logo\/image\/"},"sameAs":["https:\/\/www.facebook.com\/medianeeds.es\/","https:\/\/x.com\/media_needs","https:\/\/www.instagram.com\/medianeeds\/?hl=es"]}]}},"_links":{"self":[{"href":"https:\/\/medianeeds.es\/es\/wp-json\/wp\/v2\/project\/11852","targetHints":{"allow":["GET"]}}],"collection":[{"href":"https:\/\/medianeeds.es\/es\/wp-json\/wp\/v2\/project"}],"about":[{"href":"https:\/\/medianeeds.es\/es\/wp-json\/wp\/v2\/types\/project"}],"author":[{"embeddable":true,"href":"https:\/\/medianeeds.es\/es\/wp-json\/wp\/v2\/users\/1"}],"replies":[{"embeddable":true,"href":"https:\/\/medianeeds.es\/es\/wp-json\/wp\/v2\/comments?post=11852"}],"version-history":[{"count":5,"href":"https:\/\/medianeeds.es\/es\/wp-json\/wp\/v2\/project\/11852\/revisions"}],"predecessor-version":[{"id":13072,"href":"https:\/\/medianeeds.es\/es\/wp-json\/wp\/v2\/project\/11852\/revisions\/13072"}],"wp:featuredmedia":[{"embeddable":true,"href":"https:\/\/medianeeds.es\/es\/wp-json\/wp\/v2\/media\/11335"}],"wp:attachment":[{"href":"https:\/\/medianeeds.es\/es\/wp-json\/wp\/v2\/media?parent=11852"}],"wp:term":[{"taxonomy":"project_category","embeddable":true,"href":"https:\/\/medianeeds.es\/es\/wp-json\/wp\/v2\/project_category?post=11852"},{"taxonomy":"project_tag","embeddable":true,"href":"https:\/\/medianeeds.es\/es\/wp-json\/wp\/v2\/project_tag?post=11852"}],"curies":[{"name":"wp","href":"https:\/\/api.w.org\/{rel}","templated":true}]}}