{"id":10431,"date":"2018-07-19T14:08:02","date_gmt":"2018-07-19T14:08:02","guid":{"rendered":"https:\/\/medianeeds.es\/\/contacte\/"},"modified":"2025-09-01T07:16:47","modified_gmt":"2025-09-01T07:16:47","slug":"contacte","status":"publish","type":"page","link":"https:\/\/medianeeds.es\/es\/contacte\/","title":{"rendered":"CONTACTO"},"content":{"rendered":"[et_pb_section fb_built=\u00bb1&#8243; custom_padding_last_edited=\u00bbon|phone\u00bb next_background_color=\u00bb#ffffff\u00bb _builder_version=\u00bb4.16&#8243; background_color=\u00bb#69247b\u00bb background_image=\u00bbhttps:\/\/medianeeds.es\/\/wp-content\/uploads\/2018\/08\/325.jpg\u00bb background_blend=\u00bbmultiply\u00bb custom_margin=\u00bb|||\u00bb custom_padding=\u00bb90px||102px||false|false\u00bb custom_padding_tablet=\u00bb\u00bb custom_padding_phone=\u00bb100px||185px|\u00bb bottom_divider_style=\u00bbcurve2&#8243; global_colors_info=\u00bb{}\u00bb][et_pb_row _builder_version=\u00bb4.16&#8243; background_color_gradient_direction=\u00bb135deg\u00bb background_size=\u00bbinitial\u00bb background_position=\u00bbtop_left\u00bb background_repeat=\u00bbrepeat\u00bb max_width=\u00bb1063px\u00bb custom_padding=\u00bb0|0px|0|0px\u00bb animation_style=\u00bbflip\u00bb animation_direction=\u00bbbottom\u00bb animation_duration=\u00bb1250ms\u00bb animation_intensity_flip=\u00bb100%\u00bb use_custom_width=\u00bbon\u00bb custom_width_px=\u00bb1063px\u00bb global_colors_info=\u00bb{}\u00bb][et_pb_column type=\u00bb4_4&#8243; _builder_version=\u00bb4.16&#8243; custom_padding=\u00bb|||\u00bb global_colors_info=\u00bb{}\u00bb custom_padding__hover=\u00bb|||\u00bb][et_pb_text _builder_version=\u00bb4.16&#8243; text_font=\u00bb||||||||\u00bb header_font=\u00bb|800|||||||\u00bb header_text_align=\u00bbcenter\u00bb header_font_size=\u00bb70px\u00bb header_letter_spacing=\u00bb5px\u00bb background_color_gradient_direction=\u00bb90deg\u00bb background_layout=\u00bbdark\u00bb custom_margin=\u00bb|||\u00bb custom_padding=\u00bb30px|||\u00bb header_font_size_tablet=\u00bb52px\u00bb header_font_size_phone=\u00bb40px\u00bb header_font_size_last_edited=\u00bbon|tablet\u00bb header_text_shadow_style=\u00bbpreset3&#8243; header_text_shadow_horizontal_length=\u00bb0.03em\u00bb header_text_shadow_vertical_length=\u00bb0.03em\u00bb header_text_shadow_blur_strength=\u00bb0.01em\u00bb global_colors_info=\u00bb{}\u00bb]\n<h1>Contacto<\/h1>\n[\/et_pb_text][et_pb_text _builder_version=\u00bb4.16&#8243; text_font=\u00bb||||||||\u00bb text_text_color=\u00bb#ffffff\u00bb text_font_size=\u00bb20px\u00bb text_line_height=\u00bb1em\u00bb header_font=\u00bb||||||||\u00bb header_6_font_size=\u00bb19px\u00bb min_height=\u00bb32px\u00bb global_colors_info=\u00bb{}\u00bb]\n<h6 style=\"text-align: center;\"><span style=\"color: #ffffff;\">\u00bfnos vemos?<\/span><\/h6>\n[\/et_pb_text][et_pb_text _builder_version=\u00bb4.16&#8243; global_colors_info=\u00bb{}\u00bb]<span class=\"collapseomatic \" id=\"id69edfb043ebd3\"  tabindex=\"0\" title=\"\"    ><\/span><div id=\"target-id69edfb043ebd3\" class=\"collapseomatic_content \">\n<p><strong>Comunicaci\u00f3 Reus<\/strong> resta a la teva disposici\u00f3 per a qualsevol dubte i pregunta que puguis tenir respecte els nostres serveis. Media Needs \u00e9s una empresa responsable que s\u2019adapta a les necessitats dels clients i estem disposats a parlar amb tu per a qualsevol objectiu fet a mida.<\/p>\n<h2>Comunicaci\u00f3 Reus<\/h2>\n<p>Media Needs \u00e9s la teva empresa de <strong>comunicaci\u00f3 Reus<\/strong> que t\u2019ajuda a que la comunicaci\u00f3 de la teva empresa arribi al teu p\u00fablic objectiu de forma clara, concisa i r\u00e0pida. La teva petita o mitjana empresa pot gaudir d\u2019un servei professional i molt proper amb nosaltres. Contacta\u2019ns i parlem del que necessites per a poder cr\u00e9ixer i donar-te a con\u00e8ixer al teu territori i a reu del m\u00f3n.<\/p>\n<p>La nostra empresa de <strong>comunicaci\u00f3 Reus<\/strong> et brinda l\u2019oportunitat de tenir a bon preu una p\u00e0gina web i de tenir un servei totalment a mida de creaci\u00f3 i disseny corporatiu per a petites i mitjanes empreses. Ens agraden els desafiaments, i qualsevol repte per a nosaltres ser\u00e0 benvingut. Demana\u2019ns pressupost, concretem una visita (Carrer Maria Aur\u00e8lia Capmany No 2, Reus, Tarragona) i parlem del teu projecte.<\/p>\n<h2>Comunicaci\u00f3 Reus<\/h2>\n<p>Tenir una empresa de<strong> comunicaci\u00f3 Reus<\/strong> a la vora et pot ser de gran ajut. Ens agrada parlar i con\u00e8ixer els nostres clients, el contacte proper \u00e9s important i la professionalitat un tret essencial dels nostres serveis. Contacta\u2019ns al tel\u00e8fon 977 11 55 55 o a trav\u00e9s del nostre correu electr\u00f2nic <a href=\"mailto:info@medianeeds.cat\">info@medianeeds.cat<\/a> i no et deixarem indiferent. Et quedar\u00e0s amb els nostres serveis pel tracte, preu i resultats.<\/p>\n<\/div>\n[\/et_pb_text][\/et_pb_column][\/et_pb_row][\/et_pb_section][et_pb_section fb_built=\u00bb1&#8243; _builder_version=\u00bb4.16&#8243; custom_padding=\u00bb43px|0px|0px|0px|false|false\u00bb global_colors_info=\u00bb{}\u00bb][et_pb_row column_structure=\u00bb1_2,1_2&#8243; _builder_version=\u00bb4.16&#8243; custom_padding=\u00bb||0px|||\u00bb global_colors_info=\u00bb{}\u00bb][et_pb_column type=\u00bb1_2&#8243; _builder_version=\u00bb4.16&#8243; custom_padding=\u00bb|||\u00bb global_colors_info=\u00bb{}\u00bb custom_padding__hover=\u00bb|||\u00bb][et_pb_text _builder_version=\u00bb4.27.4&#8243; text_font=\u00bbRubik|300|||||||\u00bb text_text_color=\u00bb#575756&#8243; text_font_size=\u00bb16px\u00bb header_font=\u00bb||||||||\u00bb global_colors_info=\u00bb{}\u00bb]\n<p><span style=\"font-size: x-large; color: #69247b;\"><strong>Direcci\u00f3n:<\/strong><\/span><\/p>\n<p><span>Avinguda Mari\u00e0 Fortuny Num. 83, 2n 3a, 43204 Reus (Tarragona)<\/span><\/p>\n<p><span style=\"font-size: x-large; color: #69247b;\"><strong>Tel\u00e9fono:<\/strong><\/span><\/p>\n<p>(+34) 977 11 55 55<\/p>\n<p><span style=\"font-size: x-large; color: #69247b;\"><strong>Correo:<\/strong><\/span><\/p>\n<p><span style=\"color: #575756;\"><a href=\"mailto:info@medianeeds.es\" style=\"color: #575756;\">info@medianeeds.es<\/a><\/span><\/p>\n<p><span style=\"font-size: x-large; color: #69247b;\"><strong>Horario:<\/strong><\/span><\/p>\n<p>De Lunes a Jueves de 8:00h &#8211; 14:00h i de 15:00h &#8211; 17:00h<\/p>\n[\/et_pb_text][et_pb_image src=\u00bbhttps:\/\/medianeeds.es\/wp-content\/uploads\/2020\/10\/contact.png\u00bb alt=\u00bbsalting\u00bb title_text=\u00bbcontact\u00bb _builder_version=\u00bb4.16&#8243; _module_preset=\u00bbdefault\u00bb custom_margin=\u00bb-44px|||||\u00bb border_width_bottom=\u00bb3px\u00bb border_color_bottom=\u00bb#69247b\u00bb global_colors_info=\u00bb{}\u00bb][\/et_pb_image][et_pb_code _builder_version=\u00bb4.16&#8243; _module_preset=\u00bbdefault\u00bb global_colors_info=\u00bb{}\u00bb]<span class=\"collapseomatic \" id=\"id69edfb043ecc7\"  tabindex=\"0\" title=\"\"    ><\/span><div id=\"target-id69edfb043ecc7\" class=\"collapseomatic_content \"><!-- [et_pb_line_break_holder] --><\/p>\n<h2> Contacto <\/h2>\n<p><!-- [et_pb_line_break_holder] --><!-- [et_pb_line_break_holder] -->Contacto<!-- [et_pb_line_break_holder] --><!-- [et_pb_line_break_holder] -->En Media Needs ofrecemos diversas v\u00edas de contacto para que os pod\u00e1is dirigir a nuestro equipo a trav\u00e9s de la que os resulte m\u00e1s c\u00f3moda.<!-- [et_pb_line_break_holder] --><!-- [et_pb_line_break_holder] -->Por un lado, nuestra oficina f\u00edsica se ubica en la Calle Maria Aurelia Capmany, n\u00famero 2, 1\u00ba 2\u00aa de Reus. Si por otro lado prefer\u00eds usar otra v\u00eda de contacto tambi\u00e9n pod\u00e9is optar por las siguientes:<!-- [et_pb_line_break_holder] --><!-- [et_pb_line_break_holder] -->Pod\u00e9is llamarnos a nuestro tel\u00e9fono, el 977 11 55 55. Tambi\u00e9n pod\u00e9is contactarnos v\u00eda correo electr\u00f3nico envi\u00e1ndonos un mensaje a info@medianeeds.es<!-- [et_pb_line_break_holder] -->Si quer\u00e9is encontrarnos en nuestra oficina, estamos disponibles de lunes a jueves de 9h a 14h y de 16h a 18:30h. Los viernes nuestro horario es de ma\u00f1ana, de 9h a 14h.<!-- [et_pb_line_break_holder] --><!-- [et_pb_line_break_holder] -->Por otro lado, tambi\u00e9n pod\u00e9is poneros en contacto con nosotros a trav\u00e9s del formulario de nuestro sitio web. En el apartado \u201cContacto\u201d encontrar\u00e9is varios campos a rellenar, que pod\u00e9is cumplimentar con vuestra consulta.<!-- [et_pb_line_break_holder] --><!-- [et_pb_line_break_holder] --><\/p>\n<h2> Contacto <\/h2>\n<p><!-- [et_pb_line_break_holder] --><!-- [et_pb_line_break_holder] -->Nuestra especializaci\u00f3n en el \u00e1mbito digital hace que tambi\u00e9n exprimamos todos los medios digitales posibles. Por este motivo, pod\u00e9is contactarnos a trav\u00e9s de los medios virtuales m\u00e1s conocidos como son las redes sociales. Pod\u00e9is encontrarnos tanto en Facebook como en Instagram, Twitter i Linkedin, plataformas que consultamos y actualizamos diariamente.<!-- [et_pb_line_break_holder] --><!-- [et_pb_line_break_holder] -->Recordamos que el equipo de Media Needs se encuentra a vuestra disposici\u00f3n para cualquier consulta que quer\u00e1is realizarnos.<!-- [et_pb_line_break_holder] --><!-- [et_pb_line_break_holder] -->Finalmente, en nuestro sitio web encontrar\u00e1s informaci\u00f3n sobre los servicios que ofrercemos en nuestra empresa. Entre ellos encontrar\u00e1s algunos como la gesti\u00f3n de redes sociales, dise\u00f1o gr\u00e1fico, dise\u00f1o web, posicionamiento SEO y SEM, audiovisuales, radio y mucho m\u00e1s.<!-- [et_pb_line_break_holder] --><!-- [et_pb_line_break_holder] -->Si crees que ha llegado el momento de darle un empuj\u00f3n a tu empresa y cuidar la imagen de tu negocio en Internet, no dudes en ponerte en contacto con el equipo de Media Needs. \u00a1Estaremos encantados de atenderte!<!-- [et_pb_line_break_holder] --><!-- [et_pb_line_break_holder] --><\/div>[\/et_pb_code][\/et_pb_column][et_pb_column type=\u00bb1_2&#8243; _builder_version=\u00bb4.16&#8243; custom_padding=\u00bb|||\u00bb global_colors_info=\u00bb{}\u00bb custom_padding__hover=\u00bb|||\u00bb][et_pb_text _builder_version=\u00bb4.16&#8243; text_font=\u00bb||||||||\u00bb text_text_color=\u00bb#500b67&#8243; text_letter_spacing=\u00bb3px\u00bb custom_margin=\u00bb||-25px|||\u00bb global_colors_info=\u00bb{}\u00bb]\n<h2 style=\"text-align: center;\"><span style=\"color: #500b67;\">\u00bfte podemos ayudar?<\/span><\/h2>\n<p>&nbsp;<\/p>\n[\/et_pb_text][et_pb_text _builder_version=\u00bb4.16&#8243; text_font=\u00bbRubik||||||||\u00bb text_font_size=\u00bb19px\u00bb text_letter_spacing=\u00bb2px\u00bb header_font=\u00bb||||||||\u00bb header_font_size=\u00bb61px\u00bb custom_margin=\u00bb||15px|||\u00bb global_colors_info=\u00bb{}\u00bb]\n<h5 style=\"text-align: center;\">Ser\u00e1 un placer atenderte<\/h5>\n[\/et_pb_text][et_pb_text _builder_version=\u00bb4.16&#8243; text_font=\u00bbRubik|300|||||||\u00bb text_font_size=\u00bb16px\u00bb text_line_height=\u00bb1.5em\u00bb header_font=\u00bb||||||||\u00bb global_colors_info=\u00bb{}\u00bb]\n<p style=\"text-align: justify;\">Media Needs est\u00e1 a su disposici\u00f3n para cualquier consulta que desee realizarnos. Cont\u00e1ctenos para concretar una visita, as\u00ed como para pedir un presupuesto sin ning\u00fan tipo de compromiso.<\/p>\n[\/et_pb_text][et_pb_text _builder_version=\u00bb4.16&#8243; text_font_size=\u00bb16px\u00bb header_font=\u00bb||||||||\u00bb header_2_font=\u00bb|600|||||||\u00bb header_2_text_align=\u00bbleft\u00bb header_2_text_color=\u00bb#00aaa2&#8243; header_2_font_size=\u00bb36px\u00bb header_2_letter_spacing=\u00bb2px\u00bb custom_margin=\u00bb||25px|\u00bb header_2_font_size_tablet=\u00bb\u00bb header_2_font_size_phone=\u00bb30px\u00bb header_2_font_size_last_edited=\u00bbon|phone\u00bb inline_fonts=\u00bbPT Sans Narrow\u00bb global_colors_info=\u00bb{}\u00bb]\n<h2 style=\"text-align: left;\"><span style=\"color: #69247b;\">Escr\u00edbenos<\/span><\/h2>\n<p><span style=\"color: #69247b;\">\u00a1Estaremos encantados de hablar contigo!<\/span><\/p>\n[\/et_pb_text][et_pb_contact_form use_spam_service=\u00bbon\u00bb recaptcha_list=\u00bbRecatcha medianeeds|Recatcha medianeeds-0&#8243; email=\u00bbinfo@medianeeds.es\u00bb success_message=\u00bbMail enviat correctament\u00bb submit_button_text=\u00bbEnviar\u00bb _builder_version=\u00bb4.27.4&#8243; _module_preset=\u00bbdefault\u00bb _unique_id=\u00bbd588b72c-7e25-465b-9ca1-7776e438bb12&#8243; form_field_background_color=\u00bb#edeeef\u00bb title_text_color=\u00bb#ffffff\u00bb custom_button=\u00bbon\u00bb button_text_color=\u00bb#69247b\u00bb global_colors_info=\u00bb{}\u00bb][et_pb_contact_field field_id=\u00bbNombre\u00bb field_title=\u00bbNombre*\u00bb _builder_version=\u00bb4.16&#8243; global_colors_info=\u00bb{}\u00bb button_text_size__hover_enabled=\u00bboff\u00bb button_one_text_size__hover_enabled=\u00bboff\u00bb button_two_text_size__hover_enabled=\u00bboff\u00bb button_text_color__hover_enabled=\u00bboff\u00bb button_one_text_color__hover_enabled=\u00bboff\u00bb button_two_text_color__hover_enabled=\u00bboff\u00bb button_border_width__hover_enabled=\u00bboff\u00bb button_one_border_width__hover_enabled=\u00bboff\u00bb button_two_border_width__hover_enabled=\u00bboff\u00bb button_border_color__hover_enabled=\u00bboff\u00bb button_one_border_color__hover_enabled=\u00bboff\u00bb button_two_border_color__hover_enabled=\u00bboff\u00bb button_border_radius__hover_enabled=\u00bboff\u00bb button_one_border_radius__hover_enabled=\u00bboff\u00bb button_two_border_radius__hover_enabled=\u00bboff\u00bb button_letter_spacing__hover_enabled=\u00bboff\u00bb button_one_letter_spacing__hover_enabled=\u00bboff\u00bb button_two_letter_spacing__hover_enabled=\u00bboff\u00bb button_bg_color__hover_enabled=\u00bboff\u00bb button_one_bg_color__hover_enabled=\u00bboff\u00bb button_two_bg_color__hover_enabled=\u00bboff\u00bb][\/et_pb_contact_field][et_pb_contact_field field_id=\u00bbApellidos\u00bb field_title=\u00bbApellidos*\u00bb _builder_version=\u00bb4.16&#8243; global_colors_info=\u00bb{}\u00bb button_text_size__hover_enabled=\u00bboff\u00bb button_one_text_size__hover_enabled=\u00bboff\u00bb button_two_text_size__hover_enabled=\u00bboff\u00bb button_text_color__hover_enabled=\u00bboff\u00bb button_one_text_color__hover_enabled=\u00bboff\u00bb button_two_text_color__hover_enabled=\u00bboff\u00bb button_border_width__hover_enabled=\u00bboff\u00bb button_one_border_width__hover_enabled=\u00bboff\u00bb button_two_border_width__hover_enabled=\u00bboff\u00bb button_border_color__hover_enabled=\u00bboff\u00bb button_one_border_color__hover_enabled=\u00bboff\u00bb button_two_border_color__hover_enabled=\u00bboff\u00bb button_border_radius__hover_enabled=\u00bboff\u00bb button_one_border_radius__hover_enabled=\u00bboff\u00bb button_two_border_radius__hover_enabled=\u00bboff\u00bb button_letter_spacing__hover_enabled=\u00bboff\u00bb button_one_letter_spacing__hover_enabled=\u00bboff\u00bb button_two_letter_spacing__hover_enabled=\u00bboff\u00bb button_bg_color__hover_enabled=\u00bboff\u00bb button_one_bg_color__hover_enabled=\u00bboff\u00bb button_two_bg_color__hover_enabled=\u00bboff\u00bb][\/et_pb_contact_field][et_pb_contact_field field_id=\u00bbEmail\u00bb field_title=\u00bbEmail*\u00bb field_type=\u00bbemail\u00bb fullwidth_field=\u00bbon\u00bb _builder_version=\u00bb4.16&#8243; global_colors_info=\u00bb{}\u00bb button_text_size__hover_enabled=\u00bboff\u00bb button_one_text_size__hover_enabled=\u00bboff\u00bb button_two_text_size__hover_enabled=\u00bboff\u00bb button_text_color__hover_enabled=\u00bboff\u00bb button_one_text_color__hover_enabled=\u00bboff\u00bb button_two_text_color__hover_enabled=\u00bboff\u00bb button_border_width__hover_enabled=\u00bboff\u00bb button_one_border_width__hover_enabled=\u00bboff\u00bb button_two_border_width__hover_enabled=\u00bboff\u00bb button_border_color__hover_enabled=\u00bboff\u00bb button_one_border_color__hover_enabled=\u00bboff\u00bb button_two_border_color__hover_enabled=\u00bboff\u00bb button_border_radius__hover_enabled=\u00bboff\u00bb button_one_border_radius__hover_enabled=\u00bboff\u00bb button_two_border_radius__hover_enabled=\u00bboff\u00bb button_letter_spacing__hover_enabled=\u00bboff\u00bb button_one_letter_spacing__hover_enabled=\u00bboff\u00bb button_two_letter_spacing__hover_enabled=\u00bboff\u00bb button_bg_color__hover_enabled=\u00bboff\u00bb button_one_bg_color__hover_enabled=\u00bboff\u00bb button_two_bg_color__hover_enabled=\u00bboff\u00bb][\/et_pb_contact_field][et_pb_contact_field field_id=\u00bbMensaje\u00bb field_title=\u00bbMensaje*\u00bb field_type=\u00bbtext\u00bb fullwidth_field=\u00bbon\u00bb _builder_version=\u00bb4.16&#8243; global_colors_info=\u00bb{}\u00bb button_text_size__hover_enabled=\u00bboff\u00bb button_one_text_size__hover_enabled=\u00bboff\u00bb button_two_text_size__hover_enabled=\u00bboff\u00bb button_text_color__hover_enabled=\u00bboff\u00bb button_one_text_color__hover_enabled=\u00bboff\u00bb button_two_text_color__hover_enabled=\u00bboff\u00bb button_border_width__hover_enabled=\u00bboff\u00bb button_one_border_width__hover_enabled=\u00bboff\u00bb button_two_border_width__hover_enabled=\u00bboff\u00bb button_border_color__hover_enabled=\u00bboff\u00bb button_one_border_color__hover_enabled=\u00bboff\u00bb button_two_border_color__hover_enabled=\u00bboff\u00bb button_border_radius__hover_enabled=\u00bboff\u00bb button_one_border_radius__hover_enabled=\u00bboff\u00bb button_two_border_radius__hover_enabled=\u00bboff\u00bb button_letter_spacing__hover_enabled=\u00bboff\u00bb button_one_letter_spacing__hover_enabled=\u00bboff\u00bb button_two_letter_spacing__hover_enabled=\u00bboff\u00bb button_bg_color__hover_enabled=\u00bboff\u00bb button_one_bg_color__hover_enabled=\u00bboff\u00bb button_two_bg_color__hover_enabled=\u00bboff\u00bb][\/et_pb_contact_field][et_pb_contact_field field_id=\u00bbProtecci\u00f3_de_dades\u00bb field_title=\u00bb \u00bb field_type=\u00bbcheckbox\u00bb checkbox_options=\u00bb%91{%22value%22:%22He le\u00eddo y acepto la cl\u00e1usula de informaci\u00f3n sobre la protecci\u00f3n de datos%22,%22checked%22:0,%22dragID%22:-1,%22link_url%22:%22http:\/\/medianeeds.es\/docu\/catala\/contactecat.pdf%22,%22link_text%22:%22%22},{%22value%22:%22Autorizo el tratamiento de mis datos para recibir informaci\u00f3n por medios electr\u00f3nicos%22,%22checked%22:0,%22dragID%22:0}%93&#8243; fullwidth_field=\u00bbon\u00bb _builder_version=\u00bb4.16&#8243; _module_preset=\u00bbdefault\u00bb form_field_background_color=\u00bb#e1e0e2&#8243; form_field_text_color=\u00bb#575756&#8243; global_colors_info=\u00bb{}\u00bb][\/et_pb_contact_field][\/et_pb_contact_form][\/et_pb_column][\/et_pb_row][\/et_pb_section][et_pb_section fb_built=\u00bb1&#8243; fullwidth=\u00bbon\u00bb _builder_version=\u00bb4.16&#8243; custom_padding=\u00bb18px|0px|0px|0px|false|false\u00bb bottom_divider_flip=\u00bbhorizontal|vertical\u00bb global_colors_info=\u00bb{}\u00bb][et_pb_fullwidth_code _builder_version=\u00bb4.16&#8243; transform_translate=\u00bb0px|40px\u00bb global_colors_info=\u00bb{}\u00bb]<iframe loading=\"lazy\" src=\"https:\/\/www.google.com\/maps\/embed?pb=!1m18!1m12!1m3!1d3004.5236522345976!2d1.1115875154771766!3d41.14492361895364!2m3!1f0!2f0!3f0!3m2!1i1024!2i768!4f13.1!3m3!1m2!1s0x12a150fe58341307%3A0x92534e7ca7fef5ce!2sMedia%20Needs!5e0!3m2!1ses!2ses!4v1570531442516!5m2!1ses!2ses\" width=\"1920\" height=\"500\" frameborder=\"0\" style=\"border:0;\" allowfullscreen=\"\"><\/iframe>[\/et_pb_fullwidth_code][\/et_pb_section][et_pb_section fb_built=\u00bb1&#8243; _builder_version=\u00bb4.16&#8243; background_enable_color=\u00bboff\u00bb use_background_color_gradient=\u00bbon\u00bb background_color_gradient_direction=\u00bb109deg\u00bb background_color_gradient_stops=\u00bb#69247b 0%|#e6007e 100%\u00bb background_color_gradient_start=\u00bb#69247b\u00bb background_color_gradient_end=\u00bb#e6007e\u00bb custom_padding=\u00bb37px|0px|6px|0px|false|false\u00bb top_divider_flip=\u00bbhorizontal|vertical\u00bb top_divider_arrangement=\u00bbabove_content\u00bb global_colors_info=\u00bb{}\u00bb][et_pb_row column_structure=\u00bb3_4,1_4&#8243; _builder_version=\u00bb4.16&#8243; _module_preset=\u00bbdefault\u00bb global_colors_info=\u00bb{}\u00bb][et_pb_column type=\u00bb3_4&#8243; _builder_version=\u00bb4.16&#8243; _module_preset=\u00bbdefault\u00bb global_colors_info=\u00bb{}\u00bb][et_pb_image src=\u00bbhttps:\/\/medianeeds.es\/wp-content\/uploads\/2020\/10\/Logo_medianeeds.png\u00bb title_text=\u00bbLogo_medianeeds\u00bb align=\u00bbcenter\u00bb _builder_version=\u00bb4.16&#8243; _module_preset=\u00bbdefault\u00bb global_colors_info=\u00bb{}\u00bb][\/et_pb_image][\/et_pb_column][et_pb_column type=\u00bb1_4&#8243; _builder_version=\u00bb4.16&#8243; _module_preset=\u00bbdefault\u00bb global_colors_info=\u00bb{}\u00bb][et_pb_image src=\u00bbhttps:\/\/medianeeds.es\/wp-content\/uploads\/2019\/01\/Segell-2017-13-CAT-Web-Adequada-1.png\u00bb _builder_version=\u00bb4.16&#8243; _module_preset=\u00bbdefault\u00bb custom_margin=\u00bb28px||||false|false\u00bb global_colors_info=\u00bb{}\u00bb][\/et_pb_image][\/et_pb_column][\/et_pb_row][\/et_pb_section]\n","protected":false},"excerpt":{"rendered":"<p>Contacto\u00bfnos vemos?<span class=\"collapseomatic \" id=\"id69edfb044775a\"  tabindex=\"0\" title=\"\"    ><\/span> Comunicaci\u00f3 Reus resta a la teva disposici\u00f3 per a qualsevol dubte i pregunta que puguis tenir respecte els nostres serveis. Media Needs \u00e9s una empresa responsable que s\u2019adapta a les necessitats dels clients i estem disposats a parlar amb tu per a qualsevol objectiu fet a mida. Comunicaci\u00f3 Reus Media Needs \u00e9s [&hellip;]<\/p>\n","protected":false},"author":1,"featured_media":0,"parent":0,"menu_order":0,"comment_status":"closed","ping_status":"closed","template":"","meta":{"_et_pb_use_builder":"on","_et_pb_old_content":"","_et_gb_content_width":"","footnotes":""},"class_list":["post-10431","page","type-page","status-publish","hentry"],"yoast_head":"<!-- This site is optimized with the Yoast SEO plugin v27.4 - https:\/\/yoast.com\/product\/yoast-seo-wordpress\/ -->\n<title>Contacto | \u00bfHablamos? | Media Needs Comunicaci\u00f3n<\/title>\n<meta name=\"description\" content=\"Contacto: ponte en contacto con el equipo de Media Needs y te informaremos de lo que necesites sin compromiso. \u00bfA qu\u00e9 esperas? :)\" \/>\n<meta name=\"robots\" content=\"index, follow, max-snippet:-1, max-image-preview:large, max-video-preview:-1\" \/>\n<link rel=\"canonical\" href=\"https:\/\/medianeeds.es\/contacte-media-needs\/\" \/>\n<meta property=\"og:locale\" content=\"es_ES\" \/>\n<meta property=\"og:type\" content=\"article\" \/>\n<meta property=\"og:title\" content=\"Contacto | \u00bfHablamos? | Media Needs Comunicaci\u00f3n\" \/>\n<meta property=\"og:description\" content=\"Contacto: ponte en contacto con el equipo de Media Needs y te informaremos de lo que necesites sin compromiso. \u00bfA qu\u00e9 esperas? :)\" \/>\n<meta property=\"og:url\" content=\"https:\/\/medianeeds.es\/contacte-media-needs\/\" \/>\n<meta property=\"og:site_name\" content=\"M\u00e0rketing Reus | Media Needs Reus | Ag\u00e8ncia de publicitat Reus\" \/>\n<meta property=\"article:publisher\" content=\"https:\/\/www.facebook.com\/medianeeds.es\/\" \/>\n<meta property=\"article:modified_time\" content=\"2025-09-01T07:16:47+00:00\" \/>\n<meta property=\"og:image\" content=\"https:\/\/medianeeds.es\/wp-content\/uploads\/2024\/05\/young-female-logo-designer-working-graphic-tablet.jpg\" \/>\n\t<meta property=\"og:image:width\" content=\"1500\" \/>\n\t<meta property=\"og:image:height\" content=\"1000\" \/>\n\t<meta property=\"og:image:type\" content=\"image\/jpeg\" \/>\n<meta name=\"twitter:label1\" content=\"Tiempo de lectura\" \/>\n\t<meta name=\"twitter:data1\" content=\"4 minutos\" \/>\n<script type=\"application\/ld+json\" class=\"yoast-schema-graph\">{\"@context\":\"https:\\\/\\\/schema.org\",\"@graph\":[{\"@type\":\"WebPage\",\"@id\":\"https:\\\/\\\/medianeeds.es\\\/contacte-media-needs\\\/\",\"url\":\"https:\\\/\\\/medianeeds.es\\\/contacte-media-needs\\\/\",\"name\":\"Contacto | \u00bfHablamos? | Media Needs Comunicaci\u00f3n\",\"isPartOf\":{\"@id\":\"https:\\\/\\\/medianeeds.es\\\/#website\"},\"datePublished\":\"2018-07-19T14:08:02+00:00\",\"dateModified\":\"2025-09-01T07:16:47+00:00\",\"description\":\"Contacto: ponte en contacto con el equipo de Media Needs y te informaremos de lo que necesites sin compromiso. \u00bfA qu\u00e9 esperas? :)\",\"breadcrumb\":{\"@id\":\"https:\\\/\\\/medianeeds.es\\\/contacte-media-needs\\\/#breadcrumb\"},\"inLanguage\":\"es\",\"potentialAction\":[{\"@type\":\"ReadAction\",\"target\":[\"https:\\\/\\\/medianeeds.es\\\/contacte-media-needs\\\/\"]}]},{\"@type\":\"BreadcrumbList\",\"@id\":\"https:\\\/\\\/medianeeds.es\\\/contacte-media-needs\\\/#breadcrumb\",\"itemListElement\":[{\"@type\":\"ListItem\",\"position\":1,\"name\":\"Portada\",\"item\":\"https:\\\/\\\/medianeeds.es\\\/\"},{\"@type\":\"ListItem\",\"position\":2,\"name\":\"CONTACTO\"}]},{\"@type\":\"WebSite\",\"@id\":\"https:\\\/\\\/medianeeds.es\\\/#website\",\"url\":\"https:\\\/\\\/medianeeds.es\\\/\",\"name\":\"M\u00e0rketing Reus | Media Needs Reus | Ag\u00e8ncia de publicitat Reus\",\"description\":\"MediaNeeds \u00e9s una empresa especialitzada en serveis integrals de publicitat, m\u00e0rqueting on-line i community manager a Reus, Tarragona\",\"publisher\":{\"@id\":\"https:\\\/\\\/medianeeds.es\\\/#organization\"},\"alternateName\":\"Media Needs\",\"potentialAction\":[{\"@type\":\"SearchAction\",\"target\":{\"@type\":\"EntryPoint\",\"urlTemplate\":\"https:\\\/\\\/medianeeds.es\\\/?s={search_term_string}\"},\"query-input\":{\"@type\":\"PropertyValueSpecification\",\"valueRequired\":true,\"valueName\":\"search_term_string\"}}],\"inLanguage\":\"es\"},{\"@type\":\"Organization\",\"@id\":\"https:\\\/\\\/medianeeds.es\\\/#organization\",\"name\":\"M\u00e0rketing Reus | Media Needs Reus | Ag\u00e8ncia de publicitat Reus\",\"alternateName\":\"Media Needs\",\"url\":\"https:\\\/\\\/medianeeds.es\\\/\",\"logo\":{\"@type\":\"ImageObject\",\"inLanguage\":\"es\",\"@id\":\"https:\\\/\\\/medianeeds.es\\\/#\\\/schema\\\/logo\\\/image\\\/\",\"url\":\"https:\\\/\\\/medianeeds.es\\\/wp-content\\\/uploads\\\/2024\\\/06\\\/COLOR_Mesa-de-trabajo-1-copia.png\",\"contentUrl\":\"https:\\\/\\\/medianeeds.es\\\/wp-content\\\/uploads\\\/2024\\\/06\\\/COLOR_Mesa-de-trabajo-1-copia.png\",\"width\":470,\"height\":226,\"caption\":\"M\u00e0rketing Reus | Media Needs Reus | Ag\u00e8ncia de publicitat Reus\"},\"image\":{\"@id\":\"https:\\\/\\\/medianeeds.es\\\/#\\\/schema\\\/logo\\\/image\\\/\"},\"sameAs\":[\"https:\\\/\\\/www.facebook.com\\\/medianeeds.es\\\/\",\"https:\\\/\\\/x.com\\\/media_needs\",\"https:\\\/\\\/www.instagram.com\\\/medianeeds\\\/?hl=es\"]}]}<\/script>\n<!-- \/ Yoast SEO plugin. -->","yoast_head_json":{"title":"Contacto | \u00bfHablamos? | Media Needs Comunicaci\u00f3n","description":"Contacto: ponte en contacto con el equipo de Media Needs y te informaremos de lo que necesites sin compromiso. \u00bfA qu\u00e9 esperas? :)","robots":{"index":"index","follow":"follow","max-snippet":"max-snippet:-1","max-image-preview":"max-image-preview:large","max-video-preview":"max-video-preview:-1"},"canonical":"https:\/\/medianeeds.es\/contacte-media-needs\/","og_locale":"es_ES","og_type":"article","og_title":"Contacto | \u00bfHablamos? | Media Needs Comunicaci\u00f3n","og_description":"Contacto: ponte en contacto con el equipo de Media Needs y te informaremos de lo que necesites sin compromiso. \u00bfA qu\u00e9 esperas? :)","og_url":"https:\/\/medianeeds.es\/contacte-media-needs\/","og_site_name":"M\u00e0rketing Reus | Media Needs Reus | Ag\u00e8ncia de publicitat Reus","article_publisher":"https:\/\/www.facebook.com\/medianeeds.es\/","article_modified_time":"2025-09-01T07:16:47+00:00","og_image":[{"width":1500,"height":1000,"url":"https:\/\/medianeeds.es\/wp-content\/uploads\/2024\/05\/young-female-logo-designer-working-graphic-tablet.jpg","type":"image\/jpeg"}],"twitter_misc":{"Tiempo de lectura":"4 minutos"},"schema":{"@context":"https:\/\/schema.org","@graph":[{"@type":"WebPage","@id":"https:\/\/medianeeds.es\/contacte-media-needs\/","url":"https:\/\/medianeeds.es\/contacte-media-needs\/","name":"Contacto | \u00bfHablamos? | Media Needs Comunicaci\u00f3n","isPartOf":{"@id":"https:\/\/medianeeds.es\/#website"},"datePublished":"2018-07-19T14:08:02+00:00","dateModified":"2025-09-01T07:16:47+00:00","description":"Contacto: ponte en contacto con el equipo de Media Needs y te informaremos de lo que necesites sin compromiso. \u00bfA qu\u00e9 esperas? :)","breadcrumb":{"@id":"https:\/\/medianeeds.es\/contacte-media-needs\/#breadcrumb"},"inLanguage":"es","potentialAction":[{"@type":"ReadAction","target":["https:\/\/medianeeds.es\/contacte-media-needs\/"]}]},{"@type":"BreadcrumbList","@id":"https:\/\/medianeeds.es\/contacte-media-needs\/#breadcrumb","itemListElement":[{"@type":"ListItem","position":1,"name":"Portada","item":"https:\/\/medianeeds.es\/"},{"@type":"ListItem","position":2,"name":"CONTACTO"}]},{"@type":"WebSite","@id":"https:\/\/medianeeds.es\/#website","url":"https:\/\/medianeeds.es\/","name":"M\u00e0rketing Reus | Media Needs Reus | Ag\u00e8ncia de publicitat Reus","description":"MediaNeeds \u00e9s una empresa especialitzada en serveis integrals de publicitat, m\u00e0rqueting on-line i community manager a Reus, Tarragona","publisher":{"@id":"https:\/\/medianeeds.es\/#organization"},"alternateName":"Media Needs","potentialAction":[{"@type":"SearchAction","target":{"@type":"EntryPoint","urlTemplate":"https:\/\/medianeeds.es\/?s={search_term_string}"},"query-input":{"@type":"PropertyValueSpecification","valueRequired":true,"valueName":"search_term_string"}}],"inLanguage":"es"},{"@type":"Organization","@id":"https:\/\/medianeeds.es\/#organization","name":"M\u00e0rketing Reus | Media Needs Reus | Ag\u00e8ncia de publicitat Reus","alternateName":"Media Needs","url":"https:\/\/medianeeds.es\/","logo":{"@type":"ImageObject","inLanguage":"es","@id":"https:\/\/medianeeds.es\/#\/schema\/logo\/image\/","url":"https:\/\/medianeeds.es\/wp-content\/uploads\/2024\/06\/COLOR_Mesa-de-trabajo-1-copia.png","contentUrl":"https:\/\/medianeeds.es\/wp-content\/uploads\/2024\/06\/COLOR_Mesa-de-trabajo-1-copia.png","width":470,"height":226,"caption":"M\u00e0rketing Reus | Media Needs Reus | Ag\u00e8ncia de publicitat Reus"},"image":{"@id":"https:\/\/medianeeds.es\/#\/schema\/logo\/image\/"},"sameAs":["https:\/\/www.facebook.com\/medianeeds.es\/","https:\/\/x.com\/media_needs","https:\/\/www.instagram.com\/medianeeds\/?hl=es"]}]}},"_links":{"self":[{"href":"https:\/\/medianeeds.es\/es\/wp-json\/wp\/v2\/pages\/10431","targetHints":{"allow":["GET"]}}],"collection":[{"href":"https:\/\/medianeeds.es\/es\/wp-json\/wp\/v2\/pages"}],"about":[{"href":"https:\/\/medianeeds.es\/es\/wp-json\/wp\/v2\/types\/page"}],"author":[{"embeddable":true,"href":"https:\/\/medianeeds.es\/es\/wp-json\/wp\/v2\/users\/1"}],"replies":[{"embeddable":true,"href":"https:\/\/medianeeds.es\/es\/wp-json\/wp\/v2\/comments?post=10431"}],"version-history":[{"count":40,"href":"https:\/\/medianeeds.es\/es\/wp-json\/wp\/v2\/pages\/10431\/revisions"}],"predecessor-version":[{"id":18429,"href":"https:\/\/medianeeds.es\/es\/wp-json\/wp\/v2\/pages\/10431\/revisions\/18429"}],"wp:attachment":[{"href":"https:\/\/medianeeds.es\/es\/wp-json\/wp\/v2\/media?parent=10431"}],"curies":[{"name":"wp","href":"https:\/\/api.w.org\/{rel}","templated":true}]}}