{"id":10227,"date":"2018-07-19T14:06:24","date_gmt":"2018-07-19T14:06:24","guid":{"rendered":"https:\/\/medianeeds.es\/\/serveis\/"},"modified":"2022-08-23T12:11:46","modified_gmt":"2022-08-23T12:11:46","slug":"servicios-media-needs","status":"publish","type":"page","link":"https:\/\/medianeeds.es\/es\/servicios-media-needs\/","title":{"rendered":"SERVICIOS"},"content":{"rendered":"[et_pb_section fb_built=\u00bb1&#8243; custom_padding_last_edited=\u00bbon|phone\u00bb next_background_color=\u00bb#ffffff\u00bb _builder_version=\u00bb4.16&#8243; background_color=\u00bb#69247b\u00bb background_image=\u00bbhttps:\/\/medianeeds.es\/wp-content\/uploads\/2020\/10\/IMG_8732-min-scaled.jpg\u00bb background_blend=\u00bbmultiply\u00bb custom_margin=\u00bb|||\u00bb custom_padding=\u00bb90px||175px||false|false\u00bb custom_padding_tablet=\u00bb\u00bb custom_padding_phone=\u00bb100px||185px|\u00bb bottom_divider_style=\u00bbwave2&#8243; global_colors_info=\u00bb{}\u00bb][et_pb_row _builder_version=\u00bb4.16&#8243; background_color_gradient_direction=\u00bb135deg\u00bb background_size=\u00bbinitial\u00bb background_position=\u00bbtop_left\u00bb background_repeat=\u00bbrepeat\u00bb max_width=\u00bb1063px\u00bb custom_padding=\u00bb0|0px|0|0px\u00bb animation_style=\u00bbflip\u00bb animation_direction=\u00bbbottom\u00bb animation_duration=\u00bb1250ms\u00bb animation_intensity_flip=\u00bb100%\u00bb use_custom_width=\u00bbon\u00bb custom_width_px=\u00bb1063px\u00bb global_colors_info=\u00bb{}\u00bb][et_pb_column type=\u00bb4_4&#8243; _builder_version=\u00bb4.16&#8243; custom_padding=\u00bb|||\u00bb global_colors_info=\u00bb{}\u00bb custom_padding__hover=\u00bb|||\u00bb][et_pb_text _builder_version=\u00bb4.16&#8243; text_font=\u00bb||||||||\u00bb text_line_height=\u00bb1.3em\u00bb header_font=\u00bbRubik||||||||\u00bb header_text_align=\u00bbcenter\u00bb header_font_size=\u00bb70px\u00bb header_3_font=\u00bbRubik|500|||||||\u00bb background_color_gradient_direction=\u00bb90deg\u00bb background_layout=\u00bbdark\u00bb custom_margin=\u00bb|||\u00bb custom_padding=\u00bb30px|||\u00bb header_font_size_tablet=\u00bb52px\u00bb header_font_size_phone=\u00bb40px\u00bb header_font_size_last_edited=\u00bbon|tablet\u00bb inline_fonts=\u00bbPT Sans Narrow\u00bb global_colors_info=\u00bb{}\u00bb]\n<h1>\u00bfHasta d\u00f3nde quieres llegar?<\/h1>\n[\/et_pb_text][et_pb_text _builder_version=\u00bb4.16&#8243; _module_preset=\u00bbdefault\u00bb text_font=\u00bbRubik||||||||\u00bb text_font_size=\u00bb30px\u00bb text_line_height=\u00bb1.6em\u00bb global_colors_info=\u00bb{}\u00bb]\n<p style=\"text-align: center;\"><span style=\"color: #ffffff;\">Servicios a tu medida<\/span><\/p>\n[\/et_pb_text][et_pb_text _builder_version=\u00bb4.16&#8243; global_colors_info=\u00bb{}\u00bb]<span class=\"collapseomatic \" id=\"id69edf94b4738e\"  tabindex=\"0\" title=\"\"    ><\/span><div id=\"target-id69edf94b4738e\" class=\"collapseomatic_content \">\n<p><strong>M\u00e0rqueting Reus\u00a0<\/strong>t&#8217;ofereix\u00a0serveis integrals de\u00a0m\u00e0rqueting\u00a0a tot \u00a0el Camp de Tarragona,\u00a0disseny\u00a0d\u2019imatge corporativa, creaci\u00f3 i disseny de p\u00e0gines web, papereria corporativa, serveis de community manager, contacte amb la\u00a0premsa\u00a0i molts altres elements que poden fer canviar la vida d\u2019una\u00a0Petita i Mitjana empresa (PIME). Som una empresa de\u00a0comunicaci\u00f3\u00a0a\u00a0Reus, que s\u2019adapta a la teva mida, caracter\u00edstiques i necessitats.<\/p>\n<h2>M\u00e0rqueting Reus<\/h2>\n<p>L\u2019 objectiu de\u00a0<strong>m\u00e0rqueting Reus<\/strong><strong>\u00a0<\/strong>\u00e9s ajudar a les petites i mitjanes empreses de\u00a0Reus\u00a0i el\u00a0Camp de Tarragona\u00a0a arribar a m\u00e9s clients amb els missatges correctes i una planificaci\u00f3 concreta mitjan\u00e7ant una estrat\u00e8gia de\u00a0comunicaci\u00f3\u00a0correcta que nosaltres elaborem. A Media Needs treballem pensant en totes aquells\u00a0petits i mitjans empresaris\u00a0que creuen que un servei tant concret i planificat \u00e9s necessari per a la seva\u00a0Pime\u00a0i veuen que no \u00e9s accessible per al seu limitat pressupost o falta de temps. Aix\u00ed doncs, a\u00a0Media\u00a0Needs Reus\u00a0intentem acostar aquest servei tant important per a tota empresa amb pressupostos ajustats i personalitzats, fets a mida.<\/p>\n<p><strong>M\u00e0rqueting Reus<\/strong> \u00e9s una empresa de comunicaci\u00f3 i m\u00e0rqueting amb una filosofia: \u00a0Una bona comunicaci\u00f3 \u00e9s una bona garantia d\u2019\u00e8xit. Ens assegurem de\u00a0captar a nous clients i augmentar la rendibilitat de la teva empresa. Tots els elements que utilitzem han de tenir el mateix car\u00e0cter que el teu establiment. Si vols donar una imatge concreta de la teva empresa i no saps com fer-ho, Media Needs et d\u00f3na les t\u00e8cniques per a que aix\u00f2 sigui possible.<\/p>\n<h2>M\u00e0rqueting Reus<\/h2>\n<p>D\u2019aquesta manera,\u00a0<strong>m\u00e0rqueting Reus<\/strong>\u00a0crea aix\u00ed un nou concepte de m\u00e0rqueting que et permetr\u00e0 tenir un bon posicionament de la teva empresa: personalitzat, que s&#8217;adapta a la teva empresa i garantint un servei professional que no deixar\u00e0 al teu p\u00fablic objectiu indiferent. Contacta\u2019ns i t\u2019ajudarem. No et decebrem.<\/p>\n<\/div>\n[\/et_pb_text][\/et_pb_column][\/et_pb_row][\/et_pb_section][et_pb_section fb_built=\u00bb1&#8243; custom_padding_last_edited=\u00bbon|phone\u00bb _builder_version=\u00bb4.16&#8243; custom_padding=\u00bb0|0px|0|0px|false|false\u00bb custom_padding_tablet=\u00bb||150px|\u00bb custom_padding_phone=\u00bb0px||100px|\u00bb top_divider_color=\u00bb#500b67&#8243; bottom_divider_color=\u00bb#8300e9&#8243; global_colors_info=\u00bb{}\u00bb][et_pb_row column_structure=\u00bb1_2,1_2&#8243; _builder_version=\u00bb4.16&#8243; _module_preset=\u00bbdefault\u00bb background_color=\u00bb#69247B\u00bb use_background_color_gradient=\u00bbon\u00bb background_color_gradient_direction=\u00bb190deg\u00bb background_color_gradient_stops=\u00bb#e6007e 0%|#69247b 100%\u00bb background_color_gradient_start=\u00bb#e6007e\u00bb background_color_gradient_end=\u00bb#69247b\u00bb custom_padding=\u00bb36px|||||\u00bb global_colors_info=\u00bb{}\u00bb][et_pb_column type=\u00bb1_2&#8243; _builder_version=\u00bb4.16&#8243; _module_preset=\u00bbdefault\u00bb global_colors_info=\u00bb{}\u00bb][et_pb_image src=\u00bbhttps:\/\/medianeeds.es\/wp-content\/uploads\/2020\/10\/Sin-ti\u0301tulo-5_Mesa-de-trabajo-1.png\u00bb title_text=\u00bbSin ti\u0301tulo-5_Mesa de trabajo 1&#8243; align=\u00bbright\u00bb _builder_version=\u00bb4.16&#8243; _module_preset=\u00bbdefault\u00bb global_colors_info=\u00bb{}\u00bb][\/et_pb_image][\/et_pb_column][et_pb_column type=\u00bb1_2&#8243; _builder_version=\u00bb4.16&#8243; _module_preset=\u00bbdefault\u00bb global_colors_info=\u00bb{}\u00bb][et_pb_cta title=\u00bbCONOCES EL KIt DIGITAL\u00bb button_url=\u00bbhttps:\/\/medianeeds.es\/es\/kit-digital\/\u00bb button_text=\u00bb\u00a1Toda la informaci\u00f3n aqu\u00ed!\u00bb _builder_version=\u00bb4.16&#8243; _module_preset=\u00bbdefault\u00bb background_enable_color=\u00bboff\u00bb text_orientation=\u00bbleft\u00bb custom_padding=\u00bb67px|||||\u00bb link_option_url=\u00bbhttps:\/\/medianeeds.es\/es\/kit-digital\/\u00bb global_colors_info=\u00bb{}\u00bb]\n<h5>Consigue <strong>hasta 12.000\u20ac<\/strong> a fondo perdido para digitalizar tu empresa<\/h5>\n<p>Es un programa de ayudas econ\u00f3micas para la digitalizaci\u00f3n de pymes y aut\u00f3nomos que tiene como objetivo fomentar la modernizaci\u00f3n de las peque\u00f1as y medianas empresas con el fin de que consigan aumentar su madureza digital, y de esta forma ser m\u00e1s competitivas.<\/p>\n[\/et_pb_cta][\/et_pb_column][\/et_pb_row][et_pb_row _builder_version=\u00bb4.16&#8243; global_colors_info=\u00bb{}\u00bb][et_pb_column type=\u00bb4_4&#8243; _builder_version=\u00bb4.16&#8243; custom_padding=\u00bb|||\u00bb global_colors_info=\u00bb{}\u00bb custom_padding__hover=\u00bb|||\u00bb][et_pb_text _builder_version=\u00bb4.16&#8243; text_font=\u00bb||||||||\u00bb text_text_color=\u00bb#500b67&#8243; text_font_size=\u00bb52px\u00bb text_line_height=\u00bb1.5em\u00bb header_line_height=\u00bb1.7em\u00bb global_colors_info=\u00bb{}\u00bb]\n<p style=\"text-align: center;\"><strong>EL M\u00c9TODO MEDIA NEEDS<\/strong><\/p>\n[\/et_pb_text][\/et_pb_column][\/et_pb_row][et_pb_row _builder_version=\u00bb4.16&#8243; custom_padding=\u00bb29px|0px|0|0px|false|false\u00bb global_colors_info=\u00bb{}\u00bb][et_pb_column type=\u00bb4_4&#8243; _builder_version=\u00bb4.16&#8243; custom_padding=\u00bb|||\u00bb global_colors_info=\u00bb{}\u00bb custom_padding__hover=\u00bb|||\u00bb][et_pb_text _builder_version=\u00bb4.16&#8243; text_font_size=\u00bb21px\u00bb global_colors_info=\u00bb{}\u00bb]\n<p class=\"stepbox2-desc\" style=\"text-align: center;\">COMUNICAR BIEN ES GARANT\u00cdA DE \u00c9XITO<\/p>\n<div class=\"stepbox2-desc\"><\/div>\n[\/et_pb_text][\/et_pb_column][\/et_pb_row][et_pb_row column_structure=\u00bb1_3,1_3,1_3&#8243; _builder_version=\u00bb4.16&#8243; custom_margin=\u00bb53px|auto||auto||\u00bb custom_padding=\u00bb36px|0|61px|0px|false|false\u00bb global_colors_info=\u00bb{}\u00bb][et_pb_column type=\u00bb1_3&#8243; _builder_version=\u00bb4.16&#8243; custom_padding=\u00bb|||\u00bb global_colors_info=\u00bb{}\u00bb custom_padding__hover=\u00bb|||\u00bb][et_pb_blurb title=\u00bb1&#8243; _builder_version=\u00bb4.16&#8243; header_level=\u00bbh1&#8243; header_font=\u00bb||||||||\u00bb header_text_align=\u00bbcenter\u00bb header_text_color=\u00bb#500b67&#8243; header_font_size=\u00bb60px\u00bb body_font=\u00bbRubik|300|||||||\u00bb body_font_size=\u00bb15px\u00bb global_colors_info=\u00bb{}\u00bb]\n<h6 style=\"text-align: center;\"><strong><\/strong><\/h6>\n<h6 style=\"text-align: center;\"><strong><\/strong><\/h6>\n<h6 style=\"text-align: center;\"><strong>AN\u00c1LISIS DE LA EMPRESA<\/strong><\/h6>\n<p><strong><\/strong><\/p>\n<p><strong><\/strong><\/p>\n<p style=\"text-align: justify;\">\u00bfEres una Pyme y no tienes web? \u00bfTienes pero no cumple los objetivos? \u00bfTienes redes sociales y no te aportan beneficios? \u00a1D\u00e9janos ayudarte! En Media Needs tenemos contacto directo con tu empresa para conocer el negocio y tus objetivos y as\u00ed generar la estrategia correcta.<\/p>\n[\/et_pb_blurb][\/et_pb_column][et_pb_column type=\u00bb1_3&#8243; _builder_version=\u00bb4.16&#8243; custom_padding=\u00bb|||\u00bb global_colors_info=\u00bb{}\u00bb custom_padding__hover=\u00bb|||\u00bb][et_pb_blurb title=\u00bb2&#8243; _builder_version=\u00bb4.16&#8243; header_level=\u00bbh1&#8243; header_font=\u00bb||||||||\u00bb header_text_align=\u00bbcenter\u00bb header_text_color=\u00bb#500b67&#8243; header_font_size=\u00bb60px\u00bb body_font=\u00bbRubik|300|||||||\u00bb body_font_size=\u00bb15px\u00bb global_colors_info=\u00bb{}\u00bb]\n<h6 style=\"text-align: center;\"><strong><\/strong><\/h6>\n<h6 style=\"text-align: center;\"><strong><\/strong><\/h6>\n<h6 style=\"text-align: center;\"><strong>ESTRATEGIA COMUNICATIVA<\/strong><\/h6>\n<p><strong><\/strong><\/p>\n<p><strong><\/strong><\/p>\n<p style=\"text-align: justify;\">Desarrollamos y activamos nuestro plan en aquellos puntos d\u00e9biles de tu comunicaci\u00f3n. Una estrategia y un proyecto de comunicaci\u00f3n en una misma direcci\u00f3n y hacia un p\u00fablico objetivo y potencial. Todo con una idea fundamental: lo que eres, es lo que quieres transmitir.<\/p>\n[\/et_pb_blurb][\/et_pb_column][et_pb_column type=\u00bb1_3&#8243; _builder_version=\u00bb4.16&#8243; custom_padding=\u00bb|||\u00bb global_colors_info=\u00bb{}\u00bb custom_padding__hover=\u00bb|||\u00bb][et_pb_blurb title=\u00bb3&#8243; _builder_version=\u00bb4.16&#8243; header_level=\u00bbh1&#8243; header_font=\u00bb||||||||\u00bb header_text_align=\u00bbcenter\u00bb header_text_color=\u00bb#500b67&#8243; header_font_size=\u00bb60px\u00bb body_font=\u00bbRubik|300|||||||\u00bb body_font_size=\u00bb15px\u00bb global_colors_info=\u00bb{}\u00bb]\n<h6 style=\"text-align: center;\"><strong><\/strong><\/h6>\n<h6 style=\"text-align: center;\"><strong>nuestra f\u00f3rmula<\/strong><\/h6>\n<p><strong><\/strong><\/p>\n<p><strong><\/strong><\/p>\n<p><strong><\/strong><\/p>\n<p style=\"text-align: justify;\">Una f\u00f3rmula que nos avala, con experiencia en m\u00faltiples Pymes: <strong>an\u00e1lisis + estrategia + ejecuci\u00f3n impecable<\/strong> es igual a resultados asegurados. Una buena comunicaci\u00f3n es una buena garant\u00eda de \u00e9xito. \u00a1No te quedes atr\u00e1s, para que tu empresa vale la pena, y en Media Needs lo sabemos!<\/p>\n[\/et_pb_blurb][\/et_pb_column][\/et_pb_row][\/et_pb_section][et_pb_section fb_built=\u00bb1&#8243; _builder_version=\u00bb4.16&#8243; _module_preset=\u00bbdefault\u00bb global_colors_info=\u00bb{}\u00bb][et_pb_row column_structure=\u00bb1_2,1_2&#8243; _builder_version=\u00bb4.16&#8243; _module_preset=\u00bbdefault\u00bb min_height=\u00bb793px\u00bb custom_padding=\u00bb||107px|||\u00bb global_colors_info=\u00bb{}\u00bb][et_pb_column type=\u00bb1_2&#8243; _builder_version=\u00bb4.16&#8243; _module_preset=\u00bbdefault\u00bb global_colors_info=\u00bb{}\u00bb][et_pb_image src=\u00bbhttps:\/\/medianeeds.es\/wp-content\/uploads\/2020\/10\/movil-dental_2.png\u00bb title_text=\u00bbmovil-dental_2&#8243; _builder_version=\u00bb4.16&#8243; _module_preset=\u00bbdefault\u00bb global_colors_info=\u00bb{}\u00bb][\/et_pb_image][\/et_pb_column][et_pb_column type=\u00bb1_2&#8243; _builder_version=\u00bb4.16&#8243; _module_preset=\u00bbdefault\u00bb global_colors_info=\u00bb{}\u00bb][et_pb_text _builder_version=\u00bb4.16&#8243; text_font=\u00bb|300|||||||\u00bb text_font_size=\u00bb35px\u00bb header_font=\u00bb||||||||\u00bb header_6_font=\u00bb||||||||\u00bb header_6_font_size=\u00bb8px\u00bb custom_margin=\u00bb|0px||0px|false|false\u00bb custom_margin_tablet=\u00bb\u00bb custom_margin_phone=\u00bb|13px||-9px\u00bb custom_margin_last_edited=\u00bbon|phone\u00bb global_colors_info=\u00bb{}\u00bb]\n<p style=\"text-align: center;\"><span style=\"color: #500b67;\"><b>SOCIAL MEDIA<\/b><\/span><\/p>\n[\/et_pb_text][et_pb_text _builder_version=\u00bb4.16&#8243; text_font=\u00bbRubik|300|||||||\u00bb text_text_color=\u00bb#7a7a7a\u00bb text_font_size=\u00bb16px\u00bb text_line_height=\u00bb1.6em\u00bb header_font=\u00bb||||||||\u00bb custom_margin=\u00bb|0px||0px|false|false\u00bb custom_margin_tablet=\u00bb\u00bb custom_margin_phone=\u00bb|0px||0px\u00bb custom_margin_last_edited=\u00bbon|phone\u00bb global_colors_info=\u00bb{}\u00bb]\n<p style=\"text-align: justify;\">El m\u00e1rqueting en las plataformas sociales es la funci\u00f3n que eval\u00faa el impacto de los medios y los introduce en las estrategias corporativas. Nos referimos a factores como la publicidad, la comunicaci\u00f3n, el desarrollo de los productos, la investigaci\u00f3n de mercado, la atenci\u00f3n al cliente y su fidelizaci\u00f3n, y finalmente la funci\u00f3n comercial.<\/p>\n<p style=\"text-align: justify;\">No se trata s\u00f3lo de publicidad o comunicaci\u00f3n, sino de tener presencia y relaci\u00f3n constante con las personas.<\/p>\n[\/et_pb_text][et_pb_toggle title=\u00bbsaber m\u00e1s\u00bb open_toggle_text_color=\u00bb#f4f4f4&#8243; open_toggle_background_color=\u00bb#69247b\u00bb closed_toggle_background_color=\u00bb#69247b\u00bb _builder_version=\u00bb4.16&#8243; title_text_color=\u00bb#ffffff\u00bb title_level=\u00bbh6&#8243; title_font=\u00bb||||||||\u00bb title_text_align=\u00bbcenter\u00bb title_font_size=\u00bb16px\u00bb body_font=\u00bb||||||||\u00bb body_text_color=\u00bb#ffffff\u00bb custom_margin=\u00bb|0px||0px|false|false\u00bb custom_margin_tablet=\u00bb\u00bb custom_margin_phone=\u00bb|0px||0px\u00bb custom_margin_last_edited=\u00bbon|phone\u00bb global_colors_info=\u00bb{}\u00bb]\n<ul class=\"services_box__list\">\n<li class=\"text-custom\">Generamos contenidos en las Redes Sociales.<\/li>\n<li class=\"text-custom\">Formaci\u00f3n y coaching para trabajadores.<\/li>\n<li class=\"text-custom\">Desarrollo en las redes sociales: blogs, comunidades, redes sociales, etc.<\/li>\n<li class=\"text-custom\">Desarrollo de estrategias e implantaci\u00f3n.<\/li>\n<li class=\"text-custom\">Evaluaci\u00f3n y desarrollo de identidad.<\/li>\n<\/ul>\n[\/et_pb_toggle][et_pb_blurb title=\u00bbcommunity management\u00bb use_icon=\u00bbon\u00bb font_icon=\u00bb&#xe0fc;||divi||400&#8243; icon_color=\u00bb#ffffff\u00bb image_icon_background_color=\u00bb#69247b\u00bb image_icon_width=\u00bb55px\u00bb _builder_version=\u00bb4.16&#8243; header_level=\u00bbh6&#8243; header_font=\u00bb||||||||\u00bb header_text_align=\u00bbcenter\u00bb header_font_size=\u00bb18px\u00bb image_icon_custom_padding=\u00bb25px|25px|25px|25px|false|false\u00bb custom_margin_tablet=\u00bb|0px|||false|false\u00bb custom_margin_phone=\u00bb0px||0px|0px|false|false\u00bb custom_margin_last_edited=\u00bbon|tablet\u00bb custom_padding_tablet=\u00bb\u00bb custom_padding_phone=\u00bb|0px||0px\u00bb custom_padding_last_edited=\u00bbon|phone\u00bb border_radii_image=\u00bbon|100%|100%|100%|100%\u00bb icon_font_size=\u00bb55px\u00bb use_circle=\u00bbon\u00bb global_colors_info=\u00bb{}\u00bb image_icon_background_color__sticky_enabled=\u00bb#69247b\u00bb image_icon_background_color__sticky=\u00bb#69247b\u00bb][\/et_pb_blurb][\/et_pb_column][\/et_pb_row][et_pb_row column_structure=\u00bb1_2,1_2&#8243; _builder_version=\u00bb4.16&#8243; _module_preset=\u00bbdefault\u00bb min_height=\u00bb676px\u00bb global_colors_info=\u00bb{}\u00bb][et_pb_column type=\u00bb1_2&#8243; _builder_version=\u00bb4.16&#8243; _module_preset=\u00bbdefault\u00bb global_colors_info=\u00bb{}\u00bb][et_pb_text _builder_version=\u00bb4.16&#8243; text_font=\u00bb|300|||||||\u00bb text_font_size=\u00bb35px\u00bb text_line_height=\u00bb1.8em\u00bb header_font=\u00bb||||||||\u00bb header_line_height=\u00bb1.8em\u00bb header_6_font=\u00bb||||||||\u00bb header_6_font_size=\u00bb8px\u00bb custom_margin=\u00bb|0px||0px|false|false\u00bb custom_margin_tablet=\u00bb\u00bb custom_margin_phone=\u00bb|13px||-9px\u00bb custom_margin_last_edited=\u00bbon|phone\u00bb global_colors_info=\u00bb{}\u00bb]\n<p style=\"text-align: center;\"><span style=\"color: #500b67;\"><b>DISE\u00d1O GR\u00c1FICO<\/b><\/span><\/p>\n[\/et_pb_text][et_pb_text _builder_version=\u00bb4.16&#8243; text_font=\u00bbRubik|300|||||||\u00bb text_text_color=\u00bb#7a7a7a\u00bb text_font_size=\u00bb16px\u00bb text_line_height=\u00bb1.6em\u00bb header_font=\u00bb||||||||\u00bb custom_margin=\u00bb|0px||0px|false|false\u00bb custom_margin_tablet=\u00bb\u00bb custom_margin_phone=\u00bb|0px||0px\u00bb custom_margin_last_edited=\u00bbon|phone\u00bb global_colors_info=\u00bb{}\u00bb]\n<p style=\"text-align: justify;\">Creamos tu imagen corporativa o la actualizamos. Adem\u00e1s, aplicamos esta imagen dentro de una estrategia comunicativa uniforme. Todo lo relacionado con tu empresa debe mostrar los mismos valores e ideas y despertar los mismos sentimientos. Tu imagen habla por tu negocio y es un punto importante de tu \u00e9xito. \u00a1Dise\u00f1amos y maquetamos cartas, tarjetas, cat\u00e1logos, flyers, carteles, vinilos y mucho m\u00e1s!<\/p>\n[\/et_pb_text][et_pb_toggle title=\u00bbsaber m\u00e1s\u00bb open_toggle_text_color=\u00bb#f4f4f4&#8243; open_toggle_background_color=\u00bb#69247b\u00bb closed_toggle_background_color=\u00bb#69247b\u00bb _builder_version=\u00bb4.16&#8243; title_text_color=\u00bb#ffffff\u00bb title_level=\u00bbh6&#8243; title_font=\u00bb||||||||\u00bb title_text_align=\u00bbcenter\u00bb title_font_size=\u00bb16px\u00bb body_font=\u00bb||||||||\u00bb body_text_color=\u00bb#ffffff\u00bb custom_margin=\u00bb|0px||0px|false|false\u00bb custom_margin_tablet=\u00bb\u00bb custom_margin_phone=\u00bb|0px||0px\u00bb custom_margin_last_edited=\u00bbon|phone\u00bb global_colors_info=\u00bb{}\u00bb]\n<ul class=\"services_box__list\">\n<li class=\"text-custom\">Dise\u00f1o de logotipo<\/li>\n<li class=\"text-custom\">Dise\u00f1o de los elementos de la papeler\u00eda b\u00e1sica<\/li>\n<li class=\"text-custom\">Flyers<\/li>\n<li class=\"text-custom\">Carteles<\/li>\n<li class=\"text-custom\">Dise\u00f1os de gran formato<\/li>\n<li class=\"text-custom\">Dise\u00f1os para \u00e1mbito digital<\/li>\n<\/ul>\n[\/et_pb_toggle][et_pb_blurb title=\u00bbImagen Corporativa\u00bb use_icon=\u00bbon\u00bb font_icon=\u00bb&#xe102;||divi||400&#8243; image_icon_width=\u00bb55px\u00bb _builder_version=\u00bb4.16&#8243; header_level=\u00bbh6&#8243; header_font=\u00bb||||||||\u00bb header_text_align=\u00bbcenter\u00bb header_font_size=\u00bb18px\u00bb icon_font_size=\u00bb55px\u00bb global_colors_info=\u00bb{}\u00bb][\/et_pb_blurb][\/et_pb_column][et_pb_column type=\u00bb1_2&#8243; _builder_version=\u00bb4.16&#8243; _module_preset=\u00bbdefault\u00bb global_colors_info=\u00bb{}\u00bb][et_pb_image src=\u00bbhttps:\/\/medianeeds.es\/\/wp-content\/uploads\/2018\/07\/Captura-de-pantalla-2018-07-20-a-las-11.02.34-copia.png\u00bb align_tablet=\u00bbcenter\u00bb align_phone=\u00bb\u00bb align_last_edited=\u00bbon|desktop\u00bb _builder_version=\u00bb4.16&#8243; custom_margin=\u00bb10px|0px|0px|0px|false|false\u00bb custom_padding=\u00bb0px|0px|0px|\u00bb global_colors_info=\u00bb{}\u00bb]&nbsp;<br \/>\n[\/et_pb_image][\/et_pb_column][\/et_pb_row][et_pb_row column_structure=\u00bb1_2,1_2&#8243; _builder_version=\u00bb4.16&#8243; _module_preset=\u00bbdefault\u00bb global_colors_info=\u00bb{}\u00bb][et_pb_column type=\u00bb1_2&#8243; _builder_version=\u00bb4.16&#8243; _module_preset=\u00bbdefault\u00bb global_colors_info=\u00bb{}\u00bb][et_pb_image src=\u00bbhttps:\/\/medianeeds.es\/wp-content\/uploads\/2020\/10\/web.png\u00bb title_text=\u00bbweb\u00bb _builder_version=\u00bb4.16&#8243; _module_preset=\u00bbdefault\u00bb global_colors_info=\u00bb{}\u00bb][\/et_pb_image][et_pb_code _builder_version=\u00bb4.16&#8243; _module_preset=\u00bbdefault\u00bb global_colors_info=\u00bb{}\u00bb]<span class=\"collapseomatic \" id=\"id69edf94b474cf\"  tabindex=\"0\" title=\"\"    ><\/span><div id=\"target-id69edf94b474cf\" class=\"collapseomatic_content \"><!-- [et_pb_line_break_holder] --><\/p>\n<h2> Servicios Media Needs <\/h2>\n<p><!-- [et_pb_line_break_holder] --><!-- [et_pb_line_break_holder] -->Los servicios que ofrecemos en Media Needs tienen el objetivo principal de hacer crecer tu negocio y posicionarlo en el mundo digital.<!-- [et_pb_line_break_holder] --><!-- [et_pb_line_break_holder] -->Por este motivo, en Media Needs seguimos nuestro propio m\u00e9todo, basado en que la comunicaci\u00f3n siempre es garant\u00eda de \u00e9xito.<!-- [et_pb_line_break_holder] -->En primer lugar, elaboramos un an\u00e1lisis de la empresa y su situaci\u00f3n. Algunos aspectos a considerar son la pagina web o las redes sociales del negocio, en el caso de tener. Hay que hacer una valoraci\u00f3n tanto de los puntos fuertes como de los puntos d\u00e9biles de la empresa, as\u00ed como de los otros negocios entorno a la localizaci\u00f3n en cuesti\u00f3n. <!-- [et_pb_line_break_holder] -->En segundo lugar, hay que definir una estrategia comunicativa efectiva y a medida. De este modo, dise\u00f1amos una estrategia y un proyecto comunicativo unificado y adaptado al p\u00fablico al que nos interesa llegar. Todo esto, bas\u00e1ndonos en aquello que quieres que represente y transmita sobre tu empresa.<!-- [et_pb_line_break_holder] --><!-- [et_pb_line_break_holder] --><\/p>\n<h2> Servicios Media Needs <\/h2>\n<p><!-- [et_pb_line_break_holder] --><!-- [et_pb_line_break_holder] -->Una vez tenemos elaborado el an\u00e1lisis y el plan de comunicaci\u00f3n estrat\u00e9gico es hora de ejecutarlo. Una vez este en marcha, nos encargamos de analizar los resultados tanto a corto como a largo plazo. De este modo, valoramos si las decisiones tomadas han estado m\u00e1s acertadas o si existe alg\u00fan aspecto a modificar en la ejecuci\u00f3n, todo para mejorar.<!-- [et_pb_line_break_holder] --><!-- [et_pb_line_break_holder] -->Entre los servicios de Media Needs podemos encontrar los siguientes: social media, dise\u00f1o gr\u00e1fico, dise\u00f1o web, posicionamiento SEO y SEM, audiovisuales y radio y mucho m\u00e1s.<!-- [et_pb_line_break_holder] --><!-- [et_pb_line_break_holder] -->Social Media: la presencia de nuestro negocio en las redes sociales puede ser un punto muy importante a cuidar en funci\u00f3n de la empresa. Por este motivo, hacemos uso de las redes sociales para tener presencia y relaci\u00f3n constante con los clientes potenciales.<!-- [et_pb_line_break_holder] --><!-- [et_pb_line_break_holder] -->Dise\u00f1o gr\u00e1fico: todo aquello que est\u00e9 relacionado con tu empresa tiene que mostrar los mismos valores e ideas. Tu imagen corporativa habla de tu negocio y puede ser un punto importante de tu \u00e9xito. Por este motivo, en Media Needs trabajamos el dise\u00f1o gr\u00e1fico en diferentes soportes: tarjetas, cat\u00e1logos, flyers\u2026<!-- [et_pb_line_break_holder] --><!-- [et_pb_line_break_holder] -->Estos son los servicios de Media Needs. \u00bfEn qu\u00e9 podemos ayudarte?<!-- [et_pb_line_break_holder] --><!-- [et_pb_line_break_holder] --><\/div>[\/et_pb_code][\/et_pb_column][et_pb_column type=\u00bb1_2&#8243; _builder_version=\u00bb4.16&#8243; _module_preset=\u00bbdefault\u00bb global_colors_info=\u00bb{}\u00bb][et_pb_text _builder_version=\u00bb4.16&#8243; text_font=\u00bb|300|||||||\u00bb text_font_size=\u00bb35px\u00bb header_font=\u00bb||||||||\u00bb header_6_font=\u00bb||||||||\u00bb header_6_font_size=\u00bb8px\u00bb custom_margin=\u00bb|0px||0px|false|false\u00bb custom_margin_tablet=\u00bb\u00bb custom_margin_phone=\u00bb|13px||-9px\u00bb custom_margin_last_edited=\u00bbon|phone\u00bb global_colors_info=\u00bb{}\u00bb]\n<p style=\"text-align: center;\"><span style=\"color: #500b67;\"><b>DISE\u00d1O WEB<\/b><\/span><\/p>\n[\/et_pb_text][et_pb_text _builder_version=\u00bb4.16&#8243; text_font=\u00bbRubik|300|||||||\u00bb text_text_color=\u00bb#7a7a7a\u00bb text_font_size=\u00bb16px\u00bb text_line_height=\u00bb1.6em\u00bb header_font=\u00bb||||||||\u00bb custom_margin=\u00bb|0px||0px|false|false\u00bb custom_margin_tablet=\u00bb\u00bb custom_margin_phone=\u00bb|0px||0px\u00bb custom_margin_last_edited=\u00bbon|phone\u00bb global_colors_info=\u00bb{}\u00bb]\n<p style=\"text-align: justify;\">En Media Needs creamos sitios web adaptables a todas las plataformas (PC, Smartphones, tablets, etc), para que el dise\u00f1o, la imagen y el contenido siempre sean los mejores. Realizamos el espacio a tu medida, en funci\u00f3n de tus necesidades y siempre pensando en el consumidor. El cliente debe encontrar lo que busca y nosotros te ayudamos a hacerlo.<\/p>\n<p style=\"text-align: justify;\">Creamos portales accesibles, comprensibles, r\u00e1pidos, multiplataforma, multimedia, transmedia, est\u00e9ticos y de uso sencillo.<\/p>\n[\/et_pb_text][et_pb_toggle title=\u00bbsaber m\u00e1s\u00bb open_toggle_text_color=\u00bb#f4f4f4&#8243; open_toggle_background_color=\u00bb#69247b\u00bb closed_toggle_background_color=\u00bb#69247b\u00bb _builder_version=\u00bb4.16&#8243; title_text_color=\u00bb#ffffff\u00bb title_level=\u00bbh6&#8243; title_font=\u00bb||||||||\u00bb title_text_align=\u00bbcenter\u00bb title_font_size=\u00bb16px\u00bb body_font=\u00bb||||||||\u00bb body_text_color=\u00bb#ffffff\u00bb custom_margin=\u00bb|0px||0px|false|false\u00bb custom_margin_tablet=\u00bb\u00bb custom_margin_phone=\u00bb|0px||0px\u00bb custom_margin_last_edited=\u00bbon|phone\u00bb global_colors_info=\u00bb{}\u00bb]\n<ul class=\"services_box__list\">\n<li class=\"text-custom\" style=\"text-align: justify;\">Creaci\u00f3n p\u00e1gina web siguiendo un plan de estrategia comunicativa.<\/li>\n<li class=\"text-custom\" style=\"text-align: justify;\">Posicionamiento SEO en los principales motores de b\u00fasqueda.<\/li>\n<li class=\"text-custom\" style=\"text-align: justify;\">Espacio HTML5, adaptable a m\u00faltiples plataformas m\u00f3viles.<\/li>\n<li class=\"text-custom\" style=\"text-align: justify;\">Sitio web Multimedia y transmedia.<\/li>\n<li class=\"text-custom\" style=\"text-align: justify;\">Ser\u00e1 r\u00e1pida, accesible y de f\u00e1cil uso.<\/li>\n<li class=\"text-custom\" style=\"text-align: justify;\">Todo ello, sin olvidar la est\u00e9tica y la imagen corporativa.<\/li>\n<\/ul>\n[\/et_pb_toggle][et_pb_blurb title=\u00bbCreaci\u00f3n web\u00bb use_icon=\u00bbon\u00bb font_icon=\u00bb&#xe00e;||divi||400&#8243; image_icon_width=\u00bb55px\u00bb _builder_version=\u00bb4.16&#8243; header_level=\u00bbh6&#8243; header_font=\u00bb||||||||\u00bb header_text_align=\u00bbcenter\u00bb header_font_size=\u00bb18px\u00bb icon_font_size=\u00bb55px\u00bb global_colors_info=\u00bb{}\u00bb][\/et_pb_blurb][\/et_pb_column][\/et_pb_row][et_pb_row column_structure=\u00bb1_2,1_2&#8243; _builder_version=\u00bb4.16&#8243; _module_preset=\u00bbdefault\u00bb min_height=\u00bb676px\u00bb global_colors_info=\u00bb{}\u00bb][et_pb_column type=\u00bb1_2&#8243; _builder_version=\u00bb4.16&#8243; _module_preset=\u00bbdefault\u00bb global_colors_info=\u00bb{}\u00bb][et_pb_text _builder_version=\u00bb4.16&#8243; text_font=\u00bb|300|||||||\u00bb text_font_size=\u00bb35px\u00bb text_line_height=\u00bb1.5em\u00bb header_font=\u00bb||||||||\u00bb header_6_font=\u00bb||||||||\u00bb header_6_font_size=\u00bb8px\u00bb custom_margin=\u00bb|0px||0px|false|false\u00bb custom_margin_tablet=\u00bb\u00bb custom_margin_phone=\u00bb|13px||-9px\u00bb custom_margin_last_edited=\u00bbon|phone\u00bb global_colors_info=\u00bb{}\u00bb]\n<p style=\"text-align: center;\"><span style=\"color: #500b67;\"><b>POSICIONAMIENTO<br \/><\/b><\/span><span style=\"color: #500b67;\"><b> SEO \/ SEM<br \/><\/b><\/span><\/p>\n[\/et_pb_text][et_pb_text _builder_version=\u00bb4.16&#8243; text_font=\u00bbRubik|300|||||||\u00bb text_text_color=\u00bb#7a7a7a\u00bb text_font_size=\u00bb16px\u00bb text_line_height=\u00bb1.6em\u00bb header_font=\u00bb||||||||\u00bb custom_margin=\u00bb|0px||0px|false|false\u00bb custom_margin_tablet=\u00bb\u00bb custom_margin_phone=\u00bb|0px||0px\u00bb custom_margin_last_edited=\u00bbon|phone\u00bb global_colors_info=\u00bb{}\u00bb]\n<p style=\"text-align: justify;\">Mejora el posicionamiento de tu web en Google. Aumenta las visitas de tus clientes potenciales delante de tus competidores y aumenta tu volumen de negocio.<\/p>\n<p style=\"text-align: justify;\">Invierte en publicidad y obtendr\u00e1s visitas de mayor calidad introduciendo anuncios m\u00e1s personalizados a las primeras p\u00e1ginas de Google.<\/p>\n[\/et_pb_text][et_pb_toggle title=\u00bbsaber-ne m\u00e9s\u00bb open_toggle_text_color=\u00bb#f4f4f4&#8243; open_toggle_background_color=\u00bb#69247b\u00bb closed_toggle_background_color=\u00bb#69247b\u00bb _builder_version=\u00bb4.16&#8243; title_text_color=\u00bb#ffffff\u00bb title_level=\u00bbh6&#8243; title_font=\u00bb||||||||\u00bb title_text_align=\u00bbcenter\u00bb title_font_size=\u00bb16px\u00bb body_font=\u00bb||||||||\u00bb body_text_color=\u00bb#ffffff\u00bb custom_margin=\u00bb|0px||0px|false|false\u00bb custom_margin_tablet=\u00bb\u00bb custom_margin_phone=\u00bb|0px||0px\u00bb custom_margin_last_edited=\u00bbon|phone\u00bb global_colors_info=\u00bb{}\u00bb]\n<ul class=\"services_box__list\">\n<li class=\"text-custom\">Possicionament org\u00e0nic<\/li>\n<li class=\"text-custom\">Disseny de campanyes de Google AdWords<\/li>\n<li class=\"text-custom\">Manteniment de campanyes de Google AdWords<\/li>\n<\/ul>\n[\/et_pb_toggle][et_pb_blurb title=\u00bbPosicionamiento\u00bb use_icon=\u00bbon\u00bb font_icon=\u00bb&#x55;||divi||400&#8243; image_icon_width=\u00bb55px\u00bb _builder_version=\u00bb4.16&#8243; header_level=\u00bbh6&#8243; header_font=\u00bb||||||||\u00bb header_text_align=\u00bbcenter\u00bb header_font_size=\u00bb18px\u00bb icon_font_size=\u00bb55px\u00bb global_colors_info=\u00bb{}\u00bb][\/et_pb_blurb][\/et_pb_column][et_pb_column type=\u00bb1_2&#8243; _builder_version=\u00bb4.16&#8243; _module_preset=\u00bbdefault\u00bb global_colors_info=\u00bb{}\u00bb][et_pb_image src=\u00bbhttps:\/\/medianeeds.es\/\/wp-content\/uploads\/2018\/07\/pack-pyme-bona.jpg\u00bb align_tablet=\u00bbcenter\u00bb align_phone=\u00bb\u00bb align_last_edited=\u00bbon|desktop\u00bb _builder_version=\u00bb4.16&#8243; custom_margin=\u00bb0px|0px|0px|0px|false|false\u00bb custom_padding=\u00bb0px|0px|0px|\u00bb global_colors_info=\u00bb{}\u00bb]&nbsp;<br \/>\n[\/et_pb_image][\/et_pb_column][\/et_pb_row][et_pb_row column_structure=\u00bb1_2,1_2&#8243; _builder_version=\u00bb4.16&#8243; _module_preset=\u00bbdefault\u00bb global_colors_info=\u00bb{}\u00bb][et_pb_column type=\u00bb1_2&#8243; _builder_version=\u00bb4.16&#8243; _module_preset=\u00bbdefault\u00bb global_colors_info=\u00bb{}\u00bb][et_pb_image src=\u00bbhttps:\/\/medianeeds.es\/wp-content\/uploads\/2020\/10\/camaraa.png\u00bb title_text=\u00bbcamaraa\u00bb _builder_version=\u00bb4.16&#8243; _module_preset=\u00bbdefault\u00bb global_colors_info=\u00bb{}\u00bb][\/et_pb_image][\/et_pb_column][et_pb_column type=\u00bb1_2&#8243; _builder_version=\u00bb4.16&#8243; _module_preset=\u00bbdefault\u00bb global_colors_info=\u00bb{}\u00bb][et_pb_text _builder_version=\u00bb4.16&#8243; text_font=\u00bb|300|||||||\u00bb text_font_size=\u00bb35px\u00bb text_line_height=\u00bb1.5em\u00bb header_font=\u00bb||||||||\u00bb header_6_font=\u00bb||||||||\u00bb header_6_font_size=\u00bb8px\u00bb custom_margin=\u00bb|0px||0px|false|false\u00bb custom_margin_tablet=\u00bb\u00bb custom_margin_phone=\u00bb|13px||-9px\u00bb custom_margin_last_edited=\u00bbon|phone\u00bb global_colors_info=\u00bb{}\u00bb]\n<p style=\"text-align: center;\"><span style=\"color: #500b67;\"><b><br \/>AUDIOVISUALES<br \/>\/ RADIO<\/b><\/span><\/p>\n[\/et_pb_text][et_pb_text _builder_version=\u00bb4.16&#8243; text_font=\u00bbRubik|300|||||||\u00bb text_text_color=\u00bb#7a7a7a\u00bb text_font_size=\u00bb16px\u00bb text_line_height=\u00bb1.6em\u00bb header_font=\u00bb||||||||\u00bb custom_margin=\u00bb|0px||0px|false|false\u00bb custom_margin_tablet=\u00bb\u00bb custom_margin_phone=\u00bb|0px||0px\u00bb custom_margin_last_edited=\u00bbon|phone\u00bb global_colors_info=\u00bb{}\u00bb]\n<p style=\"text-align: justify;\">Te ofreceremos un trato m\u00e1s personalizado que una televisi\u00f3n. Haz que tu anuncio explique exactamente lo que quieres.<\/p>\n<p style=\"text-align: justify;\">Tambi\u00e9n realizamos sesiones de fotograf\u00eda, retoque y maquetaci\u00f3n, spots publicitarios y cu\u00f1as personalizadas con los precios m\u00e1s competitivos del mercado. \u00a1Porque que tu empresa no es una m\u00e1s!<\/p>\n[\/et_pb_text][et_pb_toggle title=\u00bbSaber m\u00e1s\u00bb open_toggle_text_color=\u00bb#f4f4f4&#8243; open_toggle_background_color=\u00bb#69247b\u00bb closed_toggle_background_color=\u00bb#69247b\u00bb _builder_version=\u00bb4.16&#8243; title_text_color=\u00bb#ffffff\u00bb title_level=\u00bbh6&#8243; title_font=\u00bb||||||||\u00bb title_text_align=\u00bbcenter\u00bb title_font_size=\u00bb16px\u00bb body_font=\u00bb||||||||\u00bb body_text_color=\u00bb#ffffff\u00bb custom_margin=\u00bb|0px||0px|false|false\u00bb custom_margin_tablet=\u00bb\u00bb custom_margin_phone=\u00bb|0px||0px\u00bb custom_margin_last_edited=\u00bbon|phone\u00bb global_colors_info=\u00bb{}\u00bb]\n<ul class=\"services_box__list\">\n<li class=\"text-custom\" style=\"text-align: justify;\">Fotograf\u00eda corporativa<\/li>\n<li class=\"text-custom\" style=\"text-align: justify;\">Retoque fotogr\u00e1fico<\/li>\n<li class=\"text-custom\" style=\"text-align: justify;\">Grabaci\u00f3n y edici\u00f3n de v\u00eddeo<\/li>\n<li class=\"text-custom\" style=\"text-align: justify;\">Grabaci\u00f3n y edici\u00f3n de cu\u00f1as radiof\u00f3nicas<\/li>\n<\/ul>\n[\/et_pb_toggle][et_pb_blurb title=\u00bbv\u00eddeos corporativos\u00bb use_icon=\u00bbon\u00bb font_icon=\u00bb&#xe075;||divi||400&#8243; image_icon_width=\u00bb55px\u00bb _builder_version=\u00bb4.16&#8243; header_level=\u00bbh6&#8243; header_font=\u00bb||||||||\u00bb header_text_align=\u00bbcenter\u00bb header_font_size=\u00bb18px\u00bb icon_font_size=\u00bb55px\u00bb global_colors_info=\u00bb{}\u00bb][\/et_pb_blurb][\/et_pb_column][\/et_pb_row][\/et_pb_section][et_pb_section fb_built=\u00bb1&#8243; _builder_version=\u00bb4.16&#8243; global_colors_info=\u00bb{}\u00bb][et_pb_row _builder_version=\u00bb4.16&#8243; custom_padding=\u00bb0|0px|29px|0px|false|false\u00bb global_colors_info=\u00bb{}\u00bb][et_pb_column type=\u00bb4_4&#8243; _builder_version=\u00bb4.16&#8243; custom_padding=\u00bb|||\u00bb global_colors_info=\u00bb{}\u00bb custom_padding__hover=\u00bb|||\u00bb][et_pb_button button_url=\u00bbhttps:\/\/medianeeds.es\/es\/pack-pime\/\u00bb url_new_window=\u00bbon\u00bb button_text=\u00bb\u00a1DESCUBRE NUESTRO PACK PYME!\u00bb button_alignment=\u00bbcenter\u00bb _builder_version=\u00bb4.16&#8243; custom_button=\u00bbon\u00bb button_text_size=\u00bb16px\u00bb button_text_color=\u00bb#69247b\u00bb button_bg_color_gradient_direction=\u00bb135deg\u00bb button_bg_color_gradient_stops=\u00bb#b22bdb 0%|#891745 100%\u00bb button_bg_color_gradient_start=\u00bb#b22bdb\u00bb button_bg_color_gradient_end=\u00bb#891745&#8243; button_border_width=\u00bb2px\u00bb button_border_color=\u00bb#69247b\u00bb button_border_radius=\u00bb0px\u00bb button_letter_spacing=\u00bb2px\u00bb button_font=\u00bbRubik|||on|||||\u00bb button_use_icon=\u00bboff\u00bb custom_padding=\u00bb10px|35px|10px|35px\u00bb animation_style=\u00bbfold\u00bb button_letter_spacing_hover=\u00bb2px\u00bb button_bg_color_hover=\u00bb#79008e\u00bb global_colors_info=\u00bb{}\u00bb button_text_size__hover_enabled=\u00bboff\u00bb button_one_text_size__hover_enabled=\u00bboff\u00bb button_two_text_size__hover_enabled=\u00bboff\u00bb button_text_color__hover_enabled=\u00bboff\u00bb button_one_text_color__hover_enabled=\u00bboff\u00bb button_two_text_color__hover_enabled=\u00bboff\u00bb button_border_width__hover_enabled=\u00bboff\u00bb button_one_border_width__hover_enabled=\u00bboff\u00bb button_two_border_width__hover_enabled=\u00bboff\u00bb button_border_color__hover_enabled=\u00bboff\u00bb button_one_border_color__hover_enabled=\u00bboff\u00bb button_two_border_color__hover_enabled=\u00bboff\u00bb button_border_radius__hover_enabled=\u00bboff\u00bb button_one_border_radius__hover_enabled=\u00bboff\u00bb button_two_border_radius__hover_enabled=\u00bboff\u00bb button_letter_spacing__hover_enabled=\u00bbon\u00bb button_letter_spacing__hover=\u00bb2px\u00bb button_one_letter_spacing__hover_enabled=\u00bboff\u00bb button_two_letter_spacing__hover_enabled=\u00bboff\u00bb button_bg_color__hover_enabled=\u00bbon\u00bb button_bg_color__hover=\u00bb#79008e\u00bb button_one_bg_color__hover_enabled=\u00bboff\u00bb button_two_bg_color__hover_enabled=\u00bboff\u00bb]&nbsp;<br \/>\n[\/et_pb_button][\/et_pb_column][\/et_pb_row][\/et_pb_section][et_pb_section fb_built=\u00bb1&#8243; prev_background_color=\u00bb#ffffff\u00bb _builder_version=\u00bb4.16&#8243; background_color=\u00bb#69247b\u00bb background_image=\u00bbhttps:\/\/medianeeds.es\/\/wp-content\/uploads\/2018\/07\/as-1024&#215;682-copia.jpg\u00bb parallax=\u00bbon\u00bb custom_padding=\u00bb58px|0px|59px|0px|false|false\u00bb top_divider_style=\u00bbwave\u00bb global_colors_info=\u00bb{}\u00bb][et_pb_row column_structure=\u00bb1_2,1_4,1_4&#8243; _builder_version=\u00bb4.16&#8243; background_size=\u00bbinitial\u00bb background_position=\u00bbtop_left\u00bb background_repeat=\u00bbrepeat\u00bb custom_padding=\u00bb89px|0px|83px|0px|false|false\u00bb global_colors_info=\u00bb{}\u00bb][et_pb_column type=\u00bb1_2&#8243; _builder_version=\u00bb4.16&#8243; custom_padding=\u00bb|||\u00bb global_colors_info=\u00bb{}\u00bb custom_padding__hover=\u00bb|||\u00bb][et_pb_text _builder_version=\u00bb4.16&#8243; text_font=\u00bb|600|||||||\u00bb text_font_size=\u00bb39px\u00bb text_line_height=\u00bb1.5em\u00bb header_line_height=\u00bb1.5em\u00bb global_colors_info=\u00bb{}\u00bb]\n<p><span style=\"color: #ffffff;\">LLEGA DONDE QUIERAS<\/span><\/p>\n[\/et_pb_text][et_pb_text _builder_version=\u00bb4.16&#8243; text_font=\u00bb||||||||\u00bb text_font_size=\u00bb17px\u00bb text_line_height=\u00bb2.1em\u00bb global_colors_info=\u00bb{}\u00bb]\n<p style=\"text-align: justify;\"><span style=\"color: #ffffff;\">Nos acercamos a tu empresa y la conocemos. S\u00f3lo as\u00ed podremos transmitir todos tus valores y lo que quieres comunicar.<\/span><\/p>\n<p style=\"text-align: justify;\"><span style=\"color: #ffffff;\">Aprendemos a escuchar para despu\u00e9s plasmarlo a trav\u00e9s de los mejores medios y con la estrategia m\u00e1s eficiente.<\/span><\/p>\n<p style=\"text-align: justify;\"><span style=\"color: #ffffff;\">\u00a0<\/span><\/p>\n<p style=\"text-align: justify;\"><span style=\"color: #ffffff;\">\u00a1PORQUE CREEMOS EN TU PROYECTO!<\/span><\/p>\n[\/et_pb_text][et_pb_button button_url=\u00bbhttps:\/\/medianeeds.es\/wp-content\/uploads\/2020\/10\/Dossier-Baixa-resolucio\u0301-CAST.pdf\u00bb url_new_window=\u00bbon\u00bb button_text=\u00bbNuestro dosier\u00bb button_alignment=\u00bbcenter\u00bb _builder_version=\u00bb4.16&#8243; background_layout=\u00bbdark\u00bb custom_margin=\u00bb|0px||0px||\u00bb global_colors_info=\u00bb{}\u00bb button_text_size__hover_enabled=\u00bboff\u00bb button_one_text_size__hover_enabled=\u00bboff\u00bb button_two_text_size__hover_enabled=\u00bboff\u00bb button_text_color__hover_enabled=\u00bboff\u00bb button_one_text_color__hover_enabled=\u00bboff\u00bb button_two_text_color__hover_enabled=\u00bboff\u00bb button_border_width__hover_enabled=\u00bboff\u00bb button_one_border_width__hover_enabled=\u00bboff\u00bb button_two_border_width__hover_enabled=\u00bboff\u00bb button_border_color__hover_enabled=\u00bboff\u00bb button_one_border_color__hover_enabled=\u00bboff\u00bb button_two_border_color__hover_enabled=\u00bboff\u00bb button_border_radius__hover_enabled=\u00bboff\u00bb button_one_border_radius__hover_enabled=\u00bboff\u00bb button_two_border_radius__hover_enabled=\u00bboff\u00bb button_letter_spacing__hover_enabled=\u00bboff\u00bb button_one_letter_spacing__hover_enabled=\u00bboff\u00bb button_two_letter_spacing__hover_enabled=\u00bboff\u00bb button_bg_color__hover_enabled=\u00bboff\u00bb button_one_bg_color__hover_enabled=\u00bboff\u00bb button_two_bg_color__hover_enabled=\u00bboff\u00bb]&nbsp;<br \/>\n[\/et_pb_button][\/et_pb_column][et_pb_column type=\u00bb1_4&#8243; _builder_version=\u00bb4.16&#8243; custom_padding=\u00bb|||\u00bb global_colors_info=\u00bb{}\u00bb custom_padding__hover=\u00bb|||\u00bb][et_pb_blurb title=\u00bbSOMOS m\u00e1s que COMUNICACI\u00d3N CREATIVA\u00bb use_icon=\u00bbon\u00bb font_icon=\u00bb&#x52;||divi||400&#8243; icon_color=\u00bb#ffffff\u00bb image_icon_width=\u00bb65px\u00bb _builder_version=\u00bb4.16&#8243; header_level=\u00bbh5&#8243; header_font=\u00bb||||||||\u00bb header_text_align=\u00bbcenter\u00bb header_text_color=\u00bb#ffffff\u00bb icon_font_size=\u00bb65px\u00bb global_colors_info=\u00bb{}\u00bb][\/et_pb_blurb][et_pb_blurb title=\u00bbSOMOS DISE\u00d1O ELEGANTE Y CORPORATIVO\u00bb use_icon=\u00bbon\u00bb font_icon=\u00bb&#x52;||divi||400&#8243; icon_color=\u00bb#ffffff\u00bb image_icon_width=\u00bb65px\u00bb _builder_version=\u00bb4.16&#8243; header_level=\u00bbh5&#8243; header_font=\u00bb||||||||\u00bb header_text_align=\u00bbcenter\u00bb header_text_color=\u00bb#ffffff\u00bb icon_font_size=\u00bb65px\u00bb global_colors_info=\u00bb{}\u00bb][\/et_pb_blurb][\/et_pb_column][et_pb_column type=\u00bb1_4&#8243; _builder_version=\u00bb4.16&#8243; custom_padding=\u00bb|||\u00bb global_colors_info=\u00bb{}\u00bb custom_padding__hover=\u00bb|||\u00bb][et_pb_blurb title=\u00bbSOMOS MUCHO M\u00c1S QUE ORIGINALIDAD\u00bb use_icon=\u00bbon\u00bb font_icon=\u00bb&#x52;||divi||400&#8243; icon_color=\u00bb#ffffff\u00bb image_icon_width=\u00bb65px\u00bb _builder_version=\u00bb4.16&#8243; header_level=\u00bbh5&#8243; header_font=\u00bb||||||||\u00bb header_text_align=\u00bbcenter\u00bb header_text_color=\u00bb#ffffff\u00bb icon_font_size=\u00bb65px\u00bb global_colors_info=\u00bb{}\u00bb][\/et_pb_blurb][et_pb_blurb title=\u00bbSOMOS m\u00e1s que MARKETING EFECTIVO\u00bb use_icon=\u00bbon\u00bb font_icon=\u00bb&#x52;||divi||400&#8243; icon_color=\u00bb#ffffff\u00bb image_icon_width=\u00bb65px\u00bb _builder_version=\u00bb4.16&#8243; header_level=\u00bbh5&#8243; header_font=\u00bb||||||||\u00bb header_text_align=\u00bbcenter\u00bb header_text_color=\u00bb#ffffff\u00bb icon_font_size=\u00bb65px\u00bb global_colors_info=\u00bb{}\u00bb][\/et_pb_blurb][\/et_pb_column][\/et_pb_row][\/et_pb_section][et_pb_section fb_built=\u00bb1&#8243; prev_background_color=\u00bb#69247b\u00bb _builder_version=\u00bb4.16&#8243; background_enable_color=\u00bboff\u00bb use_background_color_gradient=\u00bbon\u00bb background_color_gradient_direction=\u00bb109deg\u00bb background_color_gradient_stops=\u00bb#69247b 0%|#e6007e 100%\u00bb background_color_gradient_start=\u00bb#69247b\u00bb background_color_gradient_end=\u00bb#e6007e\u00bb custom_padding=\u00bb78px|0px|59px|0px|false|false\u00bb top_divider_style=\u00bbramp2&#8243; top_divider_flip=\u00bbhorizontal|vertical\u00bb top_divider_arrangement=\u00bbabove_content\u00bb global_colors_info=\u00bb{}\u00bb][et_pb_row column_structure=\u00bb3_4,1_4&#8243; _builder_version=\u00bb4.16&#8243; _module_preset=\u00bbdefault\u00bb global_colors_info=\u00bb{}\u00bb][et_pb_column type=\u00bb3_4&#8243; _builder_version=\u00bb4.16&#8243; _module_preset=\u00bbdefault\u00bb global_colors_info=\u00bb{}\u00bb][et_pb_text _builder_version=\u00bb4.16&#8243; header_font=\u00bb||||||||\u00bb header_2_font=\u00bb|600|||||||\u00bb header_2_text_align=\u00bbleft\u00bb header_2_text_color=\u00bb#00aaa2&#8243; header_2_font_size=\u00bb36px\u00bb header_2_letter_spacing=\u00bb2px\u00bb custom_margin=\u00bb||25px|\u00bb header_2_font_size_tablet=\u00bb\u00bb header_2_font_size_phone=\u00bb30px\u00bb header_2_font_size_last_edited=\u00bbon|phone\u00bb inline_fonts=\u00bbPT Sans Narrow\u00bb global_colors_info=\u00bb{}\u00bb]\n<h2 style=\"text-align: left;\"><span style=\"color: #ffffff;\">Escr\u00edbenos<\/span><\/h2>\n<p><span style=\"color: #ffffff;\">\u00a1Estaremos encantados de hablar contigo!<\/span>[\/et_pb_text][et_pb_contact_form email=\u00bbinfo@medianeeds.es\u00bb success_message=\u00bbMail enviado correctamente\u00bb submit_button_text=\u00bbEnviar\u00bb _builder_version=\u00bb4.16&#8243; _module_preset=\u00bbdefault\u00bb _unique_id=\u00bb6f1a9e9a-2df0-4459-9359-805235e76e88&#8243; form_field_background_color=\u00bb#ffffff\u00bb title_text_color=\u00bb#ffffff\u00bb custom_button=\u00bbon\u00bb global_colors_info=\u00bb{}\u00bb captcha_text_color=\u00bb#ffffff\u00bb][et_pb_contact_field field_id=\u00bbNombre\u00bb field_title=\u00bbNombre*\u00bb _builder_version=\u00bb4.16&#8243; global_colors_info=\u00bb{}\u00bb button_text_size__hover_enabled=\u00bboff\u00bb button_one_text_size__hover_enabled=\u00bboff\u00bb button_two_text_size__hover_enabled=\u00bboff\u00bb button_text_color__hover_enabled=\u00bboff\u00bb button_one_text_color__hover_enabled=\u00bboff\u00bb button_two_text_color__hover_enabled=\u00bboff\u00bb button_border_width__hover_enabled=\u00bboff\u00bb button_one_border_width__hover_enabled=\u00bboff\u00bb button_two_border_width__hover_enabled=\u00bboff\u00bb button_border_color__hover_enabled=\u00bboff\u00bb button_one_border_color__hover_enabled=\u00bboff\u00bb button_two_border_color__hover_enabled=\u00bboff\u00bb button_border_radius__hover_enabled=\u00bboff\u00bb button_one_border_radius__hover_enabled=\u00bboff\u00bb button_two_border_radius__hover_enabled=\u00bboff\u00bb button_letter_spacing__hover_enabled=\u00bboff\u00bb button_one_letter_spacing__hover_enabled=\u00bboff\u00bb button_two_letter_spacing__hover_enabled=\u00bboff\u00bb button_bg_color__hover_enabled=\u00bboff\u00bb button_one_bg_color__hover_enabled=\u00bboff\u00bb button_two_bg_color__hover_enabled=\u00bboff\u00bb][\/et_pb_contact_field][et_pb_contact_field field_id=\u00bbApellidos\u00bb field_title=\u00bbApellidos*\u00bb _builder_version=\u00bb4.16&#8243; global_colors_info=\u00bb{}\u00bb button_text_size__hover_enabled=\u00bboff\u00bb button_one_text_size__hover_enabled=\u00bboff\u00bb button_two_text_size__hover_enabled=\u00bboff\u00bb button_text_color__hover_enabled=\u00bboff\u00bb button_one_text_color__hover_enabled=\u00bboff\u00bb button_two_text_color__hover_enabled=\u00bboff\u00bb button_border_width__hover_enabled=\u00bboff\u00bb button_one_border_width__hover_enabled=\u00bboff\u00bb button_two_border_width__hover_enabled=\u00bboff\u00bb button_border_color__hover_enabled=\u00bboff\u00bb button_one_border_color__hover_enabled=\u00bboff\u00bb button_two_border_color__hover_enabled=\u00bboff\u00bb button_border_radius__hover_enabled=\u00bboff\u00bb button_one_border_radius__hover_enabled=\u00bboff\u00bb button_two_border_radius__hover_enabled=\u00bboff\u00bb button_letter_spacing__hover_enabled=\u00bboff\u00bb button_one_letter_spacing__hover_enabled=\u00bboff\u00bb button_two_letter_spacing__hover_enabled=\u00bboff\u00bb button_bg_color__hover_enabled=\u00bboff\u00bb button_one_bg_color__hover_enabled=\u00bboff\u00bb button_two_bg_color__hover_enabled=\u00bboff\u00bb][\/et_pb_contact_field][et_pb_contact_field field_id=\u00bbEmail\u00bb field_title=\u00bbEmail*\u00bb field_type=\u00bbemail\u00bb fullwidth_field=\u00bbon\u00bb _builder_version=\u00bb4.16&#8243; global_colors_info=\u00bb{}\u00bb button_text_size__hover_enabled=\u00bboff\u00bb button_one_text_size__hover_enabled=\u00bboff\u00bb button_two_text_size__hover_enabled=\u00bboff\u00bb button_text_color__hover_enabled=\u00bboff\u00bb button_one_text_color__hover_enabled=\u00bboff\u00bb button_two_text_color__hover_enabled=\u00bboff\u00bb button_border_width__hover_enabled=\u00bboff\u00bb button_one_border_width__hover_enabled=\u00bboff\u00bb button_two_border_width__hover_enabled=\u00bboff\u00bb button_border_color__hover_enabled=\u00bboff\u00bb button_one_border_color__hover_enabled=\u00bboff\u00bb button_two_border_color__hover_enabled=\u00bboff\u00bb button_border_radius__hover_enabled=\u00bboff\u00bb button_one_border_radius__hover_enabled=\u00bboff\u00bb button_two_border_radius__hover_enabled=\u00bboff\u00bb button_letter_spacing__hover_enabled=\u00bboff\u00bb button_one_letter_spacing__hover_enabled=\u00bboff\u00bb button_two_letter_spacing__hover_enabled=\u00bboff\u00bb button_bg_color__hover_enabled=\u00bboff\u00bb button_one_bg_color__hover_enabled=\u00bboff\u00bb button_two_bg_color__hover_enabled=\u00bboff\u00bb][\/et_pb_contact_field][et_pb_contact_field field_id=\u00bbMensaje\u00bb field_title=\u00bbMensaje*\u00bb field_type=\u00bbtext\u00bb fullwidth_field=\u00bbon\u00bb _builder_version=\u00bb4.16&#8243; global_colors_info=\u00bb{}\u00bb button_text_size__hover_enabled=\u00bboff\u00bb button_one_text_size__hover_enabled=\u00bboff\u00bb button_two_text_size__hover_enabled=\u00bboff\u00bb button_text_color__hover_enabled=\u00bboff\u00bb button_one_text_color__hover_enabled=\u00bboff\u00bb button_two_text_color__hover_enabled=\u00bboff\u00bb button_border_width__hover_enabled=\u00bboff\u00bb button_one_border_width__hover_enabled=\u00bboff\u00bb button_two_border_width__hover_enabled=\u00bboff\u00bb button_border_color__hover_enabled=\u00bboff\u00bb button_one_border_color__hover_enabled=\u00bboff\u00bb button_two_border_color__hover_enabled=\u00bboff\u00bb button_border_radius__hover_enabled=\u00bboff\u00bb button_one_border_radius__hover_enabled=\u00bboff\u00bb button_two_border_radius__hover_enabled=\u00bboff\u00bb button_letter_spacing__hover_enabled=\u00bboff\u00bb button_one_letter_spacing__hover_enabled=\u00bboff\u00bb button_two_letter_spacing__hover_enabled=\u00bboff\u00bb button_bg_color__hover_enabled=\u00bboff\u00bb button_one_bg_color__hover_enabled=\u00bboff\u00bb button_two_bg_color__hover_enabled=\u00bboff\u00bb][\/et_pb_contact_field][et_pb_contact_field field_id=\u00bbProtecci\u00f3_de_dades\u00bb field_title=\u00bb \u00bb field_type=\u00bbcheckbox\u00bb checkbox_options=\u00bb%91{%22value%22:%22He le\u00eddo y acepto la cl\u00e1usula de informaci\u00f3n sobre la protecci\u00f3n de datos%22,%22checked%22:0,%22dragID%22:-1,%22link_url%22:%22http:\/\/medianeeds.es\/docu\/catala\/contactecat.pdf%22},{%22value%22:%22Autorizo el tratamiento de mis datos para recibir informaci\u00f3n por medios electr\u00f3nicos%22,%22checked%22:0,%22dragID%22:0}%93&#8243; fullwidth_field=\u00bbon\u00bb _builder_version=\u00bb4.16&#8243; _module_preset=\u00bbdefault\u00bb form_field_background_color=\u00bb#e6007e\u00bb form_field_text_color=\u00bb#ffffff\u00bb global_colors_info=\u00bb{}\u00bb][\/et_pb_contact_field][\/et_pb_contact_form][\/et_pb_column][et_pb_column type=\u00bb1_4&#8243; _builder_version=\u00bb4.16&#8243; _module_preset=\u00bbdefault\u00bb global_colors_info=\u00bb{}\u00bb][et_pb_image src=\u00bbhttps:\/\/medianeeds.es\/wp-content\/uploads\/2019\/01\/Segell-2017-13-CAT-Web-Adequada-1.png\u00bb _builder_version=\u00bb4.16&#8243; _module_preset=\u00bbdefault\u00bb custom_margin=\u00bb100px||||false|false\u00bb global_colors_info=\u00bb{}\u00bb][\/et_pb_image][\/et_pb_column][\/et_pb_row][\/et_pb_section]\n","protected":false},"excerpt":{"rendered":"<p>\u00bfHasta d\u00f3nde quieres llegar?Servicios a tu medida<span class=\"collapseomatic \" id=\"id69edf94b54288\"  tabindex=\"0\" title=\"\"    ><\/span> M\u00e0rqueting Reus\u00a0t&#8217;ofereix\u00a0serveis integrals de\u00a0m\u00e0rqueting\u00a0a tot \u00a0el Camp de Tarragona,\u00a0disseny\u00a0d\u2019imatge corporativa, creaci\u00f3 i disseny de p\u00e0gines web, papereria corporativa, serveis de community manager, contacte amb la\u00a0premsa\u00a0i molts altres elements que poden fer canviar la vida d\u2019una\u00a0Petita i Mitjana empresa (PIME). Som una empresa de\u00a0comunicaci\u00f3\u00a0a\u00a0Reus, que s\u2019adapta a la [&hellip;]<\/p>\n","protected":false},"author":1,"featured_media":0,"parent":0,"menu_order":0,"comment_status":"closed","ping_status":"closed","template":"","meta":{"_et_pb_use_builder":"on","_et_pb_old_content":"","_et_gb_content_width":"","footnotes":""},"class_list":["post-10227","page","type-page","status-publish","hentry"],"yoast_head":"<!-- This site is optimized with the Yoast SEO plugin v27.4 - https:\/\/yoast.com\/product\/yoast-seo-wordpress\/ -->\n<title>Servicios Media Needs | Social media | Marketing | Publicidad<\/title>\n<meta name=\"description\" content=\"Servicios Media Needs | Marketing Reus | Empresa especializada en marketing online; dise\u00f1o web, dise\u00f1o de imagen corporativa y mucho m\u00e1s\" \/>\n<meta name=\"robots\" content=\"index, follow, max-snippet:-1, max-image-preview:large, max-video-preview:-1\" \/>\n<link rel=\"canonical\" href=\"https:\/\/medianeeds.es\/serveis-media-needs\/\" \/>\n<meta property=\"og:locale\" content=\"es_ES\" \/>\n<meta property=\"og:type\" content=\"article\" \/>\n<meta property=\"og:title\" content=\"Servicios Media Needs | Social media | Marketing | Publicidad\" \/>\n<meta property=\"og:description\" content=\"Servicios Media Needs | Marketing Reus | Empresa especializada en marketing online; dise\u00f1o web, dise\u00f1o de imagen corporativa y mucho m\u00e1s\" \/>\n<meta property=\"og:url\" content=\"https:\/\/medianeeds.es\/serveis-media-needs\/\" \/>\n<meta property=\"og:site_name\" content=\"M\u00e0rketing Reus | Media Needs Reus | Ag\u00e8ncia de publicitat Reus\" \/>\n<meta property=\"article:publisher\" content=\"https:\/\/www.facebook.com\/medianeeds.es\/\" \/>\n<meta property=\"article:modified_time\" content=\"2022-08-23T12:11:46+00:00\" \/>\n<meta property=\"og:image\" content=\"https:\/\/medianeeds.es\/wp-content\/uploads\/2024\/05\/young-female-logo-designer-working-graphic-tablet.jpg\" \/>\n\t<meta property=\"og:image:width\" content=\"1500\" \/>\n\t<meta property=\"og:image:height\" content=\"1000\" \/>\n\t<meta property=\"og:image:type\" content=\"image\/jpeg\" \/>\n<meta name=\"twitter:label1\" content=\"Tiempo de lectura\" \/>\n\t<meta name=\"twitter:data1\" content=\"28 minutos\" \/>\n<script type=\"application\/ld+json\" class=\"yoast-schema-graph\">{\"@context\":\"https:\\\/\\\/schema.org\",\"@graph\":[{\"@type\":\"WebPage\",\"@id\":\"https:\\\/\\\/medianeeds.es\\\/serveis-media-needs\\\/\",\"url\":\"https:\\\/\\\/medianeeds.es\\\/serveis-media-needs\\\/\",\"name\":\"Servicios Media Needs | Social media | Marketing | Publicidad\",\"isPartOf\":{\"@id\":\"https:\\\/\\\/medianeeds.es\\\/#website\"},\"datePublished\":\"2018-07-19T14:06:24+00:00\",\"dateModified\":\"2022-08-23T12:11:46+00:00\",\"description\":\"Servicios Media Needs | Marketing Reus | Empresa especializada en marketing online; dise\u00f1o web, dise\u00f1o de imagen corporativa y mucho m\u00e1s\",\"breadcrumb\":{\"@id\":\"https:\\\/\\\/medianeeds.es\\\/serveis-media-needs\\\/#breadcrumb\"},\"inLanguage\":\"es\",\"potentialAction\":[{\"@type\":\"ReadAction\",\"target\":[\"https:\\\/\\\/medianeeds.es\\\/serveis-media-needs\\\/\"]}]},{\"@type\":\"BreadcrumbList\",\"@id\":\"https:\\\/\\\/medianeeds.es\\\/serveis-media-needs\\\/#breadcrumb\",\"itemListElement\":[{\"@type\":\"ListItem\",\"position\":1,\"name\":\"Portada\",\"item\":\"https:\\\/\\\/medianeeds.es\\\/\"},{\"@type\":\"ListItem\",\"position\":2,\"name\":\"SERVICIOS\"}]},{\"@type\":\"WebSite\",\"@id\":\"https:\\\/\\\/medianeeds.es\\\/#website\",\"url\":\"https:\\\/\\\/medianeeds.es\\\/\",\"name\":\"M\u00e0rketing Reus | Media Needs Reus | Ag\u00e8ncia de publicitat Reus\",\"description\":\"MediaNeeds \u00e9s una empresa especialitzada en serveis integrals de publicitat, m\u00e0rqueting on-line i community manager a Reus, Tarragona\",\"publisher\":{\"@id\":\"https:\\\/\\\/medianeeds.es\\\/#organization\"},\"alternateName\":\"Media Needs\",\"potentialAction\":[{\"@type\":\"SearchAction\",\"target\":{\"@type\":\"EntryPoint\",\"urlTemplate\":\"https:\\\/\\\/medianeeds.es\\\/?s={search_term_string}\"},\"query-input\":{\"@type\":\"PropertyValueSpecification\",\"valueRequired\":true,\"valueName\":\"search_term_string\"}}],\"inLanguage\":\"es\"},{\"@type\":\"Organization\",\"@id\":\"https:\\\/\\\/medianeeds.es\\\/#organization\",\"name\":\"M\u00e0rketing Reus | Media Needs Reus | Ag\u00e8ncia de publicitat Reus\",\"alternateName\":\"Media Needs\",\"url\":\"https:\\\/\\\/medianeeds.es\\\/\",\"logo\":{\"@type\":\"ImageObject\",\"inLanguage\":\"es\",\"@id\":\"https:\\\/\\\/medianeeds.es\\\/#\\\/schema\\\/logo\\\/image\\\/\",\"url\":\"https:\\\/\\\/medianeeds.es\\\/wp-content\\\/uploads\\\/2024\\\/06\\\/COLOR_Mesa-de-trabajo-1-copia.png\",\"contentUrl\":\"https:\\\/\\\/medianeeds.es\\\/wp-content\\\/uploads\\\/2024\\\/06\\\/COLOR_Mesa-de-trabajo-1-copia.png\",\"width\":470,\"height\":226,\"caption\":\"M\u00e0rketing Reus | Media Needs Reus | Ag\u00e8ncia de publicitat Reus\"},\"image\":{\"@id\":\"https:\\\/\\\/medianeeds.es\\\/#\\\/schema\\\/logo\\\/image\\\/\"},\"sameAs\":[\"https:\\\/\\\/www.facebook.com\\\/medianeeds.es\\\/\",\"https:\\\/\\\/x.com\\\/media_needs\",\"https:\\\/\\\/www.instagram.com\\\/medianeeds\\\/?hl=es\"]}]}<\/script>\n<!-- \/ Yoast SEO plugin. -->","yoast_head_json":{"title":"Servicios Media Needs | Social media | Marketing | Publicidad","description":"Servicios Media Needs | Marketing Reus | Empresa especializada en marketing online; dise\u00f1o web, dise\u00f1o de imagen corporativa y mucho m\u00e1s","robots":{"index":"index","follow":"follow","max-snippet":"max-snippet:-1","max-image-preview":"max-image-preview:large","max-video-preview":"max-video-preview:-1"},"canonical":"https:\/\/medianeeds.es\/serveis-media-needs\/","og_locale":"es_ES","og_type":"article","og_title":"Servicios Media Needs | Social media | Marketing | Publicidad","og_description":"Servicios Media Needs | Marketing Reus | Empresa especializada en marketing online; dise\u00f1o web, dise\u00f1o de imagen corporativa y mucho m\u00e1s","og_url":"https:\/\/medianeeds.es\/serveis-media-needs\/","og_site_name":"M\u00e0rketing Reus | Media Needs Reus | Ag\u00e8ncia de publicitat Reus","article_publisher":"https:\/\/www.facebook.com\/medianeeds.es\/","article_modified_time":"2022-08-23T12:11:46+00:00","og_image":[{"width":1500,"height":1000,"url":"https:\/\/medianeeds.es\/wp-content\/uploads\/2024\/05\/young-female-logo-designer-working-graphic-tablet.jpg","type":"image\/jpeg"}],"twitter_misc":{"Tiempo de lectura":"28 minutos"},"schema":{"@context":"https:\/\/schema.org","@graph":[{"@type":"WebPage","@id":"https:\/\/medianeeds.es\/serveis-media-needs\/","url":"https:\/\/medianeeds.es\/serveis-media-needs\/","name":"Servicios Media Needs | Social media | Marketing | Publicidad","isPartOf":{"@id":"https:\/\/medianeeds.es\/#website"},"datePublished":"2018-07-19T14:06:24+00:00","dateModified":"2022-08-23T12:11:46+00:00","description":"Servicios Media Needs | Marketing Reus | Empresa especializada en marketing online; dise\u00f1o web, dise\u00f1o de imagen corporativa y mucho m\u00e1s","breadcrumb":{"@id":"https:\/\/medianeeds.es\/serveis-media-needs\/#breadcrumb"},"inLanguage":"es","potentialAction":[{"@type":"ReadAction","target":["https:\/\/medianeeds.es\/serveis-media-needs\/"]}]},{"@type":"BreadcrumbList","@id":"https:\/\/medianeeds.es\/serveis-media-needs\/#breadcrumb","itemListElement":[{"@type":"ListItem","position":1,"name":"Portada","item":"https:\/\/medianeeds.es\/"},{"@type":"ListItem","position":2,"name":"SERVICIOS"}]},{"@type":"WebSite","@id":"https:\/\/medianeeds.es\/#website","url":"https:\/\/medianeeds.es\/","name":"M\u00e0rketing Reus | Media Needs Reus | Ag\u00e8ncia de publicitat Reus","description":"MediaNeeds \u00e9s una empresa especialitzada en serveis integrals de publicitat, m\u00e0rqueting on-line i community manager a Reus, Tarragona","publisher":{"@id":"https:\/\/medianeeds.es\/#organization"},"alternateName":"Media Needs","potentialAction":[{"@type":"SearchAction","target":{"@type":"EntryPoint","urlTemplate":"https:\/\/medianeeds.es\/?s={search_term_string}"},"query-input":{"@type":"PropertyValueSpecification","valueRequired":true,"valueName":"search_term_string"}}],"inLanguage":"es"},{"@type":"Organization","@id":"https:\/\/medianeeds.es\/#organization","name":"M\u00e0rketing Reus | Media Needs Reus | Ag\u00e8ncia de publicitat Reus","alternateName":"Media Needs","url":"https:\/\/medianeeds.es\/","logo":{"@type":"ImageObject","inLanguage":"es","@id":"https:\/\/medianeeds.es\/#\/schema\/logo\/image\/","url":"https:\/\/medianeeds.es\/wp-content\/uploads\/2024\/06\/COLOR_Mesa-de-trabajo-1-copia.png","contentUrl":"https:\/\/medianeeds.es\/wp-content\/uploads\/2024\/06\/COLOR_Mesa-de-trabajo-1-copia.png","width":470,"height":226,"caption":"M\u00e0rketing Reus | Media Needs Reus | Ag\u00e8ncia de publicitat Reus"},"image":{"@id":"https:\/\/medianeeds.es\/#\/schema\/logo\/image\/"},"sameAs":["https:\/\/www.facebook.com\/medianeeds.es\/","https:\/\/x.com\/media_needs","https:\/\/www.instagram.com\/medianeeds\/?hl=es"]}]}},"_links":{"self":[{"href":"https:\/\/medianeeds.es\/es\/wp-json\/wp\/v2\/pages\/10227","targetHints":{"allow":["GET"]}}],"collection":[{"href":"https:\/\/medianeeds.es\/es\/wp-json\/wp\/v2\/pages"}],"about":[{"href":"https:\/\/medianeeds.es\/es\/wp-json\/wp\/v2\/types\/page"}],"author":[{"embeddable":true,"href":"https:\/\/medianeeds.es\/es\/wp-json\/wp\/v2\/users\/1"}],"replies":[{"embeddable":true,"href":"https:\/\/medianeeds.es\/es\/wp-json\/wp\/v2\/comments?post=10227"}],"version-history":[{"count":44,"href":"https:\/\/medianeeds.es\/es\/wp-json\/wp\/v2\/pages\/10227\/revisions"}],"predecessor-version":[{"id":17332,"href":"https:\/\/medianeeds.es\/es\/wp-json\/wp\/v2\/pages\/10227\/revisions\/17332"}],"wp:attachment":[{"href":"https:\/\/medianeeds.es\/es\/wp-json\/wp\/v2\/media?parent=10227"}],"curies":[{"name":"wp","href":"https:\/\/api.w.org\/{rel}","templated":true}]}}