{"id":10216,"date":"2018-07-19T14:03:28","date_gmt":"2018-07-19T14:03:28","guid":{"rendered":"https:\/\/medianeeds.es\/\/qui-som\/"},"modified":"2026-04-07T09:17:43","modified_gmt":"2026-04-07T09:17:43","slug":"equipo-media-needs","status":"publish","type":"page","link":"https:\/\/medianeeds.es\/es\/equipo-media-needs\/","title":{"rendered":"QUI\u00c9NES SOMOS"},"content":{"rendered":"[et_pb_section fb_built=\u00bb1&#8243; custom_padding_last_edited=\u00bbon|phone\u00bb disabled_on=\u00bboff|off|off\u00bb _builder_version=\u00bb4.16&#8243; background_color=\u00bb#69247b\u00bb background_image=\u00bbhttps:\/\/medianeeds.es\/wp-content\/uploads\/2020\/10\/IMG_8510-1.jpg\u00bb background_blend=\u00bbmultiply\u00bb background_video_height=\u00bb500&#8243; custom_margin=\u00bb|||\u00bb custom_padding=\u00bb90px||220px|\u00bb custom_padding_tablet=\u00bb\u00bb custom_padding_phone=\u00bb100px||100px||false|false\u00bb bottom_divider_style=\u00bbcurve2&#8243; bottom_divider_color=\u00bb#ffffff\u00bb global_colors_info=\u00bb{}\u00bb][et_pb_row _builder_version=\u00bb4.16&#8243; background_color_gradient_direction=\u00bb135deg\u00bb background_size=\u00bbinitial\u00bb background_position=\u00bbtop_left\u00bb background_repeat=\u00bbrepeat\u00bb max_width=\u00bb1063px\u00bb custom_padding=\u00bb0|0px|0|0px\u00bb animation_style=\u00bbflip\u00bb animation_direction=\u00bbbottom\u00bb animation_duration=\u00bb1250ms\u00bb animation_intensity_flip=\u00bb100%\u00bb use_custom_width=\u00bbon\u00bb custom_width_px=\u00bb1063px\u00bb global_colors_info=\u00bb{}\u00bb][et_pb_column type=\u00bb4_4&#8243; _builder_version=\u00bb4.16&#8243; custom_padding=\u00bb|||\u00bb global_colors_info=\u00bb{}\u00bb custom_padding__hover=\u00bb|||\u00bb][et_pb_text _builder_version=\u00bb4.16&#8243; header_font=\u00bb|800|||||||\u00bb header_text_align=\u00bbcenter\u00bb header_font_size=\u00bb70px\u00bb header_letter_spacing=\u00bb5px\u00bb background_color_gradient_direction=\u00bb90deg\u00bb background_layout=\u00bbdark\u00bb custom_margin=\u00bb|||\u00bb custom_padding=\u00bb30px|||\u00bb header_font_size_tablet=\u00bb52px\u00bb header_font_size_phone=\u00bb40px\u00bb header_font_size_last_edited=\u00bbon|tablet\u00bb header_text_shadow_style=\u00bbpreset3&#8243; header_text_shadow_horizontal_length=\u00bb0.03em\u00bb header_text_shadow_vertical_length=\u00bb0.03em\u00bb header_text_shadow_blur_strength=\u00bb0.01em\u00bb inline_fonts=\u00bbBaloo Paaji\u00bb global_colors_info=\u00bb{}\u00bb]\n<h1><span style=\"font-family: Verdana;\">un equipo joven<\/span><\/h1>\n[\/et_pb_text][et_pb_text _builder_version=\u00bb4.16&#8243; _module_preset=\u00bbdefault\u00bb text_font=\u00bbRubik||||||||\u00bb text_font_size=\u00bb30px\u00bb global_colors_info=\u00bb{}\u00bb]\n<p style=\"text-align: center;\"><span style=\"color: #ffffff;\">Con esp\u00edritu innovador<\/span><\/p>\n[\/et_pb_text][et_pb_text _builder_version=\u00bb4.16&#8243; text_font=\u00bbRubik|300|||||||\u00bb text_font_size=\u00bb20px\u00bb text_line_height=\u00bb1.5em\u00bb header_font=\u00bbRubik|500|||||||\u00bb header_text_align=\u00bbcenter\u00bb header_font_size=\u00bb70px\u00bb header_letter_spacing=\u00bb5px\u00bb header_2_font=\u00bbRubik||||||||\u00bb background_color_gradient_direction=\u00bb90deg\u00bb text_orientation=\u00bbcenter\u00bb background_layout=\u00bbdark\u00bb custom_margin=\u00bb|||\u00bb custom_padding=\u00bb30px|||\u00bb header_font_size_tablet=\u00bb52px\u00bb header_font_size_phone=\u00bb40px\u00bb header_font_size_last_edited=\u00bbon|tablet\u00bb text_text_shadow_style=\u00bbpreset1&#8243; header_text_shadow_style=\u00bbpreset3&#8243; header_text_shadow_horizontal_length=\u00bb0.03em\u00bb header_text_shadow_vertical_length=\u00bb0.03em\u00bb header_text_shadow_blur_strength=\u00bb0.01em\u00bb inline_fonts=\u00bbBaloo Paaji\u00bb global_colors_info=\u00bb{}\u00bb]\n<p>Somos una agencia de comunicaci\u00f3n integral formada por un <strong>equipo multidisciplinar<\/strong> de j\u00f3venes entusiastas con esp\u00edritu innovador. A\u00fan no conoces nuestra f\u00f3rmula?<\/p>\n<p>\u00a1Nuestra <strong>creatividad<\/strong> es la soluci\u00f3n a tus problemas!<\/p>\n[\/et_pb_text][\/et_pb_column][\/et_pb_row][et_pb_row _builder_version=\u00bb4.16&#8243; background_size=\u00bbinitial\u00bb background_position=\u00bbtop_left\u00bb background_repeat=\u00bbrepeat\u00bb custom_margin=\u00bb50px|||\u00bb custom_padding=\u00bb0|0px|29px|0px\u00bb global_colors_info=\u00bb{}\u00bb][et_pb_column type=\u00bb4_4&#8243; _builder_version=\u00bb4.16&#8243; custom_padding=\u00bb|||\u00bb global_colors_info=\u00bb{}\u00bb custom_padding__hover=\u00bb|||\u00bb][et_pb_button button_url=\u00bbhttps:\/\/medianeeds.es\/es\/contacte\/\u00bb button_text=\u00bb\u00bfHablamos?\u00bb button_alignment=\u00bbcenter\u00bb _builder_version=\u00bb4.16&#8243; button_bg_use_color_gradient=\u00bbon\u00bb button_bg_color_gradient_direction=\u00bb135deg\u00bb button_bg_color_gradient_stops=\u00bb#b22bdb 0%|#891745 100%\u00bb button_bg_color_gradient_start=\u00bb#b22bdb\u00bb button_bg_color_gradient_end=\u00bb#891745&#8243; custom_padding=\u00bb10px|35px|10px|35px\u00bb animation_style=\u00bbfold\u00bb box_shadow_style=\u00bbpreset1&#8243; box_shadow_blur=\u00bb35px\u00bb box_shadow_spread=\u00bb10px\u00bb box_shadow_color=\u00bbrgba(0,0,0,0.1)\u00bb button_letter_spacing_hover=\u00bb2px\u00bb button_bg_color_hover=\u00bb#79008e\u00bb global_colors_info=\u00bb{}\u00bb button_text_size__hover_enabled=\u00bboff\u00bb button_one_text_size__hover_enabled=\u00bboff\u00bb button_two_text_size__hover_enabled=\u00bboff\u00bb button_text_color__hover_enabled=\u00bboff\u00bb button_one_text_color__hover_enabled=\u00bboff\u00bb button_two_text_color__hover_enabled=\u00bboff\u00bb button_border_width__hover_enabled=\u00bboff\u00bb button_one_border_width__hover_enabled=\u00bboff\u00bb button_two_border_width__hover_enabled=\u00bboff\u00bb button_border_color__hover_enabled=\u00bboff\u00bb button_one_border_color__hover_enabled=\u00bboff\u00bb button_two_border_color__hover_enabled=\u00bboff\u00bb button_border_radius__hover_enabled=\u00bboff\u00bb button_one_border_radius__hover_enabled=\u00bboff\u00bb button_two_border_radius__hover_enabled=\u00bboff\u00bb button_letter_spacing__hover_enabled=\u00bbon\u00bb button_letter_spacing__hover=\u00bb2px\u00bb button_one_letter_spacing__hover_enabled=\u00bboff\u00bb button_two_letter_spacing__hover_enabled=\u00bboff\u00bb button_bg_color__hover_enabled=\u00bbon\u00bb button_bg_color__hover=\u00bb#79008e\u00bb button_one_bg_color__hover_enabled=\u00bboff\u00bb button_two_bg_color__hover_enabled=\u00bboff\u00bb][\/et_pb_button][\/et_pb_column][\/et_pb_row][\/et_pb_section][et_pb_section fb_built=\u00bb1&#8243; _builder_version=\u00bb4.16&#8243; background_color=\u00bbrgba(255,255,255,0)\u00bb custom_margin=\u00bb-230px|||\u00bb custom_padding=\u00bb319px|0px|4px|0px|false|false\u00bb bottom_divider_color=\u00bb#f5f5f5&#8243; bottom_divider_height=\u00bb150px\u00bb bottom_divider_height_tablet=\u00bb83px\u00bb bottom_divider_height_phone=\u00bb63px\u00bb bottom_divider_height_last_edited=\u00bbon|desktop\u00bb global_colors_info=\u00bb{}\u00bb][et_pb_row _builder_version=\u00bb4.16&#8243; custom_padding=\u00bb29px|0px|0|0px|false|false\u00bb global_colors_info=\u00bb{}\u00bb][et_pb_column type=\u00bb4_4&#8243; _builder_version=\u00bb4.16&#8243; custom_padding=\u00bb|||\u00bb global_colors_info=\u00bb{}\u00bb custom_padding__hover=\u00bb|||\u00bb][et_pb_text _builder_version=\u00bb4.16&#8243; global_colors_info=\u00bb{}\u00bb]<span class=\"collapseomatic \" id=\"id69ee12f7799b7\"  tabindex=\"0\" title=\"\"    ><\/span><div id=\"target-id69ee12f7799b7\" class=\"collapseomatic_content \">\n<p><strong>Ag\u00e8ncia publicitat Reus<\/strong>\u00a0\u00e9s una empresa de <strong>m\u00e0rqueting online i offline<\/strong> amb seu a <strong>Reus<\/strong> que ofereix serveis de <strong>m\u00e0rqueting<\/strong> <strong>online i offline<\/strong> integrals per tal de millorar la rendibilitat i beneficis de petites i mitjanes empreses del <strong>Camp<\/strong> <strong>de<\/strong> <strong>Tarragona<\/strong>. Tota empresa t\u00e9 dret a una bona comunicaci\u00f3 i estrat\u00e8gies competents de m\u00e0rqueting. Per aix\u00f2, adaptem i personalitzem totalment els nostres pressupostos i serveis a les necessitats de cada empresa tenint en compte la seva mida, caracter\u00edstiques, estat i p\u00fablic objectiu. A <b>ag\u00e8ncia publicitat Reus<\/b>\u00a0oferim un nou concepte de <strong>m\u00e0rqueting<\/strong>, un m\u00e0rqueting per a qualsevol empresa. Per petita que sigui la teva empresa, es pot veure molt beneficiada d&#8217;elements que desconeixes i que millorar\u00e0 el teu exercici econ\u00f2mic.<\/p>\n<h2>Ag\u00e8ncia publicitat Reus<\/h2>\n<p>A <strong>ag\u00e8ncia publicitat Reus\u00a0<\/strong>creiem que el m\u00e0rqueting online a les plataformes socials \u00e9s la funci\u00f3 que avalua l&#8217;impacte dels mitjans i els introdueix a les estrat\u00e8gies corporatives. Ens referim a factors com la publicitat, la comunicaci\u00f3, el desenvolupament dels productes, la investigaci\u00f3 de mercat, l&#8217;atenci\u00f3 al client, etc. No es tracta nom\u00e9s de publicitat o comunicaci\u00f3, sin\u00f3 tenir pres\u00e8ncia i relaci\u00f3 constant i directa amb les persones.<\/p>\n<p>L\u2019<strong>ag\u00e8ncia publicitat Reus<\/strong> som qui fa possible que el disseny d&#8217;una nova imatge corporativa o adaptaci\u00f3 de l&#8217;actual a les teves necessitats com a empresa sigui possible. A m\u00e9s, apostem per la presencia del teu negoci a la xarxa, ja que creiem que \u00e9s necess\u00e0ria per a fer front a la compet\u00e8ncia. Una p\u00e0gina web et d\u00f3na l&#8217;oportunitat d\u2019obrir-te al m\u00f3n i ser mes visible. Una bona p\u00e0gina web \u00e9s el centre de qualsevol estrat\u00e8gia de m\u00e0rqueting online.<\/p>\n<h2>Ag\u00e8ncia publicitat Reus<\/h2>\n<p>La teva web ser\u00e0 la teva carta de presentaci\u00f3 cap a nous clients potencials. Per aix\u00f2, la seva imatge ha de ser l&#8217;adequada, aix\u00ed com el seu manteniment. A l&#8217;<b>ag\u00e8ncia publicitat Reus<\/b>\u00a0creem una web per a les diferents superf\u00edcies m\u00f2bils i constantment relacionada a una estrat\u00e8gia concreta de <strong>m\u00e0rqueting que t\u2019ajudar\u00e0 a cr\u00e9ixer.<\/strong><\/p>\n<h2><\/h2>\n<\/div>\n[\/et_pb_text][et_pb_text _builder_version=\u00bb4.16&#8243; text_font=\u00bb||||||||\u00bb text_text_color=\u00bb#500b67&#8243; header_2_font=\u00bb|600|||||||\u00bb header_2_text_align=\u00bbleft\u00bb header_2_text_color=\u00bb#00aaa2&#8243; header_2_font_size=\u00bb36px\u00bb header_2_letter_spacing=\u00bb8px\u00bb text_orientation=\u00bbcenter\u00bb custom_margin=\u00bb||25px|\u00bb header_2_font_size_tablet=\u00bb\u00bb header_2_font_size_phone=\u00bb30px\u00bb header_2_font_size_last_edited=\u00bbon|phone\u00bb global_colors_info=\u00bb{}\u00bb]\n<h3 style=\"text-align: center;\"><span style=\"color: #760d86;\">especializados en m\u00e1rqueting<\/span><\/h3>\n[\/et_pb_text][\/et_pb_column][\/et_pb_row][et_pb_row column_structure=\u00bb1_3,1_3,1_3&#8243; _builder_version=\u00bb4.16&#8243; animation_style=\u00bbbounce\u00bb global_colors_info=\u00bb{}\u00bb][et_pb_column type=\u00bb1_3&#8243; _builder_version=\u00bb4.16&#8243; custom_padding=\u00bb|||\u00bb global_colors_info=\u00bb{}\u00bb custom_padding__hover=\u00bb|||\u00bb][et_pb_blurb title=\u00bbprofesionalidad\u00bb use_icon=\u00bbon\u00bb font_icon=\u00bb&#xe60d;||divi||400&#8243; image_icon_background_color=\u00bb#69247b\u00bb image_icon_width=\u00bb48px\u00bb _builder_version=\u00bb4.16&#8243; header_font=\u00bbRubik|700|||||||\u00bb image_icon_custom_padding=\u00bb25px|25px|25px|25px|false|false\u00bb text_orientation=\u00bbcenter\u00bb border_radii_image=\u00bbon|100%|100%|100%|100%\u00bb use_circle=\u00bbon\u00bb global_colors_info=\u00bb{}\u00bb image_icon_background_color__sticky_enabled=\u00bb#69247b\u00bb image_icon_background_color__sticky=\u00bb#69247b\u00bb][\/et_pb_blurb][\/et_pb_column][et_pb_column type=\u00bb1_3&#8243; _builder_version=\u00bb4.16&#8243; custom_padding=\u00bb|||\u00bb global_colors_info=\u00bb{}\u00bb custom_padding__hover=\u00bb|||\u00bb][et_pb_blurb title=\u00bbCREATIVIDAD\u00bb use_icon=\u00bbon\u00bb font_icon=\u00bb&#xe030;||divi||400&#8243; image_icon_background_color=\u00bb#69247b\u00bb image_icon_width=\u00bb48px\u00bb _builder_version=\u00bb4.16&#8243; image_icon_custom_padding=\u00bb25px|25px|25px|25px|false|false\u00bb text_orientation=\u00bbcenter\u00bb border_radii_image=\u00bbon|100%|100%|100%|100%\u00bb use_circle=\u00bbon\u00bb global_colors_info=\u00bb{}\u00bb image_icon_background_color__sticky_enabled=\u00bb#69247b\u00bb image_icon_background_color__sticky=\u00bb#69247b\u00bb][\/et_pb_blurb][\/et_pb_column][et_pb_column type=\u00bb1_3&#8243; _builder_version=\u00bb4.16&#8243; custom_padding=\u00bb|||\u00bb global_colors_info=\u00bb{}\u00bb custom_padding__hover=\u00bb|||\u00bb][et_pb_blurb title=\u00bbEFICACIA\u00bb use_icon=\u00bbon\u00bb font_icon=\u00bb&#xe0e9;||divi||400&#8243; image_icon_background_color=\u00bb#69247b\u00bb image_icon_width=\u00bb48px\u00bb _builder_version=\u00bb4.16&#8243; image_icon_custom_padding=\u00bb25px|25px|25px|25px|false|false\u00bb text_orientation=\u00bbcenter\u00bb border_radii_image=\u00bbon|100%|100%|100%|100%\u00bb use_circle=\u00bbon\u00bb global_colors_info=\u00bb{}\u00bb image_icon_background_color__sticky_enabled=\u00bb#69247b\u00bb image_icon_background_color__sticky=\u00bb#69247b\u00bb][\/et_pb_blurb][et_pb_code _builder_version=\u00bb4.16&#8243; _module_preset=\u00bbdefault\u00bb global_colors_info=\u00bb{}\u00bb]<span class=\"collapseomatic \" id=\"id69ee12f779b03\"  tabindex=\"0\" title=\"\"    ><\/span><div id=\"target-id69ee12f779b03\" class=\"collapseomatic_content \"><!-- [et_pb_line_break_holder] --><\/p>\n<h2> Equipo Media Needs <\/h2>\n<p><!-- [et_pb_line_break_holder] --><!-- [et_pb_line_break_holder] --><!-- [et_pb_line_break_holder] -->El Equipo Media Needs es un equipo joven, din\u00e1mico y creativo. Nos consideramos emprendedores y amantes de la comunicaci\u00f3n, formados en Comunicaci\u00f3n Audiovisual y Periodismo. Nuestra experiencia se hizo s\u00f3lida dentro de varias empresas, as\u00ed como en distintos medios de comunicaci\u00f3n.<!-- [et_pb_line_break_holder] --><!-- [et_pb_line_break_holder] -->Emprendimos este proyecto con el fin de ayudar a crecer a aquellas peque\u00f1as y medianas empresas que buscan mejorar su presencia online y la relaci\u00f3n con sus clientes.<!-- [et_pb_line_break_holder] --><!-- [et_pb_line_break_holder] -->Un objetivo principal del Equipo Media Needs es mejorar la comunicaci\u00f3n de los negocios que lo requieran, trabajando para posicionar tu sitio web con mensajes concretos y eficaces.<!-- [et_pb_line_break_holder] --><!-- [et_pb_line_break_holder] -->En Media Needs contamos con un equipo peque\u00f1o formado en el \u00e1mbito de la comunicaci\u00f3n, con distintas aptitudes que se complementan para lograr los mejores resultados. El trabajo en equipo es fundamental en nuestra empresa, ya que creemos que exponiendo y escuchando distintos puntos de vista acabamos llegando a ideas m\u00e1s creativas y originales.<!-- [et_pb_line_break_holder] --><!-- [et_pb_line_break_holder] --><\/p>\n<h2> Equipo Media Needs <\/h2>\n<p><!-- [et_pb_line_break_holder] --><!-- [et_pb_line_break_holder] --><!-- [et_pb_line_break_holder] -->Actualmente, nuestro equipo est\u00e1 formado por 5 integrantes. En la direcci\u00f3n encontramos a Jordi Miquel, graduado en Comunicaci\u00f3n Audiovisual y amante de las nuevas tecnolog\u00edas y de Internet. Laura Zambudio es la Social Media Manager m\u00e1s veterana de la empresa. Se form\u00f3 para ser T\u00e9cnica Superior en Gr\u00e1fica Publicitaria, apasionada del dise\u00f1o gr\u00e1fico y de los soportes impresos. Anna Altadill es la segunda de las Social Media Managers, graduada en comunicaci\u00f3n y amante de la escritura. La \u00faltima del grupo es Saskia Aguilar, graduada en Comunicaci\u00f3n Audiovisual y apasionada de la fotograf\u00eda. Finalmente, Fabio Marchi es el colaborador de Media Needs desde los inicios. Fund\u00f3 la empresa junto con Jordi Miquel, y es graduado en Periodismo y amante del deporte y del arte de escribir.<!-- [et_pb_line_break_holder] --><!-- [et_pb_line_break_holder] -->\u00a1Conf\u00eda en el equipo de Media Needs y d\u00e9jate sorprender con la profesionalidad y la creatividad que aportaremos a tu negocio!<!-- [et_pb_line_break_holder] --><!-- [et_pb_line_break_holder] --><\/div>[\/et_pb_code][\/et_pb_column][\/et_pb_row][et_pb_row _builder_version=\u00bb4.16&#8243; global_colors_info=\u00bb{}\u00bb][et_pb_column type=\u00bb4_4&#8243; _builder_version=\u00bb4.16&#8243; custom_padding=\u00bb|||\u00bb global_colors_info=\u00bb{}\u00bb custom_padding__hover=\u00bb|||\u00bb][et_pb_divider show_divider=\u00bboff\u00bb _builder_version=\u00bb4.16&#8243; global_colors_info=\u00bb{}\u00bb][\/et_pb_divider][\/et_pb_column][\/et_pb_row][\/et_pb_section][et_pb_section fb_built=\u00bb1&#8243; fullwidth=\u00bbon\u00bb next_background_color=\u00bb#ffffff\u00bb _builder_version=\u00bb4.16&#8243; background_color=\u00bbrgba(0,0,0,0)\u00bb use_background_color_gradient=\u00bbon\u00bb background_color_gradient_direction=\u00bb68deg\u00bb background_color_gradient_stops=\u00bb#69247b 0%|#e6007e 79%\u00bb background_color_gradient_start=\u00bb#69247b\u00bb background_color_gradient_end=\u00bb#e6007e\u00bb background_color_gradient_end_position=\u00bb79%\u00bb top_divider_style=\u00bbwave2&#8243; top_divider_color=\u00bb#ffffff\u00bb bottom_divider_style=\u00bbwave2&#8243; global_colors_info=\u00bb{}\u00bb][et_pb_fullwidth_header title=\u00bbnuestra f\u00f3rmula\u00bb _builder_version=\u00bb4.16&#8243; title_font=\u00bb||||||||\u00bb title_text_align=\u00bbcenter\u00bb content_font=\u00bb||||||||\u00bb content_text_align=\u00bbcenter\u00bb content_font_size=\u00bb16px\u00bb background_enable_color=\u00bboff\u00bb custom_margin=\u00bb2px|||||\u00bb custom_padding=\u00bb151px||129px|||\u00bb global_colors_info=\u00bb{}\u00bb button_one_text_size__hover_enabled=\u00bboff\u00bb button_two_text_size__hover_enabled=\u00bboff\u00bb button_one_text_color__hover_enabled=\u00bboff\u00bb button_two_text_color__hover_enabled=\u00bboff\u00bb button_one_border_width__hover_enabled=\u00bboff\u00bb button_two_border_width__hover_enabled=\u00bboff\u00bb button_one_border_color__hover_enabled=\u00bboff\u00bb button_two_border_color__hover_enabled=\u00bboff\u00bb button_one_border_radius__hover_enabled=\u00bboff\u00bb button_two_border_radius__hover_enabled=\u00bboff\u00bb button_one_letter_spacing__hover_enabled=\u00bboff\u00bb button_two_letter_spacing__hover_enabled=\u00bboff\u00bb button_one_bg_color__hover_enabled=\u00bboff\u00bb button_two_bg_color__hover_enabled=\u00bboff\u00bb]\n<p>An\u00e1lisis + Estrategia + Ejecuci\u00f3n impecable = RESULTADOS ASEGURADOS<\/p>\n<p style=\"text-align: center;\">[\/et_pb_fullwidth_header][\/et_pb_section][et_pb_section fb_built=\u00bb1&#8243; custom_padding_last_edited=\u00bbon|phone\u00bb _builder_version=\u00bb4.16&#8243; custom_padding=\u00bb35px|0px|50px|0px|false|false\u00bb custom_padding_tablet=\u00bb\u00bb custom_padding_phone=\u00bb||200px|\u00bb top_divider_color=\u00bb#760d86&#8243; top_divider_height=\u00bb190px\u00bb top_divider_flip=\u00bbvertical\u00bb top_divider_height_tablet=\u00bb83px\u00bb top_divider_height_phone=\u00bb63px\u00bb top_divider_height_last_edited=\u00bbon|tablet\u00bb bottom_divider_color=\u00bb#760d86&#8243; bottom_divider_height=\u00bb150px\u00bb bottom_divider_height_tablet=\u00bb83px\u00bb bottom_divider_height_phone=\u00bb63px\u00bb bottom_divider_height_last_edited=\u00bbon|tablet\u00bb global_colors_info=\u00bb{}\u00bb][et_pb_row _builder_version=\u00bb4.16&#8243; custom_padding=\u00bb74px|0px|0|0px|false|false\u00bb global_colors_info=\u00bb{}\u00bb][et_pb_column type=\u00bb4_4&#8243; _builder_version=\u00bb4.16&#8243; custom_padding=\u00bb|||\u00bb global_colors_info=\u00bb{}\u00bb custom_padding__hover=\u00bb|||\u00bb][et_pb_text _builder_version=\u00bb4.16&#8243; text_text_color=\u00bb#69247b\u00bb header_2_font=\u00bb|600|||||||\u00bb header_2_text_align=\u00bbleft\u00bb header_2_text_color=\u00bb#00aaa2&#8243; header_2_font_size=\u00bb36px\u00bb header_2_letter_spacing=\u00bb8px\u00bb text_orientation=\u00bbcenter\u00bb custom_margin=\u00bb||25px|\u00bb header_2_font_size_tablet=\u00bb\u00bb header_2_font_size_phone=\u00bb30px\u00bb header_2_font_size_last_edited=\u00bbon|phone\u00bb global_colors_info=\u00bb{}\u00bb]\n<h2 style=\"text-align: center;\"><span style=\"color: #500b67;\">expertos en mejorar d\u00eda a d\u00eda<\/span><\/h2>\n<p style=\"text-align: center;\">[\/et_pb_text][\/et_pb_column][\/et_pb_row][et_pb_row _builder_version=\u00bb4.16&#8243; custom_padding=\u00bb0|0px|29px|0px|false|false\u00bb global_colors_info=\u00bb{}\u00bb][et_pb_column type=\u00bb4_4&#8243; _builder_version=\u00bb4.16&#8243; custom_padding=\u00bb|||\u00bb global_colors_info=\u00bb{}\u00bb custom_padding__hover=\u00bb|||\u00bb][et_pb_text _builder_version=\u00bb4.16&#8243; text_font=\u00bbRubik|300|||||||\u00bb text_font_size=\u00bb30px\u00bb global_colors_info=\u00bb{}\u00bb]\n<p style=\"text-align: center;\"><span style=\"color: #565656;\">\u00a1Estos somos nosotros!<\/span><\/p>\n<p style=\"text-align: center;\">[\/et_pb_text][\/et_pb_column][\/et_pb_row][et_pb_row column_structure=\u00bb1_3,1_3,1_3&#8243; disabled_on=\u00bboff|off|off\u00bb _builder_version=\u00bb4.16&#8243; background_size=\u00bbinitial\u00bb background_position=\u00bbtop_left\u00bb background_repeat=\u00bbrepeat\u00bb custom_padding=\u00bb||38px|||\u00bb global_colors_info=\u00bb{}\u00bb][et_pb_column type=\u00bb1_3&#8243; _builder_version=\u00bb4.16&#8243; custom_padding=\u00bb|||\u00bb global_colors_info=\u00bb{}\u00bb custom_padding__hover=\u00bb|||\u00bb][et_pb_image src=\u00bbhttps:\/\/medianeeds.es\/wp-content\/uploads\/2024\/10\/jordi.jpg\u00bb title_text=\u00bbjordi\u00bb align=\u00bbcenter\u00bb align_tablet=\u00bbcenter\u00bb align_phone=\u00bb\u00bb align_last_edited=\u00bbon|desktop\u00bb _builder_version=\u00bb4.27.2&#8243; max_width=\u00bb54%\u00bb global_colors_info=\u00bb{}\u00bb][\/et_pb_image][et_pb_team_member name=\u00bbjordi miquel\u00bb position=\u00bbDirecci\u00f3n\u00bb _builder_version=\u00bb4.16&#8243; header_level=\u00bbh6&#8243; header_font=\u00bbRubik||||||||\u00bb header_text_align=\u00bbcenter\u00bb header_text_color=\u00bb#69247b\u00bb header_font_size=\u00bb18px\u00bb body_font=\u00bbRubik|500|||||||\u00bb body_text_color=\u00bb#575756&#8243; position_text_color=\u00bb#e6007e\u00bb text_orientation=\u00bbcenter\u00bb border_width_all_image=\u00bb16px\u00bb border_color_all_image=\u00bb#ffffff\u00bb global_colors_info=\u00bb{}\u00bb]\n<p style=\"text-align: center;\">Graduado en Comunicaci\u00f3n Audiovisual,  amante de las<br \/>nuevas tecnolog\u00edas y de internet<\/p>\n[\/et_pb_team_member][et_pb_toggle title=\u00bb\u00bfQuieres saber m\u00e1s sobre jordi?\u00bb open_toggle_text_color=\u00bb#fcfcfc\u00bb closed_toggle_text_color=\u00bb#ffffff\u00bb _builder_version=\u00bb4.16&#8243; title_level=\u00bbh6&#8243; title_font=\u00bb||||||||\u00bb title_text_align=\u00bbcenter\u00bb title_font_size=\u00bb15px\u00bb title_line_height=\u00bb1.2em\u00bb closed_title_font=\u00bbRubik||||||||\u00bb body_font=\u00bb||||||||\u00bb background_color=\u00bb#69247b\u00bb width=\u00bb100%\u00bb module_alignment=\u00bbcenter\u00bb custom_padding=\u00bb||20px|||\u00bb border_width_all=\u00bb0px\u00bb border_color_all=\u00bb#e6007e\u00bb global_colors_info=\u00bb{}\u00bb]\n<p style=\"text-align: justify;\"><span style=\"color: #ffffff;\">Dice que si Amazon no existiera, seguramente ser\u00eda mucho m\u00e1s rico pero menos feliz. Es experto en aprender cosas nuevas cada d\u00eda. Su lema es que cuando hay ganas no hay l\u00edmites. Siempre dice que le encantar\u00eda tener un mill\u00f3n de euros al banco pero se conformar\u00eda con montar una sucursal en Cerde\u00f1a (Italia). Y como no pod\u00eda ser menos es lo que paga las n\u00f3minas.<\/span><\/p>\n[\/et_pb_toggle][\/et_pb_column][et_pb_column type=\u00bb1_3&#8243; _builder_version=\u00bb4.16&#8243; custom_padding=\u00bb|||\u00bb global_colors_info=\u00bb{}\u00bb custom_padding__hover=\u00bb|||\u00bb][et_pb_image src=\u00bbhttps:\/\/medianeeds.es\/wp-content\/uploads\/2024\/10\/Carla.jpg\u00bb title_text=\u00bbCarla\u00bb align=\u00bbcenter\u00bb align_tablet=\u00bbcenter\u00bb align_phone=\u00bb\u00bb align_last_edited=\u00bbon|desktop\u00bb _builder_version=\u00bb4.27.2&#8243; transform_translate=\u00bb3px|1px\u00bb max_width=\u00bb54%\u00bb global_colors_info=\u00bb{}\u00bb][\/et_pb_image][et_pb_team_member name=\u00bbCarla Juan\u00f3s\u00bb position=\u00bbSocial Media Manager\u00bb _builder_version=\u00bb4.20.0&#8243; header_level=\u00bbh6&#8243; header_font=\u00bbRubik||||||||\u00bb header_text_align=\u00bbcenter\u00bb header_text_color=\u00bb#69247b\u00bb header_font_size=\u00bb18px\u00bb body_font=\u00bbRubik|500|||||||\u00bb body_text_color=\u00bb#575756&#8243; position_text_color=\u00bb#e6007e\u00bb text_orientation=\u00bbcenter\u00bb border_width_all_image=\u00bb16px\u00bb border_color_all_image=\u00bb#ffffff\u00bb global_colors_info=\u00bb{}\u00bb]\n<p style=\"text-align: center;\">Graduada en Publicidad y Relaciones P\u00fablicas.<br \/>Amante de afrontar nuevos retos<\/p>\n[\/et_pb_team_member][et_pb_toggle title=\u00bb\u00bfQuieres saber m\u00e1s sobre Carla?\u00bb open_toggle_text_color=\u00bb#ffffff\u00bb closed_toggle_text_color=\u00bb#ffffff\u00bb _builder_version=\u00bb4.20.0&#8243; title_level=\u00bbh6&#8243; title_font=\u00bb||||||||\u00bb title_text_align=\u00bbcenter\u00bb title_font_size=\u00bb15px\u00bb title_line_height=\u00bb1.2em\u00bb closed_title_font=\u00bbRubik||||||||\u00bb body_font=\u00bb||||||||\u00bb background_color=\u00bb#69247b\u00bb width=\u00bb100%\u00bb module_alignment=\u00bbcenter\u00bb custom_padding=\u00bb||20px|||\u00bb border_width_all=\u00bb0px\u00bb border_color_all=\u00bb#e6007e\u00bb global_colors_info=\u00bb{}\u00bb]\n<p style=\"text-align: justify;\"><span style=\"color: #ffffff;\">Observadora y curiosa por naturaleza. Le encanta fijarse en los peque\u00f1os detalles y tener conversaciones profundas. Amante de los perros, de los paseos por la monta\u00f1a y de pasar tiempo con buena compa\u00f1\u00eda. <\/span><\/p>\n<p style=\"text-align: justify;\">[\/et_pb_toggle][\/et_pb_column][et_pb_column type=\u00bb1_3&#8243; _builder_version=\u00bb4.16&#8243; custom_padding=\u00bb|||\u00bb global_colors_info=\u00bb{}\u00bb custom_padding__hover=\u00bb|||\u00bb][et_pb_image src=\u00bbhttps:\/\/medianeeds.es\/wp-content\/uploads\/2024\/10\/Ignasi.jpg\u00bb title_text=\u00bbIgnasi\u00bb align=\u00bbcenter\u00bb align_tablet=\u00bbcenter\u00bb align_phone=\u00bb\u00bb align_last_edited=\u00bbon|desktop\u00bb _builder_version=\u00bb4.27.2&#8243; transform_translate=\u00bb3px|1px\u00bb max_width=\u00bb54%\u00bb global_colors_info=\u00bb{}\u00bb][\/et_pb_image][et_pb_team_member name=\u00bbIgnasi Salat\u00bb position=\u00bbSocial Media Manager\u00bb _builder_version=\u00bb4.17.4&#8243; header_level=\u00bbh6&#8243; header_font=\u00bbRubik||||||||\u00bb header_text_align=\u00bbcenter\u00bb header_text_color=\u00bb#69247b\u00bb header_font_size=\u00bb18px\u00bb body_font=\u00bbRubik|500|||||||\u00bb body_text_color=\u00bb#575756&#8243; position_text_color=\u00bb#e6007e\u00bb text_orientation=\u00bbcenter\u00bb border_width_all_image=\u00bb16px\u00bb border_color_all_image=\u00bb#ffffff\u00bb global_colors_info=\u00bb{}\u00bb]\n<p style=\"text-align: center;\">Graduado en Publicidad y Relaciones P\u00fablicas amante de los \u00abcastells\u00bb y la cultura popular<\/p>\n[\/et_pb_team_member][et_pb_toggle title=\u00bb\u00bfQuieres saber m\u00e1s sobre Ignasi?\u00bb open_toggle_text_color=\u00bb#ffffff\u00bb closed_toggle_text_color=\u00bb#ffffff\u00bb _builder_version=\u00bb4.17.4&#8243; title_text_color=\u00bb#ffffff\u00bb title_level=\u00bbh6&#8243; title_font=\u00bb||||||||\u00bb title_text_align=\u00bbcenter\u00bb title_font_size=\u00bb15px\u00bb title_line_height=\u00bb1.2em\u00bb closed_title_font=\u00bbRubik||||||||\u00bb body_font=\u00bb||||||||\u00bb background_color=\u00bb#69247b\u00bb width=\u00bb100%\u00bb module_alignment=\u00bbcenter\u00bb custom_padding=\u00bb||20px|||\u00bb border_width_all=\u00bb0px\u00bb border_color_all=\u00bb#e6007e\u00bb global_colors_info=\u00bb{}\u00bb]\n<p style=\"text-align: justify;\"><span style=\"color: #ffffff;\">Amante de los \u00abcastells\u00bb y de la cultura popular. Siempre preparado para escapar con sus amigos, ir a la monta\u00f1a oa cualquier concierto. Lo fotograf\u00eda todo para capturar las ideas, conceptos y dise\u00f1os. Graduado en Publicidad y Relaciones P\u00fablicas y fan de los mediod\u00edas.<\/span><\/p>\n[\/et_pb_toggle][\/et_pb_column][\/et_pb_row][et_pb_row column_structure=\u00bb1_3,1_3,1_3&#8243; disabled_on=\u00bboff|off|off\u00bb _builder_version=\u00bb4.27.4&#8243; background_size=\u00bbinitial\u00bb background_position=\u00bbtop_left\u00bb background_repeat=\u00bbrepeat\u00bb custom_padding=\u00bb||38px|||\u00bb global_colors_info=\u00bb{}\u00bb][et_pb_column type=\u00bb1_3&#8243; _builder_version=\u00bb4.16&#8243; custom_padding=\u00bb|||\u00bb global_colors_info=\u00bb{}\u00bb custom_padding__hover=\u00bb|||\u00bb][et_pb_image src=\u00bbhttps:\/\/medianeeds.es\/wp-content\/uploads\/2024\/10\/Erik.jpg\u00bb title_text=\u00bbE\u0300rik\u00bb align=\u00bbcenter\u00bb align_tablet=\u00bbcenter\u00bb align_phone=\u00bb\u00bb align_last_edited=\u00bbon|desktop\u00bb _builder_version=\u00bb4.27.2&#8243; transform_translate=\u00bb3px|1px\u00bb max_width=\u00bb54%\u00bb global_colors_info=\u00bb{}\u00bb][\/et_pb_image][et_pb_team_member name=\u00bb\u00c8rik Mart\u00ednez\u00bb position=\u00bbSocial Media Manager\u00bb _builder_version=\u00bb4.27.2&#8243; header_level=\u00bbh6&#8243; header_font=\u00bbRubik||||||||\u00bb header_text_align=\u00bbcenter\u00bb header_text_color=\u00bb#69247b\u00bb header_font_size=\u00bb18px\u00bb body_font=\u00bbRubik|500|||||||\u00bb body_text_color=\u00bb#575756&#8243; position_text_color=\u00bb#e6007e\u00bb text_orientation=\u00bbcenter\u00bb border_width_all_image=\u00bb16px\u00bb border_color_all_image=\u00bb#ffffff\u00bb global_colors_info=\u00bb{}\u00bb]\n<p style=\"text-align: center;\">Graduado en Periodismo, <br \/>creativo y amante de los animales<\/p>\n[\/et_pb_team_member][et_pb_toggle title=\u00bb\u00bfQuieres saber m\u00e1s sobre \u00c8rik?\u00bb open_toggle_text_color=\u00bb#ffffff\u00bb closed_toggle_text_color=\u00bb#ffffff\u00bb _builder_version=\u00bb4.27.2&#8243; title_text_color=\u00bb#ffffff\u00bb title_level=\u00bbh6&#8243; title_font=\u00bb||||||||\u00bb title_text_align=\u00bbcenter\u00bb title_font_size=\u00bb15px\u00bb title_line_height=\u00bb1.2em\u00bb closed_title_font=\u00bbRubik||||||||\u00bb body_font=\u00bb||||||||\u00bb background_color=\u00bb#69247b\u00bb width=\u00bb100%\u00bb module_alignment=\u00bbcenter\u00bb custom_padding=\u00bb||20px|||\u00bb border_width_all=\u00bb0px\u00bb border_color_all=\u00bb#e6007e\u00bb global_colors_info=\u00bb{}\u00bb]\n<p style=\"text-align: justify;\"><span style=\"color: #ffffff;\">Disfruta de la playa, de la familia y amigos. Siempre busca nuevas experiencias que le aporten diversi\u00f3n e inspiraci\u00f3n. La m\u00fasica es una parte esencial por su d\u00eda a d\u00eda.<\/span><\/p>\n<p style=\"text-align: justify;\">[\/et_pb_toggle][\/et_pb_column][et_pb_column type=\u00bb1_3&#8243; _builder_version=\u00bb4.16&#8243; custom_padding=\u00bb|||\u00bb global_colors_info=\u00bb{}\u00bb custom_padding__hover=\u00bb|||\u00bb][et_pb_image src=\u00bbhttps:\/\/medianeeds.es\/wp-content\/uploads\/2025\/05\/arnau.jpg\u00bb title_text=\u00bbarnau\u00bb align=\u00bbcenter\u00bb align_tablet=\u00bbcenter\u00bb align_phone=\u00bb\u00bb align_last_edited=\u00bbon|desktop\u00bb _builder_version=\u00bb4.27.4&#8243; transform_translate=\u00bb3px|1px\u00bb max_width=\u00bb54%\u00bb global_colors_info=\u00bb{}\u00bb][\/et_pb_image][et_pb_team_member name=\u00bbArnau Marin\u00bb position=\u00bbDise\u00f1ador gr\u00e1fico\u00bb _builder_version=\u00bb4.27.4&#8243; header_level=\u00bbh6&#8243; header_font=\u00bbRubik||||||||\u00bb header_text_align=\u00bbcenter\u00bb header_text_color=\u00bb#69247b\u00bb header_font_size=\u00bb18px\u00bb body_font=\u00bbRubik|500|||||||\u00bb body_text_color=\u00bb#575756&#8243; position_text_color=\u00bb#e6007e\u00bb text_orientation=\u00bbcenter\u00bb border_width_all_image=\u00bb16px\u00bb border_color_all_image=\u00bb#ffffff\u00bb global_colors_info=\u00bb{}\u00bb]\n<p style=\"text-align: center;\">Graduado en Periodismo y con un m\u00e1ster en dise\u00f1o gr\u00e1fico.<br \/>Dise\u00f1ador experto y atento a las \u00faltimas tendencias<\/p>\n[\/et_pb_team_member][et_pb_toggle title=\u00bb\u00bfQuieres saber m\u00e1s sobre Arnau?\u00bb open_toggle_text_color=\u00bb#ffffff\u00bb closed_toggle_text_color=\u00bb#ffffff\u00bb _builder_version=\u00bb4.27.4&#8243; title_level=\u00bbh6&#8243; title_font=\u00bb||||||||\u00bb title_text_align=\u00bbcenter\u00bb title_font_size=\u00bb15px\u00bb title_line_height=\u00bb1.2em\u00bb closed_title_font=\u00bbRubik||||||||\u00bb body_font=\u00bb||||||||\u00bb background_color=\u00bb#69247b\u00bb width=\u00bb100%\u00bb module_alignment=\u00bbcenter\u00bb custom_padding=\u00bb||20px|||\u00bb border_width_all=\u00bb0px\u00bb border_color_all=\u00bb#e6007e\u00bb global_colors_info=\u00bb{}\u00bb]\n<p style=\"text-align: justify;\"><span style=\"color: #ffffff;\">Dise\u00f1ador gr\u00e1fico con m\u00e1s de 11 a\u00f1os de experiencia, apasionado por la creatividad y la innovaci\u00f3n. Siempre al d\u00eda de las \u00faltimas tendencias y motivado por explorar nuevas t\u00e9cnicas que aporten frescura a sus proyectos. Con una visi\u00f3n que combina belleza y funcionalidad, trabaja para dar significado y originalidad a cada dise\u00f1o.<\/span><\/p>\n[\/et_pb_toggle][\/et_pb_column][et_pb_column type=\u00bb1_3&#8243; _builder_version=\u00bb4.27.4&#8243; _module_preset=\u00bbdefault\u00bb global_colors_info=\u00bb{}\u00bb][et_pb_image src=\u00bbhttps:\/\/medianeeds.es\/wp-content\/uploads\/2025\/05\/Daniela.jpg\u00bb title_text=\u00bbDaniela\u00bb align=\u00bbcenter\u00bb align_tablet=\u00bbcenter\u00bb align_phone=\u00bb\u00bb align_last_edited=\u00bbon|desktop\u00bb admin_label=\u00bbImagen\u00bb _builder_version=\u00bb4.27.4&#8243; transform_translate=\u00bb3px|1px\u00bb max_width=\u00bb54%\u00bb global_colors_info=\u00bb{}\u00bb][\/et_pb_image][et_pb_team_member name=\u00bbDANIELA ESCRIGAS\u00bb position=\u00bbDise\u00f1o Gr\u00e1fico\u00bb _builder_version=\u00bb4.27.2&#8243; header_level=\u00bbh6&#8243; header_font=\u00bbRubik||||||||\u00bb header_text_align=\u00bbcenter\u00bb header_text_color=\u00bb#69247b\u00bb header_font_size=\u00bb18px\u00bb body_font=\u00bbRubik|500|||||||\u00bb body_text_color=\u00bb#575756&#8243; position_text_color=\u00bb#e6007e\u00bb text_orientation=\u00bbcenter\u00bb border_width_all_image=\u00bb16px\u00bb border_color_all_image=\u00bb#ffffff\u00bb global_colors_info=\u00bb{}\u00bb]\n<p style=\"text-align: center;\">Graduada en Dise\u00f1o Gr\u00e1fico y con Posgrado en Desarrollo FrontEnd. Dise\u00f1adora con inter\u00e9s por el mundo digital y la creatividad<\/p>\n[\/et_pb_team_member][et_pb_toggle title=\u00bb\u00bfQuieres saber m\u00e1s sobre Daniela?\u00bb open_toggle_text_color=\u00bb#ffffff\u00bb closed_toggle_text_color=\u00bb#ffffff\u00bb _builder_version=\u00bb4.27.4&#8243; title_text_color=\u00bb#ffffff\u00bb title_level=\u00bbh6&#8243; title_font=\u00bb||||||||\u00bb title_text_align=\u00bbcenter\u00bb title_font_size=\u00bb15px\u00bb title_line_height=\u00bb1.2em\u00bb closed_title_font=\u00bbRubik||||||||\u00bb body_font=\u00bb||||||||\u00bb body_text_color=\u00bb#ffffff\u00bb background_color=\u00bb#69247b\u00bb width=\u00bb100%\u00bb module_alignment=\u00bbcenter\u00bb custom_padding=\u00bb||20px|||\u00bb border_width_all=\u00bb0px\u00bb border_color_all=\u00bb#e6007e\u00bb global_colors_info=\u00bb{}\u00bb]\n<p>Entusiasta del arte, el dise\u00f1o, la m\u00fasica y el cine con una gran sensibilidad art\u00edstica y social.\u00a0 Siempre abierta a aprender y evolucionar constantemente.<\/p>\n[\/et_pb_toggle][\/et_pb_column][\/et_pb_row][et_pb_row column_structure=\u00bb1_3,1_3,1_3&#8243; disabled_on=\u00bboff|off|off\u00bb _builder_version=\u00bb4.27.6&#8243; background_size=\u00bbinitial\u00bb background_position=\u00bbtop_left\u00bb background_repeat=\u00bbrepeat\u00bb custom_padding=\u00bb||38px|||\u00bb global_colors_info=\u00bb{}\u00bb][et_pb_column type=\u00bb1_3&#8243; _builder_version=\u00bb4.16&#8243; custom_padding=\u00bb|||\u00bb global_colors_info=\u00bb{}\u00bb custom_padding__hover=\u00bb|||\u00bb][\/et_pb_column][et_pb_column type=\u00bb1_3&#8243; _builder_version=\u00bb4.16&#8243; custom_padding=\u00bb|||\u00bb global_colors_info=\u00bb{}\u00bb custom_padding__hover=\u00bb|||\u00bb][et_pb_image src=\u00bbhttps:\/\/medianeeds.es\/wp-content\/uploads\/2026\/04\/IMG_0046.jpg\u00bb title_text=\u00bbIMG_0046&#8243; align=\u00bbcenter\u00bb align_tablet=\u00bbcenter\u00bb align_phone=\u00bb\u00bb align_last_edited=\u00bbon|desktop\u00bb _builder_version=\u00bb4.27.6&#8243; transform_translate=\u00bb3px|1px\u00bb max_width=\u00bb54%\u00bb global_colors_info=\u00bb{}\u00bb][\/et_pb_image][et_pb_team_member name=\u00bbGervasi Moreno\u00bb position=\u00bbProducci\u00f3n Audiovisual\u00bb _builder_version=\u00bb4.27.6&#8243; header_level=\u00bbh6&#8243; header_font=\u00bbRubik||||||||\u00bb header_text_align=\u00bbcenter\u00bb header_text_color=\u00bb#69247b\u00bb header_font_size=\u00bb18px\u00bb body_font=\u00bbRubik|500|||||||\u00bb body_text_color=\u00bb#575756&#8243; position_text_color=\u00bb#e6007e\u00bb text_orientation=\u00bbcenter\u00bb border_width_all_image=\u00bb16px\u00bb border_color_all_image=\u00bb#ffffff\u00bb global_colors_info=\u00bb{}\u00bb]\n<p style=\"text-align: center;\">T\u00e9cnico <span>en edici\u00f3n y postproducci\u00f3n audiovisual<\/span><\/p>\n[\/et_pb_team_member][et_pb_toggle title=\u00bb\u00bfQuieres saber m\u00e1s sobre Gervasi?\u00bb open_toggle_text_color=\u00bb#ffffff\u00bb closed_toggle_text_color=\u00bb#ffffff\u00bb _builder_version=\u00bb4.27.6&#8243; title_level=\u00bbh6&#8243; title_font=\u00bb||||||||\u00bb title_text_align=\u00bbcenter\u00bb title_font_size=\u00bb15px\u00bb title_line_height=\u00bb1.2em\u00bb closed_title_font=\u00bbRubik||||||||\u00bb body_font=\u00bb||||||||\u00bb background_color=\u00bb#69247b\u00bb width=\u00bb100%\u00bb module_alignment=\u00bbcenter\u00bb custom_padding=\u00bb||20px|||\u00bb border_width_all=\u00bb0px\u00bb border_color_all=\u00bb#e6007e\u00bb global_colors_info=\u00bb{}\u00bb]\n<p style=\"text-align: justify;\"><span style=\"color: #ffffff;\">Aprecia la buena compa\u00f1\u00eda y que cada momento tenga un toque de diversi\u00f3n y positividad. Le encanta el cine, aunque verlo con \u00e9l implica que probablemente est\u00e1 pensando en conceptos t\u00e9cnicos. Dice que es pasi\u00f3n\u2026 aunque quiz\u00e1s simplemente ya no sabe ver pel\u00edculas como una persona normal.<\/span><\/p>\n[\/et_pb_toggle][\/et_pb_column][et_pb_column type=\u00bb1_3&#8243; _builder_version=\u00bb4.16&#8243; custom_padding=\u00bb|||\u00bb global_colors_info=\u00bb{}\u00bb custom_padding__hover=\u00bb|||\u00bb][\/et_pb_column][\/et_pb_row][\/et_pb_section][et_pb_section fb_built=\u00bb1&#8243; custom_padding_last_edited=\u00bbon|phone\u00bb _builder_version=\u00bb4.16&#8243; background_color=\u00bb#f5f5f5&#8243; custom_padding=\u00bb0|0px|29px|0px|false|false\u00bb custom_padding_tablet=\u00bb||150px|\u00bb custom_padding_phone=\u00bb0px||100px|\u00bb bottom_divider_color=\u00bb#00aaa2&#8243; bottom_divider_height=\u00bb111px\u00bb bottom_divider_repeat=\u00bb10x\u00bb bottom_divider_flip=\u00bbhorizontal\u00bb bottom_divider_height_tablet=\u00bb89px\u00bb bottom_divider_height_phone=\u00bb69px\u00bb bottom_divider_height_last_edited=\u00bbon|tablet\u00bb bottom_divider_repeat_tablet=\u00bb7x\u00bb bottom_divider_repeat_phone=\u00bb5x\u00bb bottom_divider_repeat_last_edited=\u00bbon|phone\u00bb global_colors_info=\u00bb{}\u00bb][et_pb_row column_structure=\u00bb1_2,1_2&#8243; use_custom_gutter=\u00bbon\u00bb gutter_width=\u00bb1&#8243; make_equal=\u00bbon\u00bb _builder_version=\u00bb4.16&#8243; background_color=\u00bb#69247b\u00bb width=\u00bb100%\u00bb max_width=\u00bb100%\u00bb custom_padding=\u00bb1px|0px|0|0px|false|false\u00bb animation_style=\u00bbfold\u00bb use_custom_width=\u00bbon\u00bb width_unit=\u00bboff\u00bb custom_width_percent=\u00bb100%\u00bb global_colors_info=\u00bb{}\u00bb][et_pb_column type=\u00bb1_2&#8243; _builder_version=\u00bb4.16&#8243; background_image=\u00bbhttps:\/\/medianeeds.es\/\/wp-content\/uploads\/2018\/07\/942-copia.jpg\u00bb parallax=\u00bbon\u00bb custom_padding=\u00bb0px|||\u00bb custom_padding_tablet=\u00bb200px|||\u00bb custom_padding_phone=\u00bb\u00bb custom_padding_last_edited=\u00bbon|phone\u00bb global_colors_info=\u00bb{}\u00bb custom_padding__hover=\u00bb|||\u00bb][\/et_pb_column][et_pb_column type=\u00bb1_2&#8243; _builder_version=\u00bb4.16&#8243; background_enable_color=\u00bboff\u00bb use_background_color_gradient=\u00bbon\u00bb background_color_gradient_direction=\u00bb91deg\u00bb background_color_gradient_stops=\u00bb#69247b 0%|#e6007e 100%\u00bb background_color_gradient_start=\u00bb#69247b\u00bb background_color_gradient_end=\u00bb#e6007e\u00bb custom_padding=\u00bb8%|10%|8%|10%\u00bb custom_padding_tablet=\u00bb100px|75px||75px\u00bb custom_padding_phone=\u00bb100px|50px||50px\u00bb custom_padding_last_edited=\u00bbon|tablet\u00bb global_colors_info=\u00bb{}\u00bb custom_padding__hover=\u00bb|||\u00bb][et_pb_text _builder_version=\u00bb4.16&#8243; text_line_height=\u00bb1.8em\u00bb header_font=\u00bb||||||||\u00bb header_2_font=\u00bb|600|||||||\u00bb header_2_text_align=\u00bbleft\u00bb header_2_text_color=\u00bb#00aaa2&#8243; header_2_font_size=\u00bb36px\u00bb header_2_letter_spacing=\u00bb8px\u00bb header_2_line_height=\u00bb1.2em\u00bb custom_margin=\u00bb||25px|\u00bb header_2_font_size_tablet=\u00bb\u00bb header_2_font_size_phone=\u00bb30px\u00bb header_2_font_size_last_edited=\u00bbon|phone\u00bb global_colors_info=\u00bb{}\u00bb]\n<h2><span style=\"color: #ffffff;\">\u00bfpor qu\u00e9 medianeeds?<\/span><\/h2>\n<p style=\"text-align: center;\">[\/et_pb_text][et_pb_text _builder_version=\u00bb4.16&#8243; text_font=\u00bbRubik|300|||||||\u00bb text_text_color=\u00bb#7a7a7a\u00bb text_font_size=\u00bb18px\u00bb text_line_height=\u00bb2.2em\u00bb global_colors_info=\u00bb{}\u00bb]\n<p style=\"text-align: justify;\"><span style=\"color: #ffffff;\">Este proyecto se inici\u00f3 por la gran necesidad que tienen muchas peque\u00f1as y medianas empresas de mejorar su relaci\u00f3n con su entorno.<\/span><\/p>\n<p style=\"text-align: justify;\"><span style=\"color: #ffffff;\">\u00a1Queremos que todos los negocios tengan la oportunidad de crecer y por eso utilizamos\u00a0<strong>las mejores herramientas<\/strong> para hacer crecer tu negocio!<\/span><\/p>\n[\/et_pb_text][\/et_pb_column][\/et_pb_row][\/et_pb_section][et_pb_section fb_built=\u00bb1&#8243; _builder_version=\u00bb4.16&#8243; custom_padding=\u00bb59px|0px|0|0px|false|false\u00bb global_colors_info=\u00bb{}\u00bb][et_pb_row _builder_version=\u00bb4.16&#8243; custom_padding=\u00bb29px|0px|0|0px|false|false\u00bb global_colors_info=\u00bb{}\u00bb][et_pb_column type=\u00bb4_4&#8243; _builder_version=\u00bb4.16&#8243; custom_padding=\u00bb|||\u00bb global_colors_info=\u00bb{}\u00bb custom_padding__hover=\u00bb|||\u00bb][et_pb_text _builder_version=\u00bb4.16&#8243; header_2_font=\u00bb|600|||||||\u00bb header_2_text_align=\u00bbleft\u00bb header_2_text_color=\u00bb#00aaa2&#8243; header_2_font_size=\u00bb36px\u00bb header_2_letter_spacing=\u00bb8px\u00bb text_orientation=\u00bbcenter\u00bb custom_margin=\u00bb||25px|\u00bb header_2_font_size_tablet=\u00bb\u00bb header_2_font_size_phone=\u00bb30px\u00bb header_2_font_size_last_edited=\u00bbon|phone\u00bb global_colors_info=\u00bb{}\u00bb]\n<h2 style=\"text-align: center;\"><span style=\"color: #760d86;\">NUESTRAS HABILIDADES<\/span><\/h2>\n<p style=\"text-align: center;\">[\/et_pb_text][\/et_pb_column][\/et_pb_row][\/et_pb_section][et_pb_section fb_built=\u00bb1&#8243; _builder_version=\u00bb4.16&#8243; custom_padding=\u00bb46px|0px|59px|0px|false|false\u00bb bottom_divider_color=\u00bb#69247b\u00bb global_colors_info=\u00bb{}\u00bb][et_pb_row column_structure=\u00bb1_4,1_4,1_4,1_4&#8243; _builder_version=\u00bb4.16&#8243; custom_padding=\u00bb0|0px|115px|0px|false|false\u00bb global_colors_info=\u00bb{}\u00bb][et_pb_column type=\u00bb1_4&#8243; _builder_version=\u00bb4.16&#8243; custom_padding=\u00bb|||\u00bb global_colors_info=\u00bb{}\u00bb custom_padding__hover=\u00bb|||\u00bb][et_pb_blurb title=\u00bbredes sociales\u00bb use_icon=\u00bbon\u00bb font_icon=\u00bb&#x77;||divi||400&#8243; image_icon_width=\u00bb55px\u00bb _builder_version=\u00bb4.27.6&#8243; header_level=\u00bbh5&#8243; header_font=\u00bb||||||||\u00bb header_text_align=\u00bbcenter\u00bb hover_enabled=\u00bb0&#8243; icon_font_size=\u00bb55px\u00bb global_colors_info=\u00bb{}\u00bb icon_color=\u00bb#69247B\u00bb sticky_enabled=\u00bb0&#8243;][\/et_pb_blurb][\/et_pb_column][et_pb_column type=\u00bb1_4&#8243; _builder_version=\u00bb4.16&#8243; custom_padding=\u00bb|||\u00bb global_colors_info=\u00bb{}\u00bb custom_padding__hover=\u00bb|||\u00bb][et_pb_blurb title=\u00bbdise\u00f1o web\u00bb use_icon=\u00bbon\u00bb font_icon=\u00bb&#xe00e;||divi||400&#8243; image_icon_width=\u00bb55px\u00bb _builder_version=\u00bb4.27.6&#8243; header_level=\u00bbh5&#8243; header_font=\u00bb||||||||\u00bb header_text_align=\u00bbcenter\u00bb hover_enabled=\u00bb0&#8243; icon_font_size=\u00bb55px\u00bb global_colors_info=\u00bb{}\u00bb icon_color=\u00bb#69247B\u00bb sticky_enabled=\u00bb0&#8243;][\/et_pb_blurb][\/et_pb_column][et_pb_column type=\u00bb1_4&#8243; _builder_version=\u00bb4.16&#8243; custom_padding=\u00bb|||\u00bb global_colors_info=\u00bb{}\u00bb custom_padding__hover=\u00bb|||\u00bb][et_pb_blurb title=\u00bbdise\u00f1o gr\u00e1fico\u00bb use_icon=\u00bbon\u00bb font_icon=\u00bb&#x6c;||divi||400&#8243; image_icon_width=\u00bb55px\u00bb _builder_version=\u00bb4.27.6&#8243; header_level=\u00bbh5&#8243; header_font=\u00bb||||||||\u00bb header_text_align=\u00bbcenter\u00bb hover_enabled=\u00bb0&#8243; icon_font_size=\u00bb55px\u00bb global_colors_info=\u00bb{}\u00bb icon_color=\u00bb#69247B\u00bb sticky_enabled=\u00bb0&#8243;][\/et_pb_blurb][\/et_pb_column][et_pb_column type=\u00bb1_4&#8243; _builder_version=\u00bb4.16&#8243; custom_padding=\u00bb|||\u00bb global_colors_info=\u00bb{}\u00bb custom_padding__hover=\u00bb|||\u00bb][et_pb_blurb title=\u00bbAUDIOVISUALES\u00bb use_icon=\u00bbon\u00bb font_icon=\u00bb&#xe00f;||divi||400&#8243; image_icon_width=\u00bb55px\u00bb _builder_version=\u00bb4.27.6&#8243; header_level=\u00bbh5&#8243; header_font=\u00bb||||||||\u00bb header_text_align=\u00bbcenter\u00bb hover_enabled=\u00bb0&#8243; icon_font_size=\u00bb55px\u00bb global_colors_info=\u00bb{}\u00bb icon_color=\u00bb#69247B\u00bb sticky_enabled=\u00bb0&#8243;][\/et_pb_blurb][\/et_pb_column][\/et_pb_row][\/et_pb_section][et_pb_section fb_built=\u00bb1&#8243; prev_background_color=\u00bb#ffffff\u00bb next_background_color=\u00bb#ffffff\u00bb _builder_version=\u00bb4.16&#8243; background_color=\u00bb#69247b\u00bb use_background_color_gradient=\u00bbon\u00bb background_color_gradient_direction=\u00bb65deg\u00bb background_color_gradient_stops=\u00bb#69247b 0%|#e6007e 100%\u00bb background_color_gradient_start=\u00bb#69247b\u00bb background_color_gradient_end=\u00bb#e6007e\u00bb custom_padding=\u00bb111px||109px|||\u00bb top_divider_style=\u00bbcurve\u00bb bottom_divider_style=\u00bbcurve2&#8243; global_colors_info=\u00bb{}\u00bb][et_pb_row column_structure=\u00bb1_3,1_3,1_3&#8243; _builder_version=\u00bb4.16&#8243; global_colors_info=\u00bb{}\u00bb][et_pb_column type=\u00bb1_3&#8243; _builder_version=\u00bb4.16&#8243; custom_padding=\u00bb|||\u00bb global_colors_info=\u00bb{}\u00bb custom_padding__hover=\u00bb|||\u00bb][et_pb_blurb title=\u00bbConectamos con las empresas\u00bb image=\u00bbhttps:\/\/medianeeds.es\/\/wp-content\/uploads\/2018\/07\/grafico-de-lineas-3.png\u00bb _builder_version=\u00bb4.16&#8243; header_level=\u00bbh6&#8243; header_font=\u00bb||||||||\u00bb header_text_color=\u00bb#ffffff\u00bb header_font_size=\u00bb15px\u00bb body_font=\u00bb||||||||\u00bb text_orientation=\u00bbcenter\u00bb animation_style=\u00bbslide\u00bb global_colors_info=\u00bb{}\u00bb][\/et_pb_blurb][\/et_pb_column][et_pb_column type=\u00bb1_3&#8243; _builder_version=\u00bb4.16&#8243; custom_padding=\u00bb|||\u00bb global_colors_info=\u00bb{}\u00bb custom_padding__hover=\u00bb|||\u00bb][et_pb_blurb title=\u00bbgeneramos ideas \u00fanicas\u00bb image=\u00bbhttps:\/\/medianeeds.es\/\/wp-content\/uploads\/2018\/07\/bombilla-3.png\u00bb _builder_version=\u00bb4.16&#8243; header_level=\u00bbh6&#8243; header_font=\u00bb||||||||\u00bb header_text_color=\u00bb#ffffff\u00bb header_font_size=\u00bb15px\u00bb body_font=\u00bb||||||||\u00bb text_orientation=\u00bbcenter\u00bb animation_style=\u00bbslide\u00bb global_colors_info=\u00bb{}\u00bb][\/et_pb_blurb][\/et_pb_column][et_pb_column type=\u00bb1_3&#8243; _builder_version=\u00bb4.16&#8243; custom_padding=\u00bb|||\u00bb global_colors_info=\u00bb{}\u00bb custom_padding__hover=\u00bb|||\u00bb][et_pb_blurb title=\u00bbDISE\u00d1AMOS TU FUTURO\u00bb image=\u00bbhttps:\/\/medianeeds.es\/\/wp-content\/uploads\/2018\/07\/cepillo-de-pintura-1.png\u00bb _builder_version=\u00bb4.16&#8243; header_level=\u00bbh6&#8243; header_font=\u00bb||||||||\u00bb header_text_color=\u00bb#ffffff\u00bb header_font_size=\u00bb15px\u00bb body_font=\u00bb||||||||\u00bb text_orientation=\u00bbcenter\u00bb animation_style=\u00bbslide\u00bb global_colors_info=\u00bb{}\u00bb][\/et_pb_blurb][\/et_pb_column][\/et_pb_row][et_pb_row column_structure=\u00bb1_3,1_3,1_3&#8243; _builder_version=\u00bb4.16&#8243; custom_padding=\u00bb29px|0px|0|0px|false|false\u00bb global_colors_info=\u00bb{}\u00bb][et_pb_column type=\u00bb1_3&#8243; _builder_version=\u00bb4.16&#8243; custom_padding=\u00bb|||\u00bb global_colors_info=\u00bb{}\u00bb custom_padding__hover=\u00bb|||\u00bb][et_pb_text _builder_version=\u00bb4.16&#8243; global_colors_info=\u00bb{}\u00bb]\n<h1 style=\"text-align: center;\"><span style=\"color: #ffffff;\">\u00bfQUI\u00e9n?<\/span><\/h1>\n<p style=\"text-align: justify;\"><span style=\"color: #ffffff;\">Somos emprendedores y amantes de la comunicaci\u00f3n. J\u00f3venes formados en Comunicaci\u00f3n Audiovisual y Periodismo con experiencia dentro de varias empresas y medios de comunicaci\u00f3n locales y estatales.<\/span><\/p>\n<p>&nbsp;<\/p>\n<p style=\"text-align: center;\">[\/et_pb_text][\/et_pb_column][et_pb_column type=\u00bb1_3&#8243; _builder_version=\u00bb4.16&#8243; custom_padding=\u00bb|||\u00bb global_colors_info=\u00bb{}\u00bb custom_padding__hover=\u00bb|||\u00bb][et_pb_text _builder_version=\u00bb4.16&#8243; text_text_color=\u00bb#ffffff\u00bb header_text_color=\u00bb#ffffff\u00bb global_colors_info=\u00bb{}\u00bb]\n<h1 style=\"text-align: center;\"><span style=\"color: #ffffff;\">\u00bfPOR QU\u00c9?<\/span><\/h1>\n<p style=\"text-align: justify;\"><span style=\"color: #ffffff;\">Este proyecto se inici\u00f3 por la gran necesidad que tienen muchas peque\u00f1as y medianas empresas de mejorar su relaci\u00f3n con su entorno. \u00a1Queremos que todos los negocios tengan la oportunidad de crecer!<\/span><\/p>\n<p style=\"text-align: center;\">[\/et_pb_text][\/et_pb_column][et_pb_column type=\u00bb1_3&#8243; _builder_version=\u00bb4.16&#8243; custom_padding=\u00bb|||\u00bb global_colors_info=\u00bb{}\u00bb custom_padding__hover=\u00bb|||\u00bb][et_pb_text _builder_version=\u00bb4.16&#8243; text_text_color=\u00bb#ffffff\u00bb global_colors_info=\u00bb{}\u00bb]\n<h1 style=\"text-align: center;\"><span style=\"color: #ffffff;\">\u00bfqU\u00e9 y C\u00f3mo?<\/span><\/h1>\n<p style=\"text-align: justify;\"><span style=\"color: #ffffff;\">Nuestra filosof\u00eda se fundamenta en mejorar la imagen y la forma de comunicar, para llegar al m\u00e1ximo de gente posible, con un mensaje concreto y eficaz. Trabajamos para posicionar tu negocio en Internet!<\/span><\/p>\n<p style=\"text-align: center;\">[\/et_pb_text][\/et_pb_column][\/et_pb_row][\/et_pb_section][et_pb_section fb_built=\u00bb1&#8243; _builder_version=\u00bb4.16&#8243; custom_padding=\u00bb59px|0px|0|0px|false|false\u00bb top_divider_color=\u00bb#69247b\u00bb global_colors_info=\u00bb{}\u00bb][et_pb_row _builder_version=\u00bb4.16&#8243; custom_padding=\u00bb29px|0px|0|0px|false|false\u00bb global_colors_info=\u00bb{}\u00bb][et_pb_column type=\u00bb4_4&#8243; _builder_version=\u00bb4.16&#8243; custom_padding=\u00bb|||\u00bb global_colors_info=\u00bb{}\u00bb custom_padding__hover=\u00bb|||\u00bb][et_pb_text _builder_version=\u00bb4.16&#8243; text_font=\u00bbRubik|300|||||||\u00bb text_font_size=\u00bb16px\u00bb custom_margin=\u00bb16px||||false|false\u00bb global_colors_info=\u00bb{}\u00bb]\n<h1 style=\"text-align: center;\"><span style=\"color: #500b67;\">\u00bfcon qu\u00e9 clientes trabajamos?<\/span><\/h1>\n<p style=\"text-align: justify;\">\n<p style=\"text-align: justify;\">En Media Needs trabajamos con empresas de todo el <strong>Camp de Tarragona<\/strong>. Sin embargo, este no es nuestro \u00fanico terreno de actuaci\u00f3n, ya que tambi\u00e9n hemos trabajado con Pymes de la provincia de <strong>Barcelona y alrededores.<\/strong><\/p>\n<p style=\"text-align: justify;\">\u00a1Ponte en contacto con nosotros y te visitaremos! No te quedes al margen y comun\u00edcate en la red.<\/p>\n[\/et_pb_text][\/et_pb_column][\/et_pb_row][\/et_pb_section][et_pb_section fb_built=\u00bb1&#8243; _builder_version=\u00bb4.16&#8243; custom_padding=\u00bb39px|0px|59px|0px|false|false\u00bb top_divider_color=\u00bbrgba(0,0,0,0)\u00bb bottom_divider_color=\u00bb#500b67&#8243; global_colors_info=\u00bb{}\u00bb][et_pb_row _builder_version=\u00bb4.16&#8243; custom_padding=\u00bb0|0px|29px|0px|false|false\u00bb global_colors_info=\u00bb{}\u00bb][et_pb_column type=\u00bb4_4&#8243; _builder_version=\u00bb4.16&#8243; custom_padding=\u00bb|||\u00bb global_colors_info=\u00bb{}\u00bb custom_padding__hover=\u00bb|||\u00bb][et_pb_button button_url=\u00bbhttps:\/\/medianeeds.es\/es\/clients\/\u00bb url_new_window=\u00bbon\u00bb button_text=\u00bbSaber m\u00e1s\u00bb button_alignment=\u00bbcenter\u00bb _builder_version=\u00bb4.16&#8243; custom_button=\u00bbon\u00bb button_text_color=\u00bb#69247b\u00bb button_bg_use_color_gradient=\u00bbon\u00bb button_bg_color_gradient_direction=\u00bb135deg\u00bb button_bg_color_gradient_stops=\u00bb#ffffff 0%|#ffffff 100%\u00bb button_bg_color_gradient_start=\u00bb#ffffff\u00bb button_bg_color_gradient_end=\u00bb#ffffff\u00bb background_layout=\u00bbdark\u00bb custom_padding=\u00bb10px|35px|10px|35px\u00bb animation_style=\u00bbfold\u00bb button_letter_spacing_hover=\u00bb2px\u00bb button_bg_color_hover=\u00bb#79008e\u00bb global_colors_info=\u00bb{}\u00bb button_text_size__hover_enabled=\u00bboff\u00bb button_text_size__hover=\u00bbnull\u00bb button_one_text_size__hover_enabled=\u00bboff\u00bb button_one_text_size__hover=\u00bbnull\u00bb button_two_text_size__hover_enabled=\u00bboff\u00bb button_two_text_size__hover=\u00bbnull\u00bb button_text_color__hover_enabled=\u00bboff\u00bb button_text_color__hover=\u00bbnull\u00bb button_one_text_color__hover_enabled=\u00bboff\u00bb button_one_text_color__hover=\u00bbnull\u00bb button_two_text_color__hover_enabled=\u00bboff\u00bb button_two_text_color__hover=\u00bbnull\u00bb button_border_width__hover_enabled=\u00bboff\u00bb button_border_width__hover=\u00bbnull\u00bb button_one_border_width__hover_enabled=\u00bboff\u00bb button_one_border_width__hover=\u00bbnull\u00bb button_two_border_width__hover_enabled=\u00bboff\u00bb button_two_border_width__hover=\u00bbnull\u00bb button_border_color__hover_enabled=\u00bboff\u00bb button_border_color__hover=\u00bbnull\u00bb button_one_border_color__hover_enabled=\u00bboff\u00bb button_one_border_color__hover=\u00bbnull\u00bb button_two_border_color__hover_enabled=\u00bboff\u00bb button_two_border_color__hover=\u00bbnull\u00bb button_border_radius__hover_enabled=\u00bboff\u00bb button_border_radius__hover=\u00bbnull\u00bb button_one_border_radius__hover_enabled=\u00bboff\u00bb button_one_border_radius__hover=\u00bbnull\u00bb button_two_border_radius__hover_enabled=\u00bboff\u00bb button_two_border_radius__hover=\u00bbnull\u00bb button_letter_spacing__hover_enabled=\u00bbon\u00bb button_letter_spacing__hover=\u00bb2px\u00bb button_one_letter_spacing__hover_enabled=\u00bboff\u00bb button_one_letter_spacing__hover=\u00bbnull\u00bb button_two_letter_spacing__hover_enabled=\u00bboff\u00bb button_two_letter_spacing__hover=\u00bbnull\u00bb button_bg_color__hover_enabled=\u00bbon\u00bb button_bg_color__hover=\u00bb#79008e\u00bb button_one_bg_color__hover_enabled=\u00bboff\u00bb button_one_bg_color__hover=\u00bbnull\u00bb button_two_bg_color__hover_enabled=\u00bboff\u00bb button_two_bg_color__hover=\u00bbnull\u00bb][\/et_pb_button][\/et_pb_column][\/et_pb_row][\/et_pb_section][et_pb_section fb_built=\u00bb1&#8243; fullwidth=\u00bbon\u00bb next_background_color=\u00bb#ffffff\u00bb _builder_version=\u00bb4.16&#8243; background_color=\u00bbrgba(0,0,0,0)\u00bb use_background_color_gradient=\u00bbon\u00bb background_color_gradient_direction=\u00bb68deg\u00bb background_color_gradient_stops=\u00bb#69247b 0%|#e6007e 79%\u00bb background_color_gradient_start=\u00bb#69247b\u00bb background_color_gradient_end=\u00bb#e6007e\u00bb background_color_gradient_end_position=\u00bb79%\u00bb top_divider_style=\u00bbwave2&#8243; top_divider_color=\u00bb#ffffff\u00bb bottom_divider_style=\u00bbwave2&#8243; global_colors_info=\u00bb{}\u00bb][et_pb_fullwidth_header title=\u00bb\u00bfDesde cuando?\u00bb _builder_version=\u00bb4.22.2&#8243; title_font=\u00bb||||||||\u00bb title_text_align=\u00bbcenter\u00bb content_font=\u00bb||||||||\u00bb content_text_align=\u00bbcenter\u00bb content_font_size=\u00bb16px\u00bb content_line_height=\u00bb1.7em\u00bb background_enable_color=\u00bboff\u00bb custom_margin=\u00bb2px|||||\u00bb custom_padding=\u00bb151px||129px|||\u00bb global_colors_info=\u00bb{}\u00bb button_one_text_size__hover_enabled=\u00bboff\u00bb button_two_text_size__hover_enabled=\u00bboff\u00bb button_one_text_color__hover_enabled=\u00bboff\u00bb button_two_text_color__hover_enabled=\u00bboff\u00bb button_one_border_width__hover_enabled=\u00bboff\u00bb button_two_border_width__hover_enabled=\u00bboff\u00bb button_one_border_color__hover_enabled=\u00bboff\u00bb button_two_border_color__hover_enabled=\u00bboff\u00bb button_one_border_radius__hover_enabled=\u00bboff\u00bb button_two_border_radius__hover_enabled=\u00bboff\u00bb button_one_letter_spacing__hover_enabled=\u00bboff\u00bb button_two_letter_spacing__hover_enabled=\u00bboff\u00bb button_one_bg_color__hover_enabled=\u00bboff\u00bb button_two_bg_color__hover_enabled=\u00bboff\u00bb]\n<p style=\"text-align: center;\">Desde 2013, en Media Needs hemos contado con m\u00faltiples clientes que avalan nuestro trabajo y que dan fuerza a la labor que realizamos. Esfuerzo y profesionalidad nos caracterizan. Complementos que, combinados con las <strong>ganas de crecer<\/strong> de cualquier empresa, han creado un c\u00f3ctel de experiencias muy positivas.<\/p>\n[\/et_pb_fullwidth_header][\/et_pb_section][et_pb_section fb_built=\u00bb1&#8243; _builder_version=\u00bb4.16&#8243; custom_padding=\u00bb0|0px|0|0px|false|false\u00bb global_colors_info=\u00bb{}\u00bb][et_pb_row _builder_version=\u00bb4.16&#8243; global_colors_info=\u00bb{}\u00bb][et_pb_column type=\u00bb4_4&#8243; _builder_version=\u00bb4.16&#8243; custom_padding=\u00bb|||\u00bb global_colors_info=\u00bb{}\u00bb custom_padding__hover=\u00bb|||\u00bb][et_pb_text _builder_version=\u00bb4.16&#8243; header_2_font=\u00bb|600|||||||\u00bb header_2_text_align=\u00bbleft\u00bb header_2_text_color=\u00bb#00aaa2&#8243; header_2_font_size=\u00bb36px\u00bb header_2_letter_spacing=\u00bb8px\u00bb text_orientation=\u00bbcenter\u00bb custom_margin=\u00bb||25px|\u00bb header_2_font_size_tablet=\u00bb\u00bb header_2_font_size_phone=\u00bb30px\u00bb header_2_font_size_last_edited=\u00bbon|phone\u00bb global_colors_info=\u00bb{}\u00bb]\n<h3 style=\"text-align: center;\"><span style=\"color: #760d86;\">amantes de la comunicaci\u00f3n<\/span><\/h3>\n<p style=\"text-align: center;\">[\/et_pb_text][et_pb_text _builder_version=\u00bb4.16&#8243; text_font=\u00bb||||||||\u00bb text_font_size=\u00bb20px\u00bb global_colors_info=\u00bb{}\u00bb]\n<p style=\"text-align: center;\">Porque sabemos que la diferencia est\u00e1 en los detalles<\/p>\n<p style=\"text-align: center;\">[\/et_pb_text][\/et_pb_column][\/et_pb_row][\/et_pb_section][et_pb_section fb_built=\u00bb1&#8243; _builder_version=\u00bb4.16&#8243; custom_padding=\u00bb0|0px|0|0px|false|false\u00bb global_colors_info=\u00bb{}\u00bb][et_pb_row column_structure=\u00bb1_3,1_3,1_3&#8243; _builder_version=\u00bb4.16&#8243; global_colors_info=\u00bb{}\u00bb][et_pb_column type=\u00bb1_3&#8243; _builder_version=\u00bb4.16&#8243; custom_padding=\u00bb|||\u00bb global_colors_info=\u00bb{}\u00bb custom_padding__hover=\u00bb|||\u00bb][et_pb_blurb title=\u00bbnuestra f\u00f3rmula\u00bb use_icon=\u00bbon\u00bb font_icon=\u00bb&#xe0e9;||divi||400&#8243; icon_color=\u00bb#e5e5e5&#8243; image_icon_background_color=\u00bb#69247b\u00bb image_icon_width=\u00bb40px\u00bb _builder_version=\u00bb4.16&#8243; header_level=\u00bbh6&#8243; header_font=\u00bb||||||||\u00bb header_font_size=\u00bb22px\u00bb body_font=\u00bbRubik|300|||||||\u00bb body_font_size=\u00bb16px\u00bb image_icon_custom_padding=\u00bb25px|25px|25px|25px|false|false\u00bb text_orientation=\u00bbcenter\u00bb border_radii_image=\u00bbon|100%|100%|100%|100%\u00bb icon_font_size=\u00bb40px\u00bb use_circle=\u00bbon\u00bb global_colors_info=\u00bb{}\u00bb image_icon_background_color__sticky_enabled=\u00bb#69247b\u00bb image_icon_background_color__sticky=\u00bb#69247b\u00bb]\n<p style=\"text-align: center;\">An\u00e1lisis + Estrategia + Ejecuci\u00f3n Impecable = Resultados Asegurados<\/p>\n[\/et_pb_blurb][\/et_pb_column][et_pb_column type=\u00bb1_3&#8243; _builder_version=\u00bb4.16&#8243; custom_padding=\u00bb|||\u00bb global_colors_info=\u00bb{}\u00bb custom_padding__hover=\u00bb|||\u00bb][et_pb_blurb title=\u00bbeficiencia\u00bb use_icon=\u00bbon\u00bb font_icon=\u00bb&#xe052;||divi||400&#8243; icon_color=\u00bb#e5e5e5&#8243; image_icon_background_color=\u00bb#69247b\u00bb image_icon_width=\u00bb40px\u00bb _builder_version=\u00bb4.16&#8243; header_level=\u00bbh6&#8243; header_font=\u00bb||||||||\u00bb header_font_size=\u00bb22px\u00bb body_font=\u00bbRubik|300|||||||\u00bb body_font_size=\u00bb16px\u00bb image_icon_custom_padding=\u00bb25px|25px|25px|25px|false|false\u00bb text_orientation=\u00bbcenter\u00bb border_radii_image=\u00bbon|100%|100%|100%|100%\u00bb icon_font_size=\u00bb40px\u00bb use_circle=\u00bbon\u00bb global_colors_info=\u00bb{}\u00bb image_icon_background_color__sticky_enabled=\u00bb#69247b\u00bb image_icon_background_color__sticky=\u00bb#69247b\u00bb]\n<p>Efectividad demostrable con una experiencia consolidada en el mundo digital<\/p>\n<p style=\"text-align: center;\">[\/et_pb_blurb][\/et_pb_column][et_pb_column type=\u00bb1_3&#8243; _builder_version=\u00bb4.16&#8243; custom_padding=\u00bb|||\u00bb global_colors_info=\u00bb{}\u00bb custom_padding__hover=\u00bb|||\u00bb][et_pb_blurb title=\u00bbINNOVACI\u00d3N\u00bb use_icon=\u00bbon\u00bb font_icon=\u00bb&#xe00b;||divi||400&#8243; icon_color=\u00bb#e5e5e5&#8243; image_icon_background_color=\u00bb#69247b\u00bb image_icon_width=\u00bb40px\u00bb _builder_version=\u00bb4.16&#8243; header_level=\u00bbh6&#8243; header_font=\u00bb||||||||\u00bb header_font_size=\u00bb22px\u00bb body_font=\u00bbRubik|300|||||||\u00bb body_font_size=\u00bb16px\u00bb image_icon_custom_padding=\u00bb25px|25px|25px|25px|false|false\u00bb text_orientation=\u00bbcenter\u00bb border_radii_image=\u00bbon|100%|100%|100%|100%\u00bb icon_font_size=\u00bb40px\u00bb use_circle=\u00bbon\u00bb global_colors_info=\u00bb{}\u00bb image_icon_background_color__sticky_enabled=\u00bb#69247b\u00bb image_icon_background_color__sticky=\u00bb#69247b\u00bb]\n<p>En constante crecimiento para conseguir los mejores resultados para tu empresa<\/p>\n<p style=\"text-align: center;\">[\/et_pb_blurb][\/et_pb_column][\/et_pb_row][\/et_pb_section][et_pb_section fb_built=\u00bb1&#8243; _builder_version=\u00bb4.16&#8243; custom_padding=\u00bb0|0px|59px|0px|false|false\u00bb global_colors_info=\u00bb{}\u00bb][et_pb_row _builder_version=\u00bb4.16&#8243; custom_padding=\u00bb0|0px|29px|0px|false|false\u00bb global_colors_info=\u00bb{}\u00bb][et_pb_column type=\u00bb4_4&#8243; _builder_version=\u00bb4.16&#8243; custom_padding=\u00bb|||\u00bb global_colors_info=\u00bb{}\u00bb custom_padding__hover=\u00bb|||\u00bb][et_pb_button button_url=\u00bbhttps:\/\/medianeeds.es\/es\/serveis\/\u00bb url_new_window=\u00bbon\u00bb button_text=\u00bbDescubre todos los servicios que ofrecemos\u00bb button_alignment=\u00bbcenter\u00bb _builder_version=\u00bb4.16&#8243; custom_button=\u00bbon\u00bb button_text_color=\u00bb#69247b\u00bb button_bg_use_color_gradient=\u00bbon\u00bb button_bg_color_gradient_direction=\u00bb135deg\u00bb button_bg_color_gradient_stops=\u00bb#ffffff 0%|#ffffff 100%\u00bb button_bg_color_gradient_start=\u00bb#ffffff\u00bb button_bg_color_gradient_end=\u00bb#ffffff\u00bb button_icon_color=\u00bbrgba(0,0,0,0)\u00bb background_layout=\u00bbdark\u00bb custom_padding=\u00bb10px|35px|10px|35px\u00bb animation_style=\u00bbfold\u00bb button_letter_spacing_hover=\u00bb2px\u00bb button_bg_color_hover=\u00bb#79008e\u00bb global_colors_info=\u00bb{}\u00bb button_text_size__hover_enabled=\u00bboff\u00bb button_text_size__hover=\u00bbnull\u00bb button_one_text_size__hover_enabled=\u00bboff\u00bb button_one_text_size__hover=\u00bbnull\u00bb button_two_text_size__hover_enabled=\u00bboff\u00bb button_two_text_size__hover=\u00bbnull\u00bb button_text_color__hover_enabled=\u00bboff\u00bb button_text_color__hover=\u00bbnull\u00bb button_one_text_color__hover_enabled=\u00bboff\u00bb button_one_text_color__hover=\u00bbnull\u00bb button_two_text_color__hover_enabled=\u00bboff\u00bb button_two_text_color__hover=\u00bbnull\u00bb button_border_width__hover_enabled=\u00bboff\u00bb button_border_width__hover=\u00bbnull\u00bb button_one_border_width__hover_enabled=\u00bboff\u00bb button_one_border_width__hover=\u00bbnull\u00bb button_two_border_width__hover_enabled=\u00bboff\u00bb button_two_border_width__hover=\u00bbnull\u00bb button_border_color__hover_enabled=\u00bboff\u00bb button_border_color__hover=\u00bbnull\u00bb button_one_border_color__hover_enabled=\u00bboff\u00bb button_one_border_color__hover=\u00bbnull\u00bb button_two_border_color__hover_enabled=\u00bboff\u00bb button_two_border_color__hover=\u00bbnull\u00bb button_border_radius__hover_enabled=\u00bboff\u00bb button_border_radius__hover=\u00bbnull\u00bb button_one_border_radius__hover_enabled=\u00bboff\u00bb button_one_border_radius__hover=\u00bbnull\u00bb button_two_border_radius__hover_enabled=\u00bboff\u00bb button_two_border_radius__hover=\u00bbnull\u00bb button_letter_spacing__hover_enabled=\u00bbon\u00bb button_letter_spacing__hover=\u00bb2px\u00bb button_one_letter_spacing__hover_enabled=\u00bboff\u00bb button_one_letter_spacing__hover=\u00bbnull\u00bb button_two_letter_spacing__hover_enabled=\u00bboff\u00bb button_two_letter_spacing__hover=\u00bbnull\u00bb button_bg_color__hover_enabled=\u00bbon\u00bb button_bg_color__hover=\u00bb#79008e\u00bb button_one_bg_color__hover_enabled=\u00bboff\u00bb button_one_bg_color__hover=\u00bbnull\u00bb button_two_bg_color__hover_enabled=\u00bboff\u00bb button_two_bg_color__hover=\u00bbnull\u00bb][\/et_pb_button][\/et_pb_column][\/et_pb_row][\/et_pb_section][et_pb_section fb_built=\u00bb1&#8243; prev_background_color=\u00bb#ffffff\u00bb _builder_version=\u00bb4.16&#8243; background_enable_color=\u00bboff\u00bb use_background_color_gradient=\u00bbon\u00bb background_color_gradient_direction=\u00bb109deg\u00bb background_color_gradient_stops=\u00bb#69247b 0%|#e6007e 100%\u00bb background_color_gradient_start=\u00bb#69247b\u00bb background_color_gradient_end=\u00bb#e6007e\u00bb custom_padding=\u00bb78px|0px|59px|0px|false|false\u00bb top_divider_style=\u00bbramp2&#8243; top_divider_flip=\u00bbhorizontal|vertical\u00bb top_divider_arrangement=\u00bbabove_content\u00bb global_colors_info=\u00bb{}\u00bb][et_pb_row column_structure=\u00bb3_4,1_4&#8243; _builder_version=\u00bb4.16&#8243; _module_preset=\u00bbdefault\u00bb global_colors_info=\u00bb{}\u00bb][et_pb_column type=\u00bb3_4&#8243; _builder_version=\u00bb4.16&#8243; _module_preset=\u00bbdefault\u00bb global_colors_info=\u00bb{}\u00bb][et_pb_text _builder_version=\u00bb4.16&#8243; header_font=\u00bb||||||||\u00bb header_2_font=\u00bb|600|||||||\u00bb header_2_text_align=\u00bbleft\u00bb header_2_text_color=\u00bb#00aaa2&#8243; header_2_font_size=\u00bb36px\u00bb header_2_letter_spacing=\u00bb2px\u00bb custom_margin=\u00bb||25px|\u00bb header_2_font_size_tablet=\u00bb\u00bb header_2_font_size_phone=\u00bb30px\u00bb header_2_font_size_last_edited=\u00bbon|phone\u00bb inline_fonts=\u00bbPT Sans Narrow\u00bb global_colors_info=\u00bb{}\u00bb]\n<h2 style=\"text-align: left;\"><span style=\"color: #ffffff;\">Escr\u00edbenos<\/span><\/h2>\n<p><span style=\"color: #ffffff;\">\u00a1Estaremos encantados de hablar contigo!<\/span>[\/et_pb_text][et_pb_contact_form email=\u00bbinfo@medianeeds.es\u00bb success_message=\u00bbMail enviado correctamente\u00bb submit_button_text=\u00bbEnviar\u00bb _builder_version=\u00bb4.16&#8243; _module_preset=\u00bbdefault\u00bb _unique_id=\u00bb6f1a9e9a-2df0-4459-9359-805235e76e88&#8243; form_field_background_color=\u00bb#ffffff\u00bb title_text_color=\u00bb#ffffff\u00bb captcha_text_color=\u00bb#ffffff\u00bb custom_button=\u00bbon\u00bb global_colors_info=\u00bb{}\u00bb][et_pb_contact_field field_id=\u00bbNombre\u00bb field_title=\u00bbNombre*\u00bb _builder_version=\u00bb4.16&#8243; global_colors_info=\u00bb{}\u00bb button_text_size__hover_enabled=\u00bboff\u00bb button_one_text_size__hover_enabled=\u00bboff\u00bb button_two_text_size__hover_enabled=\u00bboff\u00bb button_text_color__hover_enabled=\u00bboff\u00bb button_one_text_color__hover_enabled=\u00bboff\u00bb button_two_text_color__hover_enabled=\u00bboff\u00bb button_border_width__hover_enabled=\u00bboff\u00bb button_one_border_width__hover_enabled=\u00bboff\u00bb button_two_border_width__hover_enabled=\u00bboff\u00bb button_border_color__hover_enabled=\u00bboff\u00bb button_one_border_color__hover_enabled=\u00bboff\u00bb button_two_border_color__hover_enabled=\u00bboff\u00bb button_border_radius__hover_enabled=\u00bboff\u00bb button_one_border_radius__hover_enabled=\u00bboff\u00bb button_two_border_radius__hover_enabled=\u00bboff\u00bb button_letter_spacing__hover_enabled=\u00bboff\u00bb button_one_letter_spacing__hover_enabled=\u00bboff\u00bb button_two_letter_spacing__hover_enabled=\u00bboff\u00bb button_bg_color__hover_enabled=\u00bboff\u00bb button_one_bg_color__hover_enabled=\u00bboff\u00bb button_two_bg_color__hover_enabled=\u00bboff\u00bb][\/et_pb_contact_field][et_pb_contact_field field_id=\u00bbApellidos\u00bb field_title=\u00bbApellidos*\u00bb _builder_version=\u00bb4.16&#8243; global_colors_info=\u00bb{}\u00bb button_text_size__hover_enabled=\u00bboff\u00bb button_one_text_size__hover_enabled=\u00bboff\u00bb button_two_text_size__hover_enabled=\u00bboff\u00bb button_text_color__hover_enabled=\u00bboff\u00bb button_one_text_color__hover_enabled=\u00bboff\u00bb button_two_text_color__hover_enabled=\u00bboff\u00bb button_border_width__hover_enabled=\u00bboff\u00bb button_one_border_width__hover_enabled=\u00bboff\u00bb button_two_border_width__hover_enabled=\u00bboff\u00bb button_border_color__hover_enabled=\u00bboff\u00bb button_one_border_color__hover_enabled=\u00bboff\u00bb button_two_border_color__hover_enabled=\u00bboff\u00bb button_border_radius__hover_enabled=\u00bboff\u00bb button_one_border_radius__hover_enabled=\u00bboff\u00bb button_two_border_radius__hover_enabled=\u00bboff\u00bb button_letter_spacing__hover_enabled=\u00bboff\u00bb button_one_letter_spacing__hover_enabled=\u00bboff\u00bb button_two_letter_spacing__hover_enabled=\u00bboff\u00bb button_bg_color__hover_enabled=\u00bboff\u00bb button_one_bg_color__hover_enabled=\u00bboff\u00bb button_two_bg_color__hover_enabled=\u00bboff\u00bb][\/et_pb_contact_field][et_pb_contact_field field_id=\u00bbEmail\u00bb field_title=\u00bbEmail*\u00bb field_type=\u00bbemail\u00bb fullwidth_field=\u00bbon\u00bb _builder_version=\u00bb4.16&#8243; global_colors_info=\u00bb{}\u00bb button_text_size__hover_enabled=\u00bboff\u00bb button_one_text_size__hover_enabled=\u00bboff\u00bb button_two_text_size__hover_enabled=\u00bboff\u00bb button_text_color__hover_enabled=\u00bboff\u00bb button_one_text_color__hover_enabled=\u00bboff\u00bb button_two_text_color__hover_enabled=\u00bboff\u00bb button_border_width__hover_enabled=\u00bboff\u00bb button_one_border_width__hover_enabled=\u00bboff\u00bb button_two_border_width__hover_enabled=\u00bboff\u00bb button_border_color__hover_enabled=\u00bboff\u00bb button_one_border_color__hover_enabled=\u00bboff\u00bb button_two_border_color__hover_enabled=\u00bboff\u00bb button_border_radius__hover_enabled=\u00bboff\u00bb button_one_border_radius__hover_enabled=\u00bboff\u00bb button_two_border_radius__hover_enabled=\u00bboff\u00bb button_letter_spacing__hover_enabled=\u00bboff\u00bb button_one_letter_spacing__hover_enabled=\u00bboff\u00bb button_two_letter_spacing__hover_enabled=\u00bboff\u00bb button_bg_color__hover_enabled=\u00bboff\u00bb button_one_bg_color__hover_enabled=\u00bboff\u00bb button_two_bg_color__hover_enabled=\u00bboff\u00bb][\/et_pb_contact_field][et_pb_contact_field field_id=\u00bbMensaje\u00bb field_title=\u00bbMensaje*\u00bb field_type=\u00bbtext\u00bb fullwidth_field=\u00bbon\u00bb _builder_version=\u00bb4.16&#8243; global_colors_info=\u00bb{}\u00bb button_text_size__hover_enabled=\u00bboff\u00bb button_one_text_size__hover_enabled=\u00bboff\u00bb button_two_text_size__hover_enabled=\u00bboff\u00bb button_text_color__hover_enabled=\u00bboff\u00bb button_one_text_color__hover_enabled=\u00bboff\u00bb button_two_text_color__hover_enabled=\u00bboff\u00bb button_border_width__hover_enabled=\u00bboff\u00bb button_one_border_width__hover_enabled=\u00bboff\u00bb button_two_border_width__hover_enabled=\u00bboff\u00bb button_border_color__hover_enabled=\u00bboff\u00bb button_one_border_color__hover_enabled=\u00bboff\u00bb button_two_border_color__hover_enabled=\u00bboff\u00bb button_border_radius__hover_enabled=\u00bboff\u00bb button_one_border_radius__hover_enabled=\u00bboff\u00bb button_two_border_radius__hover_enabled=\u00bboff\u00bb button_letter_spacing__hover_enabled=\u00bboff\u00bb button_one_letter_spacing__hover_enabled=\u00bboff\u00bb button_two_letter_spacing__hover_enabled=\u00bboff\u00bb button_bg_color__hover_enabled=\u00bboff\u00bb button_one_bg_color__hover_enabled=\u00bboff\u00bb button_two_bg_color__hover_enabled=\u00bboff\u00bb][\/et_pb_contact_field][et_pb_contact_field field_id=\u00bbProtecci\u00f3_de_dades\u00bb field_title=\u00bb \u00bb field_type=\u00bbcheckbox\u00bb checkbox_options=\u00bb%91{%22value%22:%22He le\u00eddo y acepto la cl\u00e1usula de informaci\u00f3n sobre la protecci\u00f3n de datos%22,%22checked%22:0,%22dragID%22:-1,%22link_url%22:%22http:\/\/medianeeds.es\/docu\/catala\/contactecat.pdf%22},{%22value%22:%22Autorizo el tratamiento de mis datos para recibir informaci\u00f3n por medios electr\u00f3nicos%22,%22checked%22:0,%22dragID%22:0}%93&#8243; fullwidth_field=\u00bbon\u00bb _builder_version=\u00bb4.16&#8243; _module_preset=\u00bbdefault\u00bb form_field_background_color=\u00bb#e6007e\u00bb form_field_text_color=\u00bb#ffffff\u00bb global_colors_info=\u00bb{}\u00bb][\/et_pb_contact_field][\/et_pb_contact_form][\/et_pb_column][et_pb_column type=\u00bb1_4&#8243; _builder_version=\u00bb4.16&#8243; _module_preset=\u00bbdefault\u00bb global_colors_info=\u00bb{}\u00bb][et_pb_image src=\u00bbhttps:\/\/medianeeds.es\/wp-content\/uploads\/2019\/01\/Segell-2017-13-CAT-Web-Adequada-1.png\u00bb _builder_version=\u00bb4.16&#8243; _module_preset=\u00bbdefault\u00bb custom_margin=\u00bb100px||||false|false\u00bb global_colors_info=\u00bb{}\u00bb][\/et_pb_image][\/et_pb_column][\/et_pb_row][\/et_pb_section]\n","protected":false},"excerpt":{"rendered":"<p>un equipo jovenCon esp\u00edritu innovadorSomos una agencia de comunicaci\u00f3n integral formada por un equipo multidisciplinar de j\u00f3venes entusiastas con esp\u00edritu innovador. A\u00fan no conoces nuestra f\u00f3rmula? \u00a1Nuestra creatividad es la soluci\u00f3n a tus problemas!<span class=\"collapseomatic \" id=\"id69ee12f787ac8\"  tabindex=\"0\" title=\"\"    ><\/span> Ag\u00e8ncia publicitat Reus\u00a0\u00e9s una empresa de m\u00e0rqueting online i offline amb seu a Reus que ofereix serveis de m\u00e0rqueting online [&hellip;]<\/p>\n","protected":false},"author":1,"featured_media":0,"parent":0,"menu_order":0,"comment_status":"closed","ping_status":"closed","template":"","meta":{"_et_pb_use_builder":"on","_et_pb_old_content":"","_et_gb_content_width":"","footnotes":""},"class_list":["post-10216","page","type-page","status-publish","hentry"],"yoast_head":"<!-- This site is optimized with the Yoast SEO plugin v27.4 - https:\/\/yoast.com\/product\/yoast-seo-wordpress\/ -->\n<title>Equipo Media Needs | Qui\u00e9nes somos | Agencia de comunicaci\u00f3n Reus<\/title>\n<meta name=\"description\" content=\"Equipo Media Needs: \u00bfqui\u00e9nes somos? | Empresa especializada en marketing online; dise\u00f1o web, dise\u00f1o de imagen corporativa y mucho m\u00e1s.\" \/>\n<meta name=\"robots\" content=\"index, follow, max-snippet:-1, max-image-preview:large, max-video-preview:-1\" \/>\n<link rel=\"canonical\" href=\"https:\/\/medianeeds.es\/equip-media-needs\/\" \/>\n<meta property=\"og:locale\" content=\"es_ES\" \/>\n<meta property=\"og:type\" content=\"article\" \/>\n<meta property=\"og:title\" content=\"Equipo Media Needs | Qui\u00e9nes somos | Agencia de comunicaci\u00f3n Reus\" \/>\n<meta property=\"og:description\" content=\"Equipo Media Needs: \u00bfqui\u00e9nes somos? | Empresa especializada en marketing online; dise\u00f1o web, dise\u00f1o de imagen corporativa y mucho m\u00e1s.\" \/>\n<meta property=\"og:url\" content=\"https:\/\/medianeeds.es\/equip-media-needs\/\" \/>\n<meta property=\"og:site_name\" content=\"M\u00e0rketing Reus | Media Needs Reus | Ag\u00e8ncia de publicitat Reus\" \/>\n<meta property=\"article:publisher\" content=\"https:\/\/www.facebook.com\/medianeeds.es\/\" \/>\n<meta property=\"article:modified_time\" content=\"2026-04-07T09:17:43+00:00\" \/>\n<meta property=\"og:image\" content=\"https:\/\/medianeeds.es\/wp-content\/uploads\/2024\/05\/young-female-logo-designer-working-graphic-tablet.jpg\" \/>\n\t<meta property=\"og:image:width\" content=\"1500\" \/>\n\t<meta property=\"og:image:height\" content=\"1000\" \/>\n\t<meta property=\"og:image:type\" content=\"image\/jpeg\" \/>\n<meta name=\"twitter:label1\" content=\"Tiempo de lectura\" \/>\n\t<meta name=\"twitter:data1\" content=\"10 minutos\" \/>\n<script type=\"application\/ld+json\" class=\"yoast-schema-graph\">{\"@context\":\"https:\\\/\\\/schema.org\",\"@graph\":[{\"@type\":\"WebPage\",\"@id\":\"https:\\\/\\\/medianeeds.es\\\/equip-media-needs\\\/\",\"url\":\"https:\\\/\\\/medianeeds.es\\\/equip-media-needs\\\/\",\"name\":\"Equipo Media Needs | Qui\u00e9nes somos | Agencia de comunicaci\u00f3n Reus\",\"isPartOf\":{\"@id\":\"https:\\\/\\\/medianeeds.es\\\/#website\"},\"datePublished\":\"2018-07-19T14:03:28+00:00\",\"dateModified\":\"2026-04-07T09:17:43+00:00\",\"description\":\"Equipo Media Needs: \u00bfqui\u00e9nes somos? | Empresa especializada en marketing online; dise\u00f1o web, dise\u00f1o de imagen corporativa y mucho m\u00e1s.\",\"breadcrumb\":{\"@id\":\"https:\\\/\\\/medianeeds.es\\\/equip-media-needs\\\/#breadcrumb\"},\"inLanguage\":\"es\",\"potentialAction\":[{\"@type\":\"ReadAction\",\"target\":[\"https:\\\/\\\/medianeeds.es\\\/equip-media-needs\\\/\"]}]},{\"@type\":\"BreadcrumbList\",\"@id\":\"https:\\\/\\\/medianeeds.es\\\/equip-media-needs\\\/#breadcrumb\",\"itemListElement\":[{\"@type\":\"ListItem\",\"position\":1,\"name\":\"Portada\",\"item\":\"https:\\\/\\\/medianeeds.es\\\/\"},{\"@type\":\"ListItem\",\"position\":2,\"name\":\"QUI\u00c9NES SOMOS\"}]},{\"@type\":\"WebSite\",\"@id\":\"https:\\\/\\\/medianeeds.es\\\/#website\",\"url\":\"https:\\\/\\\/medianeeds.es\\\/\",\"name\":\"M\u00e0rketing Reus | Media Needs Reus | Ag\u00e8ncia de publicitat Reus\",\"description\":\"MediaNeeds \u00e9s una empresa especialitzada en serveis integrals de publicitat, m\u00e0rqueting on-line i community manager a Reus, Tarragona\",\"publisher\":{\"@id\":\"https:\\\/\\\/medianeeds.es\\\/#organization\"},\"alternateName\":\"Media Needs\",\"potentialAction\":[{\"@type\":\"SearchAction\",\"target\":{\"@type\":\"EntryPoint\",\"urlTemplate\":\"https:\\\/\\\/medianeeds.es\\\/?s={search_term_string}\"},\"query-input\":{\"@type\":\"PropertyValueSpecification\",\"valueRequired\":true,\"valueName\":\"search_term_string\"}}],\"inLanguage\":\"es\"},{\"@type\":\"Organization\",\"@id\":\"https:\\\/\\\/medianeeds.es\\\/#organization\",\"name\":\"M\u00e0rketing Reus | Media Needs Reus | Ag\u00e8ncia de publicitat Reus\",\"alternateName\":\"Media Needs\",\"url\":\"https:\\\/\\\/medianeeds.es\\\/\",\"logo\":{\"@type\":\"ImageObject\",\"inLanguage\":\"es\",\"@id\":\"https:\\\/\\\/medianeeds.es\\\/#\\\/schema\\\/logo\\\/image\\\/\",\"url\":\"https:\\\/\\\/medianeeds.es\\\/wp-content\\\/uploads\\\/2024\\\/06\\\/COLOR_Mesa-de-trabajo-1-copia.png\",\"contentUrl\":\"https:\\\/\\\/medianeeds.es\\\/wp-content\\\/uploads\\\/2024\\\/06\\\/COLOR_Mesa-de-trabajo-1-copia.png\",\"width\":470,\"height\":226,\"caption\":\"M\u00e0rketing Reus | Media Needs Reus | Ag\u00e8ncia de publicitat Reus\"},\"image\":{\"@id\":\"https:\\\/\\\/medianeeds.es\\\/#\\\/schema\\\/logo\\\/image\\\/\"},\"sameAs\":[\"https:\\\/\\\/www.facebook.com\\\/medianeeds.es\\\/\",\"https:\\\/\\\/x.com\\\/media_needs\",\"https:\\\/\\\/www.instagram.com\\\/medianeeds\\\/?hl=es\"]}]}<\/script>\n<!-- \/ Yoast SEO plugin. -->","yoast_head_json":{"title":"Equipo Media Needs | Qui\u00e9nes somos | Agencia de comunicaci\u00f3n Reus","description":"Equipo Media Needs: \u00bfqui\u00e9nes somos? | Empresa especializada en marketing online; dise\u00f1o web, dise\u00f1o de imagen corporativa y mucho m\u00e1s.","robots":{"index":"index","follow":"follow","max-snippet":"max-snippet:-1","max-image-preview":"max-image-preview:large","max-video-preview":"max-video-preview:-1"},"canonical":"https:\/\/medianeeds.es\/equip-media-needs\/","og_locale":"es_ES","og_type":"article","og_title":"Equipo Media Needs | Qui\u00e9nes somos | Agencia de comunicaci\u00f3n Reus","og_description":"Equipo Media Needs: \u00bfqui\u00e9nes somos? | Empresa especializada en marketing online; dise\u00f1o web, dise\u00f1o de imagen corporativa y mucho m\u00e1s.","og_url":"https:\/\/medianeeds.es\/equip-media-needs\/","og_site_name":"M\u00e0rketing Reus | Media Needs Reus | Ag\u00e8ncia de publicitat Reus","article_publisher":"https:\/\/www.facebook.com\/medianeeds.es\/","article_modified_time":"2026-04-07T09:17:43+00:00","og_image":[{"width":1500,"height":1000,"url":"https:\/\/medianeeds.es\/wp-content\/uploads\/2024\/05\/young-female-logo-designer-working-graphic-tablet.jpg","type":"image\/jpeg"}],"twitter_misc":{"Tiempo de lectura":"10 minutos"},"schema":{"@context":"https:\/\/schema.org","@graph":[{"@type":"WebPage","@id":"https:\/\/medianeeds.es\/equip-media-needs\/","url":"https:\/\/medianeeds.es\/equip-media-needs\/","name":"Equipo Media Needs | Qui\u00e9nes somos | Agencia de comunicaci\u00f3n Reus","isPartOf":{"@id":"https:\/\/medianeeds.es\/#website"},"datePublished":"2018-07-19T14:03:28+00:00","dateModified":"2026-04-07T09:17:43+00:00","description":"Equipo Media Needs: \u00bfqui\u00e9nes somos? | Empresa especializada en marketing online; dise\u00f1o web, dise\u00f1o de imagen corporativa y mucho m\u00e1s.","breadcrumb":{"@id":"https:\/\/medianeeds.es\/equip-media-needs\/#breadcrumb"},"inLanguage":"es","potentialAction":[{"@type":"ReadAction","target":["https:\/\/medianeeds.es\/equip-media-needs\/"]}]},{"@type":"BreadcrumbList","@id":"https:\/\/medianeeds.es\/equip-media-needs\/#breadcrumb","itemListElement":[{"@type":"ListItem","position":1,"name":"Portada","item":"https:\/\/medianeeds.es\/"},{"@type":"ListItem","position":2,"name":"QUI\u00c9NES SOMOS"}]},{"@type":"WebSite","@id":"https:\/\/medianeeds.es\/#website","url":"https:\/\/medianeeds.es\/","name":"M\u00e0rketing Reus | Media Needs Reus | Ag\u00e8ncia de publicitat Reus","description":"MediaNeeds \u00e9s una empresa especialitzada en serveis integrals de publicitat, m\u00e0rqueting on-line i community manager a Reus, Tarragona","publisher":{"@id":"https:\/\/medianeeds.es\/#organization"},"alternateName":"Media Needs","potentialAction":[{"@type":"SearchAction","target":{"@type":"EntryPoint","urlTemplate":"https:\/\/medianeeds.es\/?s={search_term_string}"},"query-input":{"@type":"PropertyValueSpecification","valueRequired":true,"valueName":"search_term_string"}}],"inLanguage":"es"},{"@type":"Organization","@id":"https:\/\/medianeeds.es\/#organization","name":"M\u00e0rketing Reus | Media Needs Reus | Ag\u00e8ncia de publicitat Reus","alternateName":"Media Needs","url":"https:\/\/medianeeds.es\/","logo":{"@type":"ImageObject","inLanguage":"es","@id":"https:\/\/medianeeds.es\/#\/schema\/logo\/image\/","url":"https:\/\/medianeeds.es\/wp-content\/uploads\/2024\/06\/COLOR_Mesa-de-trabajo-1-copia.png","contentUrl":"https:\/\/medianeeds.es\/wp-content\/uploads\/2024\/06\/COLOR_Mesa-de-trabajo-1-copia.png","width":470,"height":226,"caption":"M\u00e0rketing Reus | Media Needs Reus | Ag\u00e8ncia de publicitat Reus"},"image":{"@id":"https:\/\/medianeeds.es\/#\/schema\/logo\/image\/"},"sameAs":["https:\/\/www.facebook.com\/medianeeds.es\/","https:\/\/x.com\/media_needs","https:\/\/www.instagram.com\/medianeeds\/?hl=es"]}]}},"_links":{"self":[{"href":"https:\/\/medianeeds.es\/es\/wp-json\/wp\/v2\/pages\/10216","targetHints":{"allow":["GET"]}}],"collection":[{"href":"https:\/\/medianeeds.es\/es\/wp-json\/wp\/v2\/pages"}],"about":[{"href":"https:\/\/medianeeds.es\/es\/wp-json\/wp\/v2\/types\/page"}],"author":[{"embeddable":true,"href":"https:\/\/medianeeds.es\/es\/wp-json\/wp\/v2\/users\/1"}],"replies":[{"embeddable":true,"href":"https:\/\/medianeeds.es\/es\/wp-json\/wp\/v2\/comments?post=10216"}],"version-history":[{"count":87,"href":"https:\/\/medianeeds.es\/es\/wp-json\/wp\/v2\/pages\/10216\/revisions"}],"predecessor-version":[{"id":18699,"href":"https:\/\/medianeeds.es\/es\/wp-json\/wp\/v2\/pages\/10216\/revisions\/18699"}],"wp:attachment":[{"href":"https:\/\/medianeeds.es\/es\/wp-json\/wp\/v2\/media?parent=10216"}],"curies":[{"name":"wp","href":"https:\/\/api.w.org\/{rel}","templated":true}]}}