{"id":17505,"date":"2023-03-02T10:02:18","date_gmt":"2023-03-02T10:02:18","guid":{"rendered":"https:\/\/medianeeds.es\/wp-content\/uploads\/2023\/03\/medios-comunicacion-social.jpg"},"modified":"2023-03-02T10:02:18","modified_gmt":"2023-03-02T10:02:18","slug":"social-media-2","status":"inherit","type":"attachment","link":"https:\/\/medianeeds.es\/es\/las-redes-sociales-como-escaparate-de-un-negocio\/social-media-2\/","title":{"rendered":"social media"},"author":1,"featured_media":0,"comment_status":"closed","ping_status":"closed","template":"","meta":{"_et_pb_use_builder":"","_et_pb_old_content":"","_et_gb_content_width":""},"class_list":["post-17505","attachment","type-attachment","status-inherit","hentry"],"yoast_head":"<!-- This site is optimized with the Yoast SEO plugin v27.5 - https:\/\/yoast.com\/product\/yoast-seo-wordpress\/ -->\n<title>social media - M\u00e0rketing Reus | Media Needs Reus | Ag\u00e8ncia de publicitat Reus<\/title>\n<meta name=\"robots\" content=\"index, follow, max-snippet:-1, max-image-preview:large, max-video-preview:-1\" \/>\n<link rel=\"canonical\" href=\"https:\/\/medianeeds.es\/wp-content\/uploads\/2023\/03\/medios-comunicacion-social-scaled.jpg\" \/>\n<meta property=\"og:locale\" content=\"es_ES\" \/>\n<meta property=\"og:type\" content=\"article\" \/>\n<meta property=\"og:title\" content=\"social media - M\u00e0rketing Reus | Media Needs Reus | Ag\u00e8ncia de publicitat Reus\" \/>\n<meta property=\"og:description\" content=\"businessmen walking at big plasma panel with social media on wall\" \/>\n<meta property=\"og:url\" content=\"https:\/\/medianeeds.es\/wp-content\/uploads\/2023\/03\/medios-comunicacion-social-scaled.jpg\" \/>\n<meta property=\"og:site_name\" content=\"M\u00e0rketing Reus | Media Needs Reus | Ag\u00e8ncia de publicitat Reus\" \/>\n<meta property=\"article:publisher\" content=\"https:\/\/www.facebook.com\/medianeeds.es\/\" \/>\n<meta property=\"og:image\" content=\"https:\/\/medianeeds.es\/wp-content\/uploads\/2023\/03\/medios-comunicacion-social-scaled.jpg\" \/>\n\t<meta property=\"og:image:width\" content=\"2560\" \/>\n\t<meta property=\"og:image:height\" content=\"1761\" \/>\n\t<meta property=\"og:image:type\" content=\"image\/jpeg\" \/>\n<script type=\"application\/ld+json\" class=\"yoast-schema-graph\">{\"@context\":\"https:\\\/\\\/schema.org\",\"@graph\":[{\"@type\":\"WebPage\",\"@id\":\"https:\\\/\\\/medianeeds.es\\\/wp-content\\\/uploads\\\/2023\\\/03\\\/medios-comunicacion-social-scaled.jpg\",\"url\":\"https:\\\/\\\/medianeeds.es\\\/wp-content\\\/uploads\\\/2023\\\/03\\\/medios-comunicacion-social-scaled.jpg\",\"name\":\"social media - M\u00e0rketing Reus | Media Needs Reus | Ag\u00e8ncia de publicitat Reus\",\"isPartOf\":{\"@id\":\"https:\\\/\\\/medianeeds.es\\\/#website\"},\"datePublished\":\"2023-03-02T10:02:18+00:00\",\"breadcrumb\":{\"@id\":\"https:\\\/\\\/medianeeds.es\\\/wp-content\\\/uploads\\\/2023\\\/03\\\/medios-comunicacion-social-scaled.jpg#breadcrumb\"},\"inLanguage\":\"es\",\"potentialAction\":[{\"@type\":\"ReadAction\",\"target\":[\"https:\\\/\\\/medianeeds.es\\\/wp-content\\\/uploads\\\/2023\\\/03\\\/medios-comunicacion-social-scaled.jpg\"]}]},{\"@type\":\"BreadcrumbList\",\"@id\":\"https:\\\/\\\/medianeeds.es\\\/wp-content\\\/uploads\\\/2023\\\/03\\\/medios-comunicacion-social-scaled.jpg#breadcrumb\",\"itemListElement\":[{\"@type\":\"ListItem\",\"position\":1,\"name\":\"Portada\",\"item\":\"https:\\\/\\\/medianeeds.es\\\/\"},{\"@type\":\"ListItem\",\"position\":2,\"name\":\"Las redes sociales como escaparate de un negocio\",\"item\":\"https:\\\/\\\/medianeeds.es\\\/es\\\/las-redes-sociales-como-escaparate-de-un-negocio\\\/\"},{\"@type\":\"ListItem\",\"position\":3,\"name\":\"social media\"}]},{\"@type\":\"WebSite\",\"@id\":\"https:\\\/\\\/medianeeds.es\\\/#website\",\"url\":\"https:\\\/\\\/medianeeds.es\\\/\",\"name\":\"M\u00e0rketing Reus | Media Needs Reus | Ag\u00e8ncia de publicitat Reus\",\"description\":\"MediaNeeds \u00e9s una empresa especialitzada en serveis integrals de publicitat, m\u00e0rqueting on-line i community manager a Reus, Tarragona\",\"publisher\":{\"@id\":\"https:\\\/\\\/medianeeds.es\\\/#organization\"},\"alternateName\":\"Media Needs\",\"potentialAction\":[{\"@type\":\"SearchAction\",\"target\":{\"@type\":\"EntryPoint\",\"urlTemplate\":\"https:\\\/\\\/medianeeds.es\\\/?s={search_term_string}\"},\"query-input\":{\"@type\":\"PropertyValueSpecification\",\"valueRequired\":true,\"valueName\":\"search_term_string\"}}],\"inLanguage\":\"es\"},{\"@type\":\"Organization\",\"@id\":\"https:\\\/\\\/medianeeds.es\\\/#organization\",\"name\":\"M\u00e0rketing Reus | Media Needs Reus | Ag\u00e8ncia de publicitat Reus\",\"alternateName\":\"Media Needs\",\"url\":\"https:\\\/\\\/medianeeds.es\\\/\",\"logo\":{\"@type\":\"ImageObject\",\"inLanguage\":\"es\",\"@id\":\"https:\\\/\\\/medianeeds.es\\\/#\\\/schema\\\/logo\\\/image\\\/\",\"url\":\"https:\\\/\\\/medianeeds.es\\\/wp-content\\\/uploads\\\/2024\\\/06\\\/COLOR_Mesa-de-trabajo-1-copia.png\",\"contentUrl\":\"https:\\\/\\\/medianeeds.es\\\/wp-content\\\/uploads\\\/2024\\\/06\\\/COLOR_Mesa-de-trabajo-1-copia.png\",\"width\":470,\"height\":226,\"caption\":\"M\u00e0rketing Reus | Media Needs Reus | Ag\u00e8ncia de publicitat Reus\"},\"image\":{\"@id\":\"https:\\\/\\\/medianeeds.es\\\/#\\\/schema\\\/logo\\\/image\\\/\"},\"sameAs\":[\"https:\\\/\\\/www.facebook.com\\\/medianeeds.es\\\/\",\"https:\\\/\\\/x.com\\\/media_needs\",\"https:\\\/\\\/www.instagram.com\\\/medianeeds\\\/?hl=es\"]}]}<\/script>\n<!-- \/ Yoast SEO plugin. -->","yoast_head_json":{"title":"social media - M\u00e0rketing Reus | Media Needs Reus | Ag\u00e8ncia de publicitat Reus","robots":{"index":"index","follow":"follow","max-snippet":"max-snippet:-1","max-image-preview":"max-image-preview:large","max-video-preview":"max-video-preview:-1"},"canonical":"https:\/\/medianeeds.es\/wp-content\/uploads\/2023\/03\/medios-comunicacion-social-scaled.jpg","og_locale":"es_ES","og_type":"article","og_title":"social media - M\u00e0rketing Reus | Media Needs Reus | Ag\u00e8ncia de publicitat Reus","og_description":"businessmen walking at big plasma panel with social media on wall","og_url":"https:\/\/medianeeds.es\/wp-content\/uploads\/2023\/03\/medios-comunicacion-social-scaled.jpg","og_site_name":"M\u00e0rketing Reus | Media Needs Reus | Ag\u00e8ncia de publicitat Reus","article_publisher":"https:\/\/www.facebook.com\/medianeeds.es\/","og_image":[{"width":2560,"height":1761,"url":"https:\/\/medianeeds.es\/wp-content\/uploads\/2023\/03\/medios-comunicacion-social-scaled.jpg","type":"image\/jpeg"}],"schema":{"@context":"https:\/\/schema.org","@graph":[{"@type":"WebPage","@id":"https:\/\/medianeeds.es\/wp-content\/uploads\/2023\/03\/medios-comunicacion-social-scaled.jpg","url":"https:\/\/medianeeds.es\/wp-content\/uploads\/2023\/03\/medios-comunicacion-social-scaled.jpg","name":"social media - M\u00e0rketing Reus | Media Needs Reus | Ag\u00e8ncia de publicitat Reus","isPartOf":{"@id":"https:\/\/medianeeds.es\/#website"},"datePublished":"2023-03-02T10:02:18+00:00","breadcrumb":{"@id":"https:\/\/medianeeds.es\/wp-content\/uploads\/2023\/03\/medios-comunicacion-social-scaled.jpg#breadcrumb"},"inLanguage":"es","potentialAction":[{"@type":"ReadAction","target":["https:\/\/medianeeds.es\/wp-content\/uploads\/2023\/03\/medios-comunicacion-social-scaled.jpg"]}]},{"@type":"BreadcrumbList","@id":"https:\/\/medianeeds.es\/wp-content\/uploads\/2023\/03\/medios-comunicacion-social-scaled.jpg#breadcrumb","itemListElement":[{"@type":"ListItem","position":1,"name":"Portada","item":"https:\/\/medianeeds.es\/"},{"@type":"ListItem","position":2,"name":"Las redes sociales como escaparate de un negocio","item":"https:\/\/medianeeds.es\/es\/las-redes-sociales-como-escaparate-de-un-negocio\/"},{"@type":"ListItem","position":3,"name":"social media"}]},{"@type":"WebSite","@id":"https:\/\/medianeeds.es\/#website","url":"https:\/\/medianeeds.es\/","name":"M\u00e0rketing Reus | Media Needs Reus | Ag\u00e8ncia de publicitat Reus","description":"MediaNeeds \u00e9s una empresa especialitzada en serveis integrals de publicitat, m\u00e0rqueting on-line i community manager a Reus, Tarragona","publisher":{"@id":"https:\/\/medianeeds.es\/#organization"},"alternateName":"Media Needs","potentialAction":[{"@type":"SearchAction","target":{"@type":"EntryPoint","urlTemplate":"https:\/\/medianeeds.es\/?s={search_term_string}"},"query-input":{"@type":"PropertyValueSpecification","valueRequired":true,"valueName":"search_term_string"}}],"inLanguage":"es"},{"@type":"Organization","@id":"https:\/\/medianeeds.es\/#organization","name":"M\u00e0rketing Reus | Media Needs Reus | Ag\u00e8ncia de publicitat Reus","alternateName":"Media Needs","url":"https:\/\/medianeeds.es\/","logo":{"@type":"ImageObject","inLanguage":"es","@id":"https:\/\/medianeeds.es\/#\/schema\/logo\/image\/","url":"https:\/\/medianeeds.es\/wp-content\/uploads\/2024\/06\/COLOR_Mesa-de-trabajo-1-copia.png","contentUrl":"https:\/\/medianeeds.es\/wp-content\/uploads\/2024\/06\/COLOR_Mesa-de-trabajo-1-copia.png","width":470,"height":226,"caption":"M\u00e0rketing Reus | Media Needs Reus | Ag\u00e8ncia de publicitat Reus"},"image":{"@id":"https:\/\/medianeeds.es\/#\/schema\/logo\/image\/"},"sameAs":["https:\/\/www.facebook.com\/medianeeds.es\/","https:\/\/x.com\/media_needs","https:\/\/www.instagram.com\/medianeeds\/?hl=es"]}]}},"description":{"rendered":"<p class=\"attachment\"><a href='https:\/\/medianeeds.es\/wp-content\/uploads\/2023\/03\/medios-comunicacion-social-scaled.jpg'><img loading=\"lazy\" decoding=\"async\" width=\"300\" height=\"206\" src=\"https:\/\/medianeeds.es\/wp-content\/uploads\/2023\/03\/medios-comunicacion-social-300x206.jpg\" class=\"attachment-medium size-medium\" alt=\"\" \/><\/a><\/p>\n"},"caption":{"rendered":"<p>businessmen walking at big plasma panel with social media on wall<\/p>\n"},"alt_text":"","media_type":"image","mime_type":"image\/jpeg","media_details":{"width":2560,"height":1761,"file":"2023\/03\/medios-comunicacion-social-scaled.jpg","filesize":757355,"sizes":{"medium":{"file":"medios-comunicacion-social-300x206.jpg","width":300,"height":206,"filesize":18791,"mime_type":"image\/jpeg","source_url":"https:\/\/medianeeds.es\/wp-content\/uploads\/2023\/03\/medios-comunicacion-social-300x206.jpg"},"large":{"file":"medios-comunicacion-social-1024x705.jpg","width":1024,"height":705,"filesize":161275,"mime_type":"image\/jpeg","source_url":"https:\/\/medianeeds.es\/wp-content\/uploads\/2023\/03\/medios-comunicacion-social-1024x705.jpg"},"thumbnail":{"file":"medios-comunicacion-social-150x150.jpg","width":150,"height":150,"filesize":9344,"mime_type":"image\/jpeg","source_url":"https:\/\/medianeeds.es\/wp-content\/uploads\/2023\/03\/medios-comunicacion-social-150x150.jpg"},"medium_large":{"file":"medios-comunicacion-social-768x528.jpg","width":768,"height":528,"filesize":94602,"mime_type":"image\/jpeg","source_url":"https:\/\/medianeeds.es\/wp-content\/uploads\/2023\/03\/medios-comunicacion-social-768x528.jpg"},"1536x1536":{"file":"medios-comunicacion-social-1536x1057.jpg","width":1536,"height":1057,"filesize":325423,"mime_type":"image\/jpeg","source_url":"https:\/\/medianeeds.es\/wp-content\/uploads\/2023\/03\/medios-comunicacion-social-1536x1057.jpg"},"2048x2048":{"file":"medios-comunicacion-social-2048x1409.jpg","width":2048,"height":1409,"filesize":530215,"mime_type":"image\/jpeg","source_url":"https:\/\/medianeeds.es\/wp-content\/uploads\/2023\/03\/medios-comunicacion-social-2048x1409.jpg"},"et-pb-post-main-image":{"file":"medios-comunicacion-social-400x250.jpg","width":400,"height":250,"filesize":29222,"mime_type":"image\/jpeg","source_url":"https:\/\/medianeeds.es\/wp-content\/uploads\/2023\/03\/medios-comunicacion-social-400x250.jpg"},"et-pb-post-main-image-fullwidth":{"file":"medios-comunicacion-social-1080x675.jpg","width":1080,"height":675,"filesize":161563,"mime_type":"image\/jpeg","source_url":"https:\/\/medianeeds.es\/wp-content\/uploads\/2023\/03\/medios-comunicacion-social-1080x675.jpg"},"et-pb-portfolio-image":{"file":"medios-comunicacion-social-400x284.jpg","width":400,"height":284,"filesize":32067,"mime_type":"image\/jpeg","source_url":"https:\/\/medianeeds.es\/wp-content\/uploads\/2023\/03\/medios-comunicacion-social-400x284.jpg"},"et-pb-portfolio-module-image":{"file":"medios-comunicacion-social-510x382.jpg","width":510,"height":382,"filesize":49888,"mime_type":"image\/jpeg","source_url":"https:\/\/medianeeds.es\/wp-content\/uploads\/2023\/03\/medios-comunicacion-social-510x382.jpg"},"et-pb-portfolio-image-single":{"file":"medios-comunicacion-social-1080x743.jpg","width":1080,"height":743,"filesize":175930,"mime_type":"image\/jpeg","source_url":"https:\/\/medianeeds.es\/wp-content\/uploads\/2023\/03\/medios-comunicacion-social-1080x743.jpg"},"et-pb-gallery-module-image-portrait":{"file":"medios-comunicacion-social-400x516.jpg","width":400,"height":516,"filesize":55935,"mime_type":"image\/jpeg","source_url":"https:\/\/medianeeds.es\/wp-content\/uploads\/2023\/03\/medios-comunicacion-social-400x516.jpg"},"et-pb-post-main-image-fullwidth-large":{"file":"medios-comunicacion-social-2880x1800.jpg","width":2880,"height":1800,"filesize":810239,"mime_type":"image\/jpeg","source_url":"https:\/\/medianeeds.es\/wp-content\/uploads\/2023\/03\/medios-comunicacion-social-2880x1800.jpg"},"et-pb-image--responsive--desktop":{"file":"medios-comunicacion-social-1280x881.jpg","width":1280,"height":881,"filesize":237264,"mime_type":"image\/jpeg","source_url":"https:\/\/medianeeds.es\/wp-content\/uploads\/2023\/03\/medios-comunicacion-social-1280x881.jpg"},"et-pb-image--responsive--tablet":{"file":"medios-comunicacion-social-980x674.jpg","width":980,"height":674,"filesize":148467,"mime_type":"image\/jpeg","source_url":"https:\/\/medianeeds.es\/wp-content\/uploads\/2023\/03\/medios-comunicacion-social-980x674.jpg"},"et-pb-image--responsive--phone":{"file":"medios-comunicacion-social-480x330.jpg","width":480,"height":330,"filesize":42139,"mime_type":"image\/jpeg","source_url":"https:\/\/medianeeds.es\/wp-content\/uploads\/2023\/03\/medios-comunicacion-social-480x330.jpg"},"full":{"file":"medios-comunicacion-social-scaled.jpg","width":2560,"height":1761,"mime_type":"image\/jpeg","source_url":"https:\/\/medianeeds.es\/wp-content\/uploads\/2023\/03\/medios-comunicacion-social-scaled.jpg"}},"image_meta":{"aperture":"7.1","credit":"","camera":"NIKON D90","caption":"businessmen walking at big plasma panel with social media on wall","created_timestamp":"1371662921","copyright":"","focal_length":"35","iso":"200","shutter_speed":"0.016666666666667","title":"social media","orientation":"1","keywords":["business","teaching","tv","hand","men","social media","media","web","internet","solution","idea","concept","lamp","lightbulb","symbol","sign","success","male","human","manager","person","seminar","summit","marketing","office","wall","room","interior","floor","wooden","communication","computer","digital","display","electronics","hdtv","liquid-crystal","monitor","panel","plasma","screen","technology","television","walking","briefcase"]},"original_image":"medios-comunicacion-social.jpg"},"post":17512,"source_url":"https:\/\/medianeeds.es\/wp-content\/uploads\/2023\/03\/medios-comunicacion-social-scaled.jpg","_links":{"self":[{"href":"https:\/\/medianeeds.es\/es\/wp-json\/wp\/v2\/media\/17505","targetHints":{"allow":["GET"]}}],"collection":[{"href":"https:\/\/medianeeds.es\/es\/wp-json\/wp\/v2\/media"}],"about":[{"href":"https:\/\/medianeeds.es\/es\/wp-json\/wp\/v2\/types\/attachment"}],"author":[{"embeddable":true,"href":"https:\/\/medianeeds.es\/es\/wp-json\/wp\/v2\/users\/1"}],"wp:attached-to":[{"embeddable":true,"post_type":"post","id":17512,"href":"https:\/\/medianeeds.es\/es\/wp-json\/wp\/v2\/posts\/17512"}],"curies":[{"name":"wp","href":"https:\/\/api.w.org\/{rel}","templated":true}]}}