{"version":"1.0","provider_name":"M\u00e0rketing Reus | Media Needs Reus | Ag\u00e8ncia de publicitat Reus","provider_url":"https:\/\/medianeeds.es\/es\/","author_name":"Medianeeds","author_url":"https:\/\/medianeeds.es\/es\/author\/medianeeds\/","title":"V\u00eddeo corporativo Predimed Plus | Media Needs - Marketing Reus","type":"rich","width":600,"height":338,"html":"<blockquote class=\"wp-embedded-content\" data-secret=\"eXxwQQGm39\"><a href=\"https:\/\/medianeeds.es\/es\/video-corporativo-predimed-plus\/\">V\u00eddeo corporativo Predimed Plus<\/a><\/blockquote><iframe sandbox=\"allow-scripts\" security=\"restricted\" src=\"https:\/\/medianeeds.es\/es\/video-corporativo-predimed-plus\/embed\/#?secret=eXxwQQGm39\" width=\"600\" height=\"338\" title=\"\u00abV\u00eddeo corporativo Predimed Plus\u00bb \u2014 M\u00e0rketing Reus | Media Needs Reus | Ag\u00e8ncia de publicitat Reus\" data-secret=\"eXxwQQGm39\" frameborder=\"0\" marginwidth=\"0\" marginheight=\"0\" scrolling=\"no\" class=\"wp-embedded-content\"><\/iframe><script type=\"text\/javascript\">\n\/* <![CDATA[ *\/\n\/*! This file is auto-generated *\/\n!function(d,l){\"use strict\";l.querySelector&&d.addEventListener&&\"undefined\"!=typeof URL&&(d.wp=d.wp||{},d.wp.receiveEmbedMessage||(d.wp.receiveEmbedMessage=function(e){var t=e.data;if((t||t.secret||t.message||t.value)&&!\/[^a-zA-Z0-9]\/.test(t.secret)){for(var s,r,n,a=l.querySelectorAll('iframe[data-secret=\"'+t.secret+'\"]'),o=l.querySelectorAll('blockquote[data-secret=\"'+t.secret+'\"]'),c=new RegExp(\"^https?:$\",\"i\"),i=0;i<o.length;i++)o[i].style.display=\"none\";for(i=0;i<a.length;i++)s=a[i],e.source===s.contentWindow&&(s.removeAttribute(\"style\"),\"height\"===t.message?(1e3<(r=parseInt(t.value,10))?r=1e3:~~r<200&&(r=200),s.height=r):\"link\"===t.message&&(r=new URL(s.getAttribute(\"src\")),n=new URL(t.value),c.test(n.protocol))&&n.host===r.host&&l.activeElement===s&&(d.top.location.href=t.value))}},d.addEventListener(\"message\",d.wp.receiveEmbedMessage,!1),l.addEventListener(\"DOMContentLoaded\",function(){for(var e,t,s=l.querySelectorAll(\"iframe.wp-embedded-content\"),r=0;r<s.length;r++)(t=(e=s[r]).getAttribute(\"data-secret\"))||(t=Math.random().toString(36).substring(2,12),e.src+=\"#?secret=\"+t,e.setAttribute(\"data-secret\",t)),e.contentWindow.postMessage({message:\"ready\",secret:t},\"*\")},!1)))}(window,document);\n\/\/# sourceURL=https:\/\/medianeeds.es\/wp-includes\/js\/wp-embed.min.js\n\/* ]]> *\/\n<\/script>\n","thumbnail_url":"https:\/\/medianeeds.es\/wp-content\/uploads\/2018\/05\/PREDIMED-PLUS.png","thumbnail_width":997,"thumbnail_height":629,"description":"V\u00eddeo corporativo Predimed Plus | Desde Media Needs hemos tenido la suerte de participar en este proyecto con la elaboraci\u00f3n del montaje audiovisual de la campa\u00f1a. Hablamos del mayor reto de investigaci\u00f3n sobre nutrici\u00f3n que se ha realizado en Espa\u00f1a."}